{"id":16878,"date":"2023-04-12T17:28:00","date_gmt":"2023-04-12T15:28:00","guid":{"rendered":"https:\/\/polaris.aretis-staging.ch\/preisverleihung\/13-preisverleihung-2022-copy\/"},"modified":"2024-04-05T15:24:19","modified_gmt":"2024-04-05T13:24:19","slug":"13-preisverleihung-2","status":"publish","type":"page","link":"https:\/\/polaris-stiftung.ch\/fr\/remise-des-prix\/13-preisverleihung-2\/","title":{"rendered":"14e c\u00e9r\u00e9monie de remise des prix 2023"},"content":{"rendered":"<div class='clear'><\/div><div id='sub_menu1'  class='av-submenu-container av-ktbbap1z-b3da2b12b93cfe638cc6aebce3352b5a main_color  avia-builder-el-0  el_before_av_section  avia-builder-el-first  av-sticky-submenu container_wrap fullsize' style='z-index:301' ><div class='container av-menu-mobile-disabled av-submenu-pos-center'><ul id=\"menu-preisverleihung\" class=\"av-subnav-menu\" role=\"menu\"><li role=\"menuitem\" id=\"menu-item-18649\" class=\"menu-item menu-item-type-post_type menu-item-object-page menu-item-top-level menu-item-top-level-1\"><a href=\"https:\/\/polaris-stiftung.ch\/fr\/17-remise-des-prix-2026\/\" tabindex=\"0\"><span class=\"avia-bullet\"><\/span><span class=\"avia-menu-text\">2026<\/span><span class=\"avia-menu-fx\"><span class=\"avia-arrow-wrap\"><span class=\"avia-arrow\"><\/span><\/span><\/span><\/a><\/li>\n<li role=\"menuitem\" id=\"menu-item-18176\" class=\"menu-item menu-item-type-post_type menu-item-object-page menu-item-top-level menu-item-top-level-2\"><a href=\"https:\/\/polaris-stiftung.ch\/fr\/remise-des-prix\/16-remise-des-prix-2025\/\" tabindex=\"0\"><span class=\"avia-bullet\"><\/span><span class=\"avia-menu-text\">2025<\/span><span class=\"avia-menu-fx\"><span class=\"avia-arrow-wrap\"><span class=\"avia-arrow\"><\/span><\/span><\/span><\/a><\/li>\n<li role=\"menuitem\" id=\"menu-item-17590\" class=\"menu-item menu-item-type-post_type menu-item-object-page menu-item-top-level menu-item-top-level-3\"><a href=\"https:\/\/polaris-stiftung.ch\/fr\/remise-des-prix\/13-preisverleihung-3\/\" tabindex=\"0\"><span class=\"avia-bullet\"><\/span><span class=\"avia-menu-text\">2024<\/span><span class=\"avia-menu-fx\"><span class=\"avia-arrow-wrap\"><span class=\"avia-arrow\"><\/span><\/span><\/span><\/a><\/li>\n<li role=\"menuitem\" id=\"menu-item-15806\" class=\"menu-item menu-item-type-post_type menu-item-object-page menu-item-top-level menu-item-top-level-4\"><a href=\"https:\/\/polaris-stiftung.ch\/fr\/remise-des-prix\/archives-des-prix\/\" tabindex=\"0\"><span class=\"avia-bullet\"><\/span><span class=\"avia-menu-text\">Archives<\/span><span class=\"avia-menu-fx\"><span class=\"avia-arrow-wrap\"><span class=\"avia-arrow\"><\/span><\/span><\/span><\/a><\/li>\n<\/ul><\/div><\/div><div class='sticky_placeholder'><\/div>\n<div id='av_section_1'  class='avia-section av-w1ny8t-0e2f51204f23325daa1d9499cc830538 main_color avia-section-large avia-no-border-styling  avia-builder-el-1  el_after_av_submenu  el_before_av_section  avia-bg-style-scroll container_wrap fullsize'  ><div class='container av-section-cont-open' ><div class='template-page content  av-content-full alpha units'><div class='post-entry post-entry-type-page post-entry-16878'><div class='entry-content-wrapper clearfix'>\n\n<style type=\"text\/css\" data-created_by=\"avia_inline_auto\" id=\"style-css-av-ktbf9fh4-b597d9e97d8a40b41f5ff13cef44401a\">\n.flex_column.av-ktbf9fh4-b597d9e97d8a40b41f5ff13cef44401a{\nborder-radius:0px 0px 0px 0px;\npadding:0px 0px 0px 0px;\n}\n<\/style>\n<div  class='flex_column av-ktbf9fh4-b597d9e97d8a40b41f5ff13cef44401a av_one_full  avia-builder-el-2  avia-builder-el-no-sibling  first flex_column_div av-animated-generic pop-up av-zero-column-padding'     ><p>\n<style type=\"text\/css\" data-created_by=\"avia_inline_auto\" id=\"style-css-av-ktbaoun0-d7b7a1407c57497220bd60084ad767ea\">\n.av_font_icon.av-ktbaoun0-d7b7a1407c57497220bd60084ad767ea .av-icon-char{\nfont-size:50px;\nline-height:50px;\n}\n<\/style>\n<span  class='av_font_icon av-ktbaoun0-d7b7a1407c57497220bd60084ad767ea avia_animate_when_visible av-icon-style- avia-icon-pos-center avia-iconfont avia-font-entypo-fontello av-no-color avia-icon-animate'><span class='av-icon-char' data-av_icon='\ue8a8' data-av_iconfont='entypo-fontello' aria-hidden=\"true\" ><\/span><\/span><br \/>\n\n<style type=\"text\/css\" data-created_by=\"avia_inline_auto\" id=\"style-css-av-ss9aln-ad9fbcadb49ae87d56364c1962045b46\">\n#top .av-special-heading.av-ss9aln-ad9fbcadb49ae87d56364c1962045b46{\npadding-bottom:30px;\n}\nbody .av-special-heading.av-ss9aln-ad9fbcadb49ae87d56364c1962045b46 .av-special-heading-tag .heading-char{\nfont-size:25px;\n}\n.av-special-heading.av-ss9aln-ad9fbcadb49ae87d56364c1962045b46 .av-subheading{\nfont-size:30px;\n}\n<\/style>\n<div  class='av-special-heading av-ss9aln-ad9fbcadb49ae87d56364c1962045b46 av-special-heading-h1 blockquote modern-quote modern-centered  avia-builder-el-4  el_after_av_font_icon  el_before_av_hr  av-linked-heading'><h1 class='av-special-heading-tag'  >14e c\u00e9r\u00e9monie de remise des prix 2023<\/h1><div class='av-subheading av-subheading_below'><p>6 d\u00e9butants* et deux entreprises formatrices ont \u00e9t\u00e9 r\u00e9compens\u00e9s<\/p>\n<\/div><div class=\"special-heading-border\"><div class=\"special-heading-inner-border\"><\/div><\/div><\/div><br \/>\n\n<style type=\"text\/css\" data-created_by=\"avia_inline_auto\" id=\"style-css-av-wmo4xo-e72941015c359dbc7803628033a45693\">\n#top .hr.av-wmo4xo-e72941015c359dbc7803628033a45693{\nmargin-top:5px;\nmargin-bottom:40px;\n}\n.hr.av-wmo4xo-e72941015c359dbc7803628033a45693 .hr-inner{\nwidth:150px;\nborder-color:#0088bc;\n}\n<\/style>\n<div  class='hr av-wmo4xo-e72941015c359dbc7803628033a45693 hr-custom  avia-builder-el-5  el_after_av_heading  avia-builder-el-last  trennlinie_punkt hr-center hr-icon-no'><span class='hr-inner inner-border-av-border-fat'><span class=\"hr-inner-style\"><\/span><\/span><\/div><\/p><\/div>\n\n<\/div><\/div><\/div><!-- close content main div --><\/div><\/div>\n<style type=\"text\/css\" data-created_by=\"avia_inline_auto\" id=\"style-css-av-30xqkc4-a97e7929a094aa3bac01da3a1241f046\">\n.avia-section.av-30xqkc4-a97e7929a094aa3bac01da3a1241f046{\nbackground-color:#ffffff;\nbackground-image:unset;\n}\n<\/style>\n<div id='av_section_2'  class='avia-section av-30xqkc4-a97e7929a094aa3bac01da3a1241f046 alternate_color avia-section-large avia-no-border-styling  avia-builder-el-6  el_after_av_section  el_before_av_section  avia-bg-style-scroll container_wrap fullsize'  ><div class='container av-section-cont-open' ><div class='template-page content  av-content-full alpha units'><div class='post-entry post-entry-type-page post-entry-16878'><div class='entry-content-wrapper clearfix'>\n\n<style type=\"text\/css\" data-created_by=\"avia_inline_auto\" id=\"style-css-av-2rnio6s-764c360573860403bc65d685b0fbb922\">\n.flex_column.av-2rnio6s-764c360573860403bc65d685b0fbb922{\nborder-radius:0px 0px 0px 0px;\npadding:45px 0px 0px 0px;\n}\n<\/style>\n<div  class='flex_column av-2rnio6s-764c360573860403bc65d685b0fbb922 av_one_half  avia-builder-el-7  el_before_av_one_half  avia-builder-el-first  first flex_column_div av-animated-generic top-to-bottom'     ><p>\n<style type=\"text\/css\" data-created_by=\"avia_inline_auto\" id=\"style-css-av-11m8wsr-46ca58449e62649604aa756f59662e23\">\n#top .av-special-heading.av-11m8wsr-46ca58449e62649604aa756f59662e23{\npadding-bottom:20px;\n}\nbody .av-special-heading.av-11m8wsr-46ca58449e62649604aa756f59662e23 .av-special-heading-tag .heading-char{\nfont-size:25px;\n}\n.av-special-heading.av-11m8wsr-46ca58449e62649604aa756f59662e23 .av-subheading{\nfont-size:15px;\n}\n\n@media only screen and (max-width: 479px){ \n#top #wrap_all .av-special-heading.av-11m8wsr-46ca58449e62649604aa756f59662e23 .av-special-heading-tag{\nfont-size:16px;\n}\n}\n<\/style>\n<div  class='av-special-heading av-11m8wsr-46ca58449e62649604aa756f59662e23 av-special-heading-h3  avia-builder-el-8  el_before_av_textblock  avia-builder-el-first'><h3 class='av-special-heading-tag'  >\"Toute vie r\u00e9elle est une rencontre !\"<\/h3><div class=\"special-heading-border\"><div class=\"special-heading-inner-border\"><\/div><\/div><\/div><br \/>\n<section  class='av_textblock_section av-2oq3ntg-3291fe55ec9d333e77de168b59395956'  ><div class='avia_textblock' ><p><span class='av_dropcap1 av-av_dropcap1-3cd9da5fea0ef5fb27aee617571c39a3'>M<\/span>n citant le philosophe Martin Buber, la vice-pr\u00e9sidente de la fondation, Dr. h.c. Eva Jaisli a pour sa part soulign\u00e9 l'importance \u00e9motionnelle de la remise du prix polaris. La p\u00e9riode de disette des trois rencontres annul\u00e9es en raison de la pand\u00e9mie a \u00e9t\u00e9 longue - le moment o\u00f9 l'on peut \u00e0 nouveau rencontrer personnellement les jeunes gens qui ont r\u00e9ussi et les f\u00e9liciter est d'autant plus beau. Elle a li\u00e9 le th\u00e8me de la rencontre \u00e0 celui du respect et de l'estime dans les rapports quotidiens avec les gens : \"Nous avons besoin d'interagir de mani\u00e8re constructive avec d'autres personnes. Si nous y parvenons, le respect, la consid\u00e9ration et la reconnaissance sont pratiquement toujours de la partie\".<\/p>\n<\/div><\/section><\/p><\/div>\n<style type=\"text\/css\" data-created_by=\"avia_inline_auto\" id=\"style-css-av-2rnio6s-15-bde0a3094c86d22c3f3bd3a3f833171d\">\n.flex_column.av-2rnio6s-15-bde0a3094c86d22c3f3bd3a3f833171d{\nborder-radius:0px 0px 0px 0px;\npadding:45px 0px 0px 0px;\n}\n<\/style>\n<div  class='flex_column av-2rnio6s-15-bde0a3094c86d22c3f3bd3a3f833171d av_one_half  avia-builder-el-10  el_after_av_one_half  el_before_av_one_full  flex_column_div av-animated-generic top-to-bottom'     ><p>\n<style type=\"text\/css\" data-created_by=\"avia_inline_auto\" id=\"style-css-av-m5c1jf-1c5e9a07041a0b36f8d0f17594a28bb9\">\n#top .av-special-heading.av-m5c1jf-1c5e9a07041a0b36f8d0f17594a28bb9{\npadding-bottom:20px;\n}\nbody .av-special-heading.av-m5c1jf-1c5e9a07041a0b36f8d0f17594a28bb9 .av-special-heading-tag .heading-char{\nfont-size:25px;\n}\n.av-special-heading.av-m5c1jf-1c5e9a07041a0b36f8d0f17594a28bb9 .av-subheading{\nfont-size:15px;\n}\n\n@media only screen and (max-width: 479px){ \n#top #wrap_all .av-special-heading.av-m5c1jf-1c5e9a07041a0b36f8d0f17594a28bb9 .av-special-heading-tag{\nfont-size:16px;\n}\n}\n<\/style>\n<div  class='av-special-heading av-m5c1jf-1c5e9a07041a0b36f8d0f17594a28bb9 av-special-heading-h3  avia-builder-el-11  el_before_av_textblock  avia-builder-el-first'><h3 class='av-special-heading-tag'  >La reconnaissance comme valeur<\/h3><div class=\"special-heading-border\"><div class=\"special-heading-inner-border\"><\/div><\/div><\/div><br \/>\n<section  class='av_textblock_section av-2oq3ntg-14-d95eac11a43b41b67321aa17b1e260df'  ><div class='avia_textblock' ><p><span class='av_dropcap1 av-av_dropcap1-3cd9da5fea0ef5fb27aee617571c39a3'>L<\/span>e conseiller de la fondation, Karl Steiner, a d\u00e9cern\u00e9 cette ann\u00e9e les f\u00e9licitations aux entreprises particuli\u00e8rement engag\u00e9es dans la formation en m\u00e9nage et en quincaillerie. Dans son discours, il a \u00e9galement abord\u00e9 le th\u00e8me de la rencontre et de l'estime et a particuli\u00e8rement mis en lumi\u00e8re la double valeur de la reconnaissance : \"Avec notre reconnaissance, nous offrons aux personnes f\u00e9licit\u00e9es une confirmation et de l'estime, et donc une raison de se r\u00e9jouir. Et celui qui loue sinc\u00e8rement a bien s\u00fbr une raison de le faire \u00e0 son tour - et donc une raison de se r\u00e9jouir lui-m\u00eame !\" Oui, et le jeune duo de musiciens \"Hanna &amp; No\u00e9\" a \u00e9galement fait et r\u00e9colt\u00e9 de la joie, en mettant en valeur la remise des prix de cette ann\u00e9e avec sa guitare et son chant, ses propres compositions et des chansons reprises.<\/p>\n<\/div><\/section><\/p><\/div>\n<style type=\"text\/css\" data-created_by=\"avia_inline_auto\" id=\"style-css-av-w37ogo-cdd30eda6903fb3d748962ee71f519d1\">\n#top .flex_column.av-w37ogo-cdd30eda6903fb3d748962ee71f519d1{\nmargin-top:25px;\nmargin-bottom:0px;\n}\n.flex_column.av-w37ogo-cdd30eda6903fb3d748962ee71f519d1{\nborder-radius:0px 0px 0px 0px;\npadding:0px 0px 0px 0px;\n}\n.responsive #top #wrap_all .flex_column.av-w37ogo-cdd30eda6903fb3d748962ee71f519d1{\nmargin-top:25px;\nmargin-bottom:0px;\n}\n<\/style>\n<div  class='flex_column av-w37ogo-cdd30eda6903fb3d748962ee71f519d1 av_one_full  avia-builder-el-13  el_after_av_one_half  avia-builder-el-last  first flex_column_div av-animated-generic pop-up av-zero-column-padding  column-top-margin'     ><div  class='avia-button-wrap av-kz2q8rqn-a12129716ac66a70a170ae46de3832bb-wrap avia-button-center  avia-builder-el-14  avia-builder-el-no-sibling'><a href='https:\/\/polaris-stiftung.ch\/wp-content\/uploads\/Preisverleihung-polaris-v.03.04.23.pdf'  class='avia-button av-kz2q8rqn-a12129716ac66a70a170ae46de3832bb av-link-btn avia-icon_select-yes-left-icon avia-size-large avia-position-center avia-color-theme-color'  target=\"_blank\"  rel=\"noopener noreferrer\"  aria-label=\"Plus d&#039;infos\"><span class='avia_button_icon avia_button_icon_left avia-iconfont avia-font-entypo-fontello' data-av_icon='\ue832' data-av_iconfont='entypo-fontello' ><\/span><span class='avia_iconbox_title' >Plus d'infos<\/span><\/a><\/div><\/div><\/div><\/div><\/div><!-- close content main div --><\/div><\/div><div id='av_section_3'  class='avia-section av-9x1qdg-2e10cf7b8bc5981bb690f3b184b183cd main_color avia-section-huge avia-no-border-styling  avia-builder-el-15  el_after_av_section  el_before_av_section  avia-bg-style-scroll container_wrap fullsize'  ><div class='container av-section-cont-open' ><div class='template-page content  av-content-full alpha units'><div class='post-entry post-entry-type-page post-entry-16878'><div class='entry-content-wrapper clearfix'>\n\n<style type=\"text\/css\" data-created_by=\"avia_inline_auto\" id=\"style-css-av-kd7nor-323abc330805523fe5854af2ea1923b0\">\n#top .av-special-heading.av-kd7nor-323abc330805523fe5854af2ea1923b0{\npadding-bottom:30px;\n}\nbody .av-special-heading.av-kd7nor-323abc330805523fe5854af2ea1923b0 .av-special-heading-tag .heading-char{\nfont-size:25px;\n}\n.av-special-heading.av-kd7nor-323abc330805523fe5854af2ea1923b0 .av-subheading{\nfont-size:30px;\n}\n<\/style>\n<div  class='av-special-heading av-kd7nor-323abc330805523fe5854af2ea1923b0 av-special-heading-h2 blockquote modern-quote modern-centered  avia-builder-el-16  el_before_av_hr  avia-builder-el-first  av-linked-heading'><h2 class='av-special-heading-tag'  >Toutes nos f\u00e9licitations aux jeunes professionnels !<\/h2><div class=\"special-heading-border\"><div class=\"special-heading-inner-border\"><\/div><\/div><\/div>\n\n<style type=\"text\/css\" data-created_by=\"avia_inline_auto\" id=\"style-css-av-wmo4xo-16-514bbb53fa1613dab823b72ae0c4fc63\">\n#top .hr.av-wmo4xo-16-514bbb53fa1613dab823b72ae0c4fc63{\nmargin-top:5px;\nmargin-bottom:40px;\n}\n.hr.av-wmo4xo-16-514bbb53fa1613dab823b72ae0c4fc63 .hr-inner{\nwidth:150px;\nborder-color:#0088bc;\n}\n<\/style>\n<div  class='hr av-wmo4xo-16-514bbb53fa1613dab823b72ae0c4fc63 hr-custom  avia-builder-el-17  el_after_av_heading  el_before_av_heading  trennlinie_punkt hr-center hr-icon-no'><span class='hr-inner inner-border-av-border-fat'><span class=\"hr-inner-style\"><\/span><\/span><\/div>\n\n<style type=\"text\/css\" data-created_by=\"avia_inline_auto\" id=\"style-css-av-l1n9mgq8-979206bb20b91090de917976d9e8ad23\">\n#top .av-special-heading.av-l1n9mgq8-979206bb20b91090de917976d9e8ad23{\npadding-bottom:20px;\n}\nbody .av-special-heading.av-l1n9mgq8-979206bb20b91090de917976d9e8ad23 .av-special-heading-tag .heading-char{\nfont-size:25px;\n}\n.av-special-heading.av-l1n9mgq8-979206bb20b91090de917976d9e8ad23 .av-subheading{\nfont-size:15px;\n}\n<\/style>\n<div  class='av-special-heading av-l1n9mgq8-979206bb20b91090de917976d9e8ad23 av-special-heading-h3  avia-builder-el-18  el_after_av_hr  el_before_av_one_third'><h3 class='av-special-heading-tag'  >Jo\u00ebl B\u00fcrke de Winterthur<\/h3><div class=\"special-heading-border\"><div class=\"special-heading-inner-border\"><\/div><\/div><\/div>\n<div class='flex_column_table av-12eiz8l-6384209089cf3f37c3fe0a8f2ef194ce sc-av_one_third av-equal-height-column-flextable'>\n<style type=\"text\/css\" data-created_by=\"avia_inline_auto\" id=\"style-css-av-12eiz8l-6384209089cf3f37c3fe0a8f2ef194ce\">\n#top .flex_column_table.av-equal-height-column-flextable.av-12eiz8l-6384209089cf3f37c3fe0a8f2ef194ce{\nmargin-top:20px;\nmargin-bottom:0px;\n}\n.flex_column.av-12eiz8l-6384209089cf3f37c3fe0a8f2ef194ce{\nborder-radius:0px 0px 0px 0px;\npadding:0px 0px 0px 0px;\n}\n<\/style>\n<div  class='flex_column av-12eiz8l-6384209089cf3f37c3fe0a8f2ef194ce av_one_third  avia-builder-el-19  el_after_av_heading  el_before_av_two_third  first flex_column_table_cell av-equal-height-column av-align-top av-zero-column-padding'     ><style type=\"text\/css\" data-created_by=\"avia_inline_auto\" id=\"style-css-av-kt5ox7ms-cfcf12960ba2d1f84bc2ef4c4ab6db77\">\n.avia-image-container.av-kt5ox7ms-cfcf12960ba2d1f84bc2ef4c4ab6db77 img.avia_image{\nbox-shadow:none;\n}\n.avia-image-container.av-kt5ox7ms-cfcf12960ba2d1f84bc2ef4c4ab6db77 .av-image-caption-overlay-center{\ncolor:#ffffff;\n}\n<\/style>\n<div  class='avia-image-container av-kt5ox7ms-cfcf12960ba2d1f84bc2ef4c4ab6db77 av-styling- avia-align-left  avia-builder-el-20  avia-builder-el-no-sibling'  ><div class=\"avia-image-container-inner\"><div class=\"avia-image-overlay-wrap\"><img decoding=\"async\" fetchpriority=\"high\" class='wp-image-16855 avia-img-lazy-loading-not-16855 avia_image' src=\"https:\/\/polaris-stiftung.ch\/wp-content\/uploads\/Joel-Buerke-300x200.jpg\" alt='' title='Joel B\u00fcrke'  height=\"200\" width=\"300\" srcset=\"https:\/\/polaris-stiftung.ch\/wp-content\/uploads\/Joel-Buerke-300x200.jpg 300w, https:\/\/polaris-stiftung.ch\/wp-content\/uploads\/Joel-Buerke-1030x687.jpg 1030w, https:\/\/polaris-stiftung.ch\/wp-content\/uploads\/Joel-Buerke-768x512.jpg 768w, https:\/\/polaris-stiftung.ch\/wp-content\/uploads\/Joel-Buerke-18x12.jpg 18w, https:\/\/polaris-stiftung.ch\/wp-content\/uploads\/Joel-Buerke-705x470.jpg 705w, https:\/\/polaris-stiftung.ch\/wp-content\/uploads\/Joel-Buerke.jpg 1329w\" sizes=\"(max-width: 300px) 100vw, 300px\" \/><\/div><\/div><\/div><\/div><div class='av-flex-placeholder'><\/div>\n<style type=\"text\/css\" data-created_by=\"avia_inline_auto\" id=\"style-css-av-jgrif9-62c79b81d53e50d19ee3995efef34d9b\">\n#top .flex_column_table.av-equal-height-column-flextable.av-jgrif9-62c79b81d53e50d19ee3995efef34d9b{\nmargin-top:20px;\nmargin-bottom:0px;\n}\n.flex_column.av-jgrif9-62c79b81d53e50d19ee3995efef34d9b{\nborder-radius:0px 0px 0px 0px;\npadding:0px 0px 0px 0px;\n}\n<\/style>\n<div  class='flex_column av-jgrif9-62c79b81d53e50d19ee3995efef34d9b av_two_third  avia-builder-el-21  el_after_av_one_third  el_before_av_hr  flex_column_table_cell av-equal-height-column av-align-top av-zero-column-padding'     ><section  class='av_textblock_section av-kt5oy7f7-24a49d024f80a25feb778afd1e1d1e5d'  ><div class='avia_textblock' ><ul>\n<li>Ann\u00e9e de fin d'apprentissage 2022<\/li>\n<li>Gestionnaire du commerce de d\u00e9tail dans l'\u00e9lectrom\u00e9nager<\/li>\n<li>avec une note finale de 5,6<\/li>\n<li>Entreprise formatrice : K\u00fcche &amp; Haushalt AG, 8032 Z\u00fcrich<\/li>\n<\/ul>\n<\/div><\/section><\/div><\/div><!--close column table wrapper. Autoclose: 1 -->\n<style type=\"text\/css\" data-created_by=\"avia_inline_auto\" id=\"style-css-av-oqzi79-18e0dc3f0b0fb32a3050641877a8dcd4\">\n#top .hr.hr-invisible.av-oqzi79-18e0dc3f0b0fb32a3050641877a8dcd4{\nheight:30px;\n}\n<\/style>\n<div  class='hr av-oqzi79-18e0dc3f0b0fb32a3050641877a8dcd4 hr-invisible  avia-builder-el-23  el_after_av_two_third  el_before_av_heading'><span class='hr-inner'><span class=\"hr-inner-style\"><\/span><\/span><\/div>\n\n<style type=\"text\/css\" data-created_by=\"avia_inline_auto\" id=\"style-css-av-l1n9qqtg-566bf995e2d6f776b3ed87470c67c129\">\n#top .av-special-heading.av-l1n9qqtg-566bf995e2d6f776b3ed87470c67c129{\npadding-bottom:20px;\n}\nbody .av-special-heading.av-l1n9qqtg-566bf995e2d6f776b3ed87470c67c129 .av-special-heading-tag .heading-char{\nfont-size:25px;\n}\n.av-special-heading.av-l1n9qqtg-566bf995e2d6f776b3ed87470c67c129 .av-subheading{\nfont-size:15px;\n}\n<\/style>\n<div  class='av-special-heading av-l1n9qqtg-566bf995e2d6f776b3ed87470c67c129 av-special-heading-h3  avia-builder-el-24  el_after_av_hr  el_before_av_one_third'><h3 class='av-special-heading-tag'  >Jean-Marc H\u00eache de Thoune<\/h3><div class=\"special-heading-border\"><div class=\"special-heading-inner-border\"><\/div><\/div><\/div>\n\n<style type=\"text\/css\" data-created_by=\"avia_inline_auto\" id=\"style-css-av-12eiz8l-11-32c49d0fba67ee7f749648be743e0f9e\">\n#top .flex_column.av-12eiz8l-11-32c49d0fba67ee7f749648be743e0f9e{\nmargin-top:20px;\nmargin-bottom:0px;\n}\n.flex_column.av-12eiz8l-11-32c49d0fba67ee7f749648be743e0f9e{\nborder-radius:0px 0px 0px 0px;\npadding:0px 0px 0px 0px;\n}\n.responsive #top #wrap_all .flex_column.av-12eiz8l-11-32c49d0fba67ee7f749648be743e0f9e{\nmargin-top:20px;\nmargin-bottom:0px;\n}\n<\/style>\n<div  class='flex_column av-12eiz8l-11-32c49d0fba67ee7f749648be743e0f9e av_one_third  avia-builder-el-25  el_after_av_heading  el_before_av_two_third  first flex_column_div av-zero-column-padding'     ><style type=\"text\/css\" data-created_by=\"avia_inline_auto\" id=\"style-css-av-kt5ox7ms-10-7f2cd22ba5fdaf11147a3f42bbf7e93f\">\n.avia-image-container.av-kt5ox7ms-10-7f2cd22ba5fdaf11147a3f42bbf7e93f img.avia_image{\nbox-shadow:none;\n}\n.avia-image-container.av-kt5ox7ms-10-7f2cd22ba5fdaf11147a3f42bbf7e93f .av-image-caption-overlay-center{\ncolor:#ffffff;\n}\n<\/style>\n<div  class='avia-image-container av-kt5ox7ms-10-7f2cd22ba5fdaf11147a3f42bbf7e93f av-styling- avia-align-left  avia-builder-el-26  avia-builder-el-no-sibling'  ><div class=\"avia-image-container-inner\"><div class=\"avia-image-overlay-wrap\"><img decoding=\"async\" fetchpriority=\"high\" class='wp-image-16854 avia-img-lazy-loading-not-16854 avia_image' src=\"https:\/\/polaris-stiftung.ch\/wp-content\/uploads\/Jean-Marc-Heche-300x200.jpg\" alt='' title='Jean-Marc H\u00eache'  height=\"200\" width=\"300\" srcset=\"https:\/\/polaris-stiftung.ch\/wp-content\/uploads\/Jean-Marc-Heche-300x200.jpg 300w, https:\/\/polaris-stiftung.ch\/wp-content\/uploads\/Jean-Marc-Heche-1030x687.jpg 1030w, https:\/\/polaris-stiftung.ch\/wp-content\/uploads\/Jean-Marc-Heche-768x512.jpg 768w, https:\/\/polaris-stiftung.ch\/wp-content\/uploads\/Jean-Marc-Heche-18x12.jpg 18w, https:\/\/polaris-stiftung.ch\/wp-content\/uploads\/Jean-Marc-Heche-705x470.jpg 705w, https:\/\/polaris-stiftung.ch\/wp-content\/uploads\/Jean-Marc-Heche.jpg 1329w\" sizes=\"(max-width: 300px) 100vw, 300px\" \/><\/div><\/div><\/div><\/div>\n<style type=\"text\/css\" data-created_by=\"avia_inline_auto\" id=\"style-css-av-jgrif9-9-6081e9623a8621c8679ff5db9dc5af64\">\n#top .flex_column.av-jgrif9-9-6081e9623a8621c8679ff5db9dc5af64{\nmargin-top:20px;\nmargin-bottom:0px;\n}\n.flex_column.av-jgrif9-9-6081e9623a8621c8679ff5db9dc5af64{\nborder-radius:0px 0px 0px 0px;\npadding:0px 0px 0px 0px;\n}\n.responsive #top #wrap_all .flex_column.av-jgrif9-9-6081e9623a8621c8679ff5db9dc5af64{\nmargin-top:20px;\nmargin-bottom:0px;\n}\n<\/style>\n<div  class='flex_column av-jgrif9-9-6081e9623a8621c8679ff5db9dc5af64 av_two_third  avia-builder-el-27  el_after_av_one_third  el_before_av_hr  flex_column_div av-zero-column-padding'     ><section  class='av_textblock_section av-kt5oy7f7-8-8d1e57353855142c397cc14ca24ea9f8'  ><div class='avia_textblock' ><ul>\n<li>Ann\u00e9e de fin d'apprentissage 2022<\/li>\n<li>Gestionnaire du commerce de d\u00e9tail en quincaillerie<\/li>\n<li>avec une note finale de 5,5<\/li>\n<li>Entreprise formatrice : FERROFLEX Gerber-Stegmann AG, 3608 Thoune<\/li>\n<\/ul>\n<\/div><\/section><\/div>\n<style type=\"text\/css\" data-created_by=\"avia_inline_auto\" id=\"style-css-av-oqzi79-7-2165a2104c32463aa8df594b11bd06b4\">\n#top .hr.hr-invisible.av-oqzi79-7-2165a2104c32463aa8df594b11bd06b4{\nheight:30px;\n}\n<\/style>\n<div  class='hr av-oqzi79-7-2165a2104c32463aa8df594b11bd06b4 hr-invisible  avia-builder-el-29  el_after_av_two_third  el_before_av_heading'><span class='hr-inner'><span class=\"hr-inner-style\"><\/span><\/span><\/div>\n\n<style type=\"text\/css\" data-created_by=\"avia_inline_auto\" id=\"style-css-av-l1n9tf4a-e1e2c5e30f2e52987ecc9ccb0e72e7ee\">\n#top .av-special-heading.av-l1n9tf4a-e1e2c5e30f2e52987ecc9ccb0e72e7ee{\npadding-bottom:20px;\n}\nbody .av-special-heading.av-l1n9tf4a-e1e2c5e30f2e52987ecc9ccb0e72e7ee .av-special-heading-tag .heading-char{\nfont-size:25px;\n}\n.av-special-heading.av-l1n9tf4a-e1e2c5e30f2e52987ecc9ccb0e72e7ee .av-subheading{\nfont-size:15px;\n}\n<\/style>\n<div  class='av-special-heading av-l1n9tf4a-e1e2c5e30f2e52987ecc9ccb0e72e7ee av-special-heading-h3  avia-builder-el-30  el_after_av_hr  el_before_av_one_third'><h3 class='av-special-heading-tag'  >Flavia Kempf d'Isenthal<\/h3><div class=\"special-heading-border\"><div class=\"special-heading-inner-border\"><\/div><\/div><\/div>\n\n<style type=\"text\/css\" data-created_by=\"avia_inline_auto\" id=\"style-css-av-12eiz8l-6-24f9c5d4d88c61ce4b39d6c7e1b6aba3\">\n#top .flex_column.av-12eiz8l-6-24f9c5d4d88c61ce4b39d6c7e1b6aba3{\nmargin-top:20px;\nmargin-bottom:0px;\n}\n.flex_column.av-12eiz8l-6-24f9c5d4d88c61ce4b39d6c7e1b6aba3{\nborder-radius:0px 0px 0px 0px;\npadding:0px 0px 0px 0px;\n}\n.responsive #top #wrap_all .flex_column.av-12eiz8l-6-24f9c5d4d88c61ce4b39d6c7e1b6aba3{\nmargin-top:20px;\nmargin-bottom:0px;\n}\n<\/style>\n<div  class='flex_column av-12eiz8l-6-24f9c5d4d88c61ce4b39d6c7e1b6aba3 av_one_third  avia-builder-el-31  el_after_av_heading  el_before_av_two_third  first flex_column_div av-zero-column-padding'     ><style type=\"text\/css\" data-created_by=\"avia_inline_auto\" id=\"style-css-av-kt5ox7ms-5-d8d0260b564d9711b3f0e7d69e887fb4\">\n.avia-image-container.av-kt5ox7ms-5-d8d0260b564d9711b3f0e7d69e887fb4 img.avia_image{\nbox-shadow:none;\n}\n.avia-image-container.av-kt5ox7ms-5-d8d0260b564d9711b3f0e7d69e887fb4 .av-image-caption-overlay-center{\ncolor:#ffffff;\n}\n<\/style>\n<div  class='avia-image-container av-kt5ox7ms-5-d8d0260b564d9711b3f0e7d69e887fb4 av-styling- avia-align-left  avia-builder-el-32  avia-builder-el-no-sibling'  ><div class=\"avia-image-container-inner\"><div class=\"avia-image-overlay-wrap\"><img decoding=\"async\" fetchpriority=\"high\" class='wp-image-16852 avia-img-lazy-loading-not-16852 avia_image' src=\"https:\/\/polaris-stiftung.ch\/wp-content\/uploads\/Flavia-Kempf-300x200.jpg\" alt='' title='Flavia Kempf'  height=\"200\" width=\"300\" srcset=\"https:\/\/polaris-stiftung.ch\/wp-content\/uploads\/Flavia-Kempf-300x200.jpg 300w, https:\/\/polaris-stiftung.ch\/wp-content\/uploads\/Flavia-Kempf-1030x687.jpg 1030w, https:\/\/polaris-stiftung.ch\/wp-content\/uploads\/Flavia-Kempf-768x512.jpg 768w, https:\/\/polaris-stiftung.ch\/wp-content\/uploads\/Flavia-Kempf-18x12.jpg 18w, https:\/\/polaris-stiftung.ch\/wp-content\/uploads\/Flavia-Kempf-705x470.jpg 705w, https:\/\/polaris-stiftung.ch\/wp-content\/uploads\/Flavia-Kempf.jpg 1329w\" sizes=\"(max-width: 300px) 100vw, 300px\" \/><\/div><\/div><\/div><\/div>\n<style type=\"text\/css\" data-created_by=\"avia_inline_auto\" id=\"style-css-av-jgrif9-4-cb5f3f8e17996d44cc72ab401b8aa422\">\n#top .flex_column.av-jgrif9-4-cb5f3f8e17996d44cc72ab401b8aa422{\nmargin-top:20px;\nmargin-bottom:0px;\n}\n.flex_column.av-jgrif9-4-cb5f3f8e17996d44cc72ab401b8aa422{\nborder-radius:0px 0px 0px 0px;\npadding:0px 0px 0px 0px;\n}\n.responsive #top #wrap_all .flex_column.av-jgrif9-4-cb5f3f8e17996d44cc72ab401b8aa422{\nmargin-top:20px;\nmargin-bottom:0px;\n}\n<\/style>\n<div  class='flex_column av-jgrif9-4-cb5f3f8e17996d44cc72ab401b8aa422 av_two_third  avia-builder-el-33  el_after_av_one_third  el_before_av_hr  flex_column_div av-zero-column-padding'     ><section  class='av_textblock_section av-kt5oy7f7-3-b4d8c0b9d5d83c9a632e940b5fdcdaa3'  ><div class='avia_textblock' ><ul>\n<li>Ann\u00e9e de fin d'apprentissage 2022<\/li>\n<li>Gestionnaire du commerce de d\u00e9tail en quincaillerie<\/li>\n<li>avec une note finale de 5,5<\/li>\n<li>et meilleure dipl\u00f4m\u00e9e CI quincaillerie avec une note de 5,5 (meilleur score)<\/li>\n<li>Entreprise formatrice : Arthur Weber AG, 6467 Schattdorf<\/li>\n<\/ul>\n<\/div><\/section><\/div>\n<style type=\"text\/css\" data-created_by=\"avia_inline_auto\" id=\"style-css-av-sg41uz-d61da39be4d23859ab8f32aec5c7166c\">\n#top .hr.hr-invisible.av-sg41uz-d61da39be4d23859ab8f32aec5c7166c{\nheight:30px;\n}\n<\/style>\n<div  class='hr av-sg41uz-d61da39be4d23859ab8f32aec5c7166c hr-invisible  avia-builder-el-35  el_after_av_two_third  el_before_av_heading'><span class='hr-inner'><span class=\"hr-inner-style\"><\/span><\/span><\/div>\n\n<style type=\"text\/css\" data-created_by=\"avia_inline_auto\" id=\"style-css-av-7ldubmz-43c95749ef71212c719ae07ed0f92887\">\n#top .av-special-heading.av-7ldubmz-43c95749ef71212c719ae07ed0f92887{\npadding-bottom:20px;\n}\nbody .av-special-heading.av-7ldubmz-43c95749ef71212c719ae07ed0f92887 .av-special-heading-tag .heading-char{\nfont-size:25px;\n}\n.av-special-heading.av-7ldubmz-43c95749ef71212c719ae07ed0f92887 .av-subheading{\nfont-size:15px;\n}\n<\/style>\n<div  class='av-special-heading av-7ldubmz-43c95749ef71212c719ae07ed0f92887 av-special-heading-h3  avia-builder-el-36  el_after_av_hr  el_before_av_one_third'><h3 class='av-special-heading-tag'  >Alexandra Paolini de Boudry<\/h3><div class=\"special-heading-border\"><div class=\"special-heading-inner-border\"><\/div><\/div><\/div>\n\n<style type=\"text\/css\" data-created_by=\"avia_inline_auto\" id=\"style-css-av-7cdjiff-e76685e9d3618a8fb698190cb359c403\">\n#top .flex_column.av-7cdjiff-e76685e9d3618a8fb698190cb359c403{\nmargin-top:20px;\nmargin-bottom:0px;\n}\n.flex_column.av-7cdjiff-e76685e9d3618a8fb698190cb359c403{\nborder-radius:0px 0px 0px 0px;\npadding:0px 0px 0px 0px;\n}\n.responsive #top #wrap_all .flex_column.av-7cdjiff-e76685e9d3618a8fb698190cb359c403{\nmargin-top:20px;\nmargin-bottom:0px;\n}\n<\/style>\n<div  class='flex_column av-7cdjiff-e76685e9d3618a8fb698190cb359c403 av_one_third  avia-builder-el-37  el_after_av_heading  el_before_av_two_third  first flex_column_div av-zero-column-padding'     ><style type=\"text\/css\" data-created_by=\"avia_inline_auto\" id=\"style-css-av-6kbscgb-8f143aca434a4d7f21e1b960ffa0b2b5\">\n.avia-image-container.av-6kbscgb-8f143aca434a4d7f21e1b960ffa0b2b5 img.avia_image{\nbox-shadow:none;\n}\n.avia-image-container.av-6kbscgb-8f143aca434a4d7f21e1b960ffa0b2b5 .av-image-caption-overlay-center{\ncolor:#ffffff;\n}\n<\/style>\n<div  class='avia-image-container av-6kbscgb-8f143aca434a4d7f21e1b960ffa0b2b5 av-styling- avia-align-left  avia-builder-el-38  avia-builder-el-no-sibling'  ><div class=\"avia-image-container-inner\"><div class=\"avia-image-overlay-wrap\"><img decoding=\"async\" fetchpriority=\"high\" class='wp-image-16857 avia-img-lazy-loading-not-16857 avia_image' src=\"https:\/\/polaris-stiftung.ch\/wp-content\/uploads\/Alexandra-Paolini-scaled-300x288.jpg\" alt='' title='Alexandra Paolini'  height=\"288\" width=\"300\" srcset=\"https:\/\/polaris-stiftung.ch\/wp-content\/uploads\/Alexandra-Paolini-scaled-300x288.jpg 300w, https:\/\/polaris-stiftung.ch\/wp-content\/uploads\/Alexandra-Paolini-scaled-12x12.jpg 12w, https:\/\/polaris-stiftung.ch\/wp-content\/uploads\/Alexandra-Paolini-scaled-36x36.jpg 36w, https:\/\/polaris-stiftung.ch\/wp-content\/uploads\/Alexandra-Paolini-scaled.jpg 631w\" sizes=\"(max-width: 300px) 100vw, 300px\" \/><\/div><\/div><\/div><\/div>\n<style type=\"text\/css\" data-created_by=\"avia_inline_auto\" id=\"style-css-av-65h9djf-0c2f26741d1f359d5f36992b9b4889ac\">\n#top .flex_column.av-65h9djf-0c2f26741d1f359d5f36992b9b4889ac{\nmargin-top:20px;\nmargin-bottom:0px;\n}\n.flex_column.av-65h9djf-0c2f26741d1f359d5f36992b9b4889ac{\nborder-radius:0px 0px 0px 0px;\npadding:0px 0px 0px 0px;\n}\n.responsive #top #wrap_all .flex_column.av-65h9djf-0c2f26741d1f359d5f36992b9b4889ac{\nmargin-top:20px;\nmargin-bottom:0px;\n}\n<\/style>\n<div  class='flex_column av-65h9djf-0c2f26741d1f359d5f36992b9b4889ac av_two_third  avia-builder-el-39  el_after_av_one_third  el_before_av_hr  flex_column_div av-zero-column-padding'     ><section  class='av_textblock_section av-5sshm8b-d7202e62c75cebea1d1cd3a7a39fe1f3'  ><div class='avia_textblock' ><ul>\n<li>Ann\u00e9e de fin d'apprentissage 2022<\/li>\n<li>Gestionnaire du commerce de d\u00e9tail dans les m\u00e9nages<\/li>\n<li>avec une note finale de 5,5<\/li>\n<li>Entreprise formatrice : Pfister Meubles S.A., 2074 Marin-Epagnier<\/li>\n<\/ul>\n<\/div><\/section><\/div>\n<style type=\"text\/css\" data-created_by=\"avia_inline_auto\" id=\"style-css-av-oqzi79-2-074745b2ff8e3b9056ed617eac575eed\">\n#top .hr.hr-invisible.av-oqzi79-2-074745b2ff8e3b9056ed617eac575eed{\nheight:30px;\n}\n<\/style>\n<div  class='hr av-oqzi79-2-074745b2ff8e3b9056ed617eac575eed hr-invisible  avia-builder-el-41  el_after_av_two_third  el_before_av_heading'><span class='hr-inner'><span class=\"hr-inner-style\"><\/span><\/span><\/div>\n\n<style type=\"text\/css\" data-created_by=\"avia_inline_auto\" id=\"style-css-av-5bw2r57-c511593f734526bc02daa9786896354e\">\n#top .av-special-heading.av-5bw2r57-c511593f734526bc02daa9786896354e{\npadding-bottom:20px;\n}\nbody .av-special-heading.av-5bw2r57-c511593f734526bc02daa9786896354e .av-special-heading-tag .heading-char{\nfont-size:25px;\n}\n.av-special-heading.av-5bw2r57-c511593f734526bc02daa9786896354e .av-subheading{\nfont-size:15px;\n}\n<\/style>\n<div  class='av-special-heading av-5bw2r57-c511593f734526bc02daa9786896354e av-special-heading-h3  avia-builder-el-42  el_after_av_hr  el_before_av_one_third'><h3 class='av-special-heading-tag'  >Ann-Kathrin Schreiber de Saint-Gall<\/h3><div class=\"special-heading-border\"><div class=\"special-heading-inner-border\"><\/div><\/div><\/div>\n\n<style type=\"text\/css\" data-created_by=\"avia_inline_auto\" id=\"style-css-av-4oanmdn-8e3335213b61c2a8de4a4f1ac263f6ae\">\n#top .flex_column.av-4oanmdn-8e3335213b61c2a8de4a4f1ac263f6ae{\nmargin-top:20px;\nmargin-bottom:0px;\n}\n.flex_column.av-4oanmdn-8e3335213b61c2a8de4a4f1ac263f6ae{\nborder-radius:0px 0px 0px 0px;\npadding:0px 0px 0px 0px;\n}\n.responsive #top #wrap_all .flex_column.av-4oanmdn-8e3335213b61c2a8de4a4f1ac263f6ae{\nmargin-top:20px;\nmargin-bottom:0px;\n}\n<\/style>\n<div  class='flex_column av-4oanmdn-8e3335213b61c2a8de4a4f1ac263f6ae av_one_third  avia-builder-el-43  el_after_av_heading  el_before_av_two_third  first flex_column_div av-zero-column-padding'     ><style type=\"text\/css\" data-created_by=\"avia_inline_auto\" id=\"style-css-av-49u4c6j-16b74107270d6707ba7fecb88322f9be\">\n.avia-image-container.av-49u4c6j-16b74107270d6707ba7fecb88322f9be img.avia_image{\nbox-shadow:none;\n}\n.avia-image-container.av-49u4c6j-16b74107270d6707ba7fecb88322f9be .av-image-caption-overlay-center{\ncolor:#ffffff;\n}\n<\/style>\n<div  class='avia-image-container av-49u4c6j-16b74107270d6707ba7fecb88322f9be av-styling- avia-align-left  avia-builder-el-44  avia-builder-el-no-sibling'  ><div class=\"avia-image-container-inner\"><div class=\"avia-image-overlay-wrap\"><img decoding=\"async\" fetchpriority=\"high\" class='wp-image-16871 avia-img-lazy-loading-not-16871 avia_image' src=\"https:\/\/polaris-stiftung.ch\/wp-content\/uploads\/Blindportrait_Frau-214x300.jpg\" alt='' title='Blindportrait_Femme'  height=\"300\" width=\"214\" srcset=\"https:\/\/polaris-stiftung.ch\/wp-content\/uploads\/Blindportrait_Frau-214x300.jpg 214w, https:\/\/polaris-stiftung.ch\/wp-content\/uploads\/Blindportrait_Frau-9x12.jpg 9w, https:\/\/polaris-stiftung.ch\/wp-content\/uploads\/Blindportrait_Frau.jpg 500w\" sizes=\"(max-width: 214px) 100vw, 214px\" \/><\/div><\/div><\/div><\/div>\n<style type=\"text\/css\" data-created_by=\"avia_inline_auto\" id=\"style-css-av-3sn63or-4dee53ff306af9da4ffcc57594dc4b5b\">\n#top .flex_column.av-3sn63or-4dee53ff306af9da4ffcc57594dc4b5b{\nmargin-top:20px;\nmargin-bottom:0px;\n}\n.flex_column.av-3sn63or-4dee53ff306af9da4ffcc57594dc4b5b{\nborder-radius:0px 0px 0px 0px;\npadding:0px 0px 0px 0px;\n}\n.responsive #top #wrap_all .flex_column.av-3sn63or-4dee53ff306af9da4ffcc57594dc4b5b{\nmargin-top:20px;\nmargin-bottom:0px;\n}\n<\/style>\n<div  class='flex_column av-3sn63or-4dee53ff306af9da4ffcc57594dc4b5b av_two_third  avia-builder-el-45  el_after_av_one_third  el_before_av_hr  flex_column_div av-zero-column-padding'     ><section  class='av_textblock_section av-3jv32mj-88d5200e23bf769ebefc7078506667f3'  ><div class='avia_textblock' ><ul>\n<li>Ann\u00e9e de fin d'apprentissage 2022<\/li>\n<li>Gestionnaire du commerce de d\u00e9tail dans les m\u00e9nages<\/li>\n<li>avec une note finale de 5,5<\/li>\n<li>et meilleure dipl\u00f4m\u00e9e CI M\u00e9nage avec la note 5,5 (meilleur score)<\/li>\n<li>Entreprise formatrice : LIPO Einrichtungsm\u00e4rkte AG, 9016 Saint-Gall<\/li>\n<\/ul>\n<\/div><\/section><\/div>\n<style type=\"text\/css\" data-created_by=\"avia_inline_auto\" id=\"style-css-av-2titzfv-51d09f81b69f80688aff367444b15a78\">\n#top .hr.hr-invisible.av-2titzfv-51d09f81b69f80688aff367444b15a78{\nheight:30px;\n}\n<\/style>\n<div  class='hr av-2titzfv-51d09f81b69f80688aff367444b15a78 hr-invisible  avia-builder-el-47  el_after_av_two_third  el_before_av_heading'><span class='hr-inner'><span class=\"hr-inner-style\"><\/span><\/span><\/div>\n\n<style type=\"text\/css\" data-created_by=\"avia_inline_auto\" id=\"style-css-av-2i84s3v-74e938934afc087d6a358b3bdd79fdbe\">\n#top .av-special-heading.av-2i84s3v-74e938934afc087d6a358b3bdd79fdbe{\npadding-bottom:20px;\n}\nbody .av-special-heading.av-2i84s3v-74e938934afc087d6a358b3bdd79fdbe .av-special-heading-tag .heading-char{\nfont-size:25px;\n}\n.av-special-heading.av-2i84s3v-74e938934afc087d6a358b3bdd79fdbe .av-subheading{\nfont-size:15px;\n}\n<\/style>\n<div  class='av-special-heading av-2i84s3v-74e938934afc087d6a358b3bdd79fdbe av-special-heading-h3  avia-builder-el-48  el_after_av_hr  el_before_av_one_third'><h3 class='av-special-heading-tag'  >Luc Weyermann de Courgevaux <\/h3><div class=\"special-heading-border\"><div class=\"special-heading-inner-border\"><\/div><\/div><\/div>\n\n<style type=\"text\/css\" data-created_by=\"avia_inline_auto\" id=\"style-css-av-235t163-1d8d6bd901df03e5440b60dda0d86e9e\">\n#top .flex_column.av-235t163-1d8d6bd901df03e5440b60dda0d86e9e{\nmargin-top:20px;\nmargin-bottom:0px;\n}\n.flex_column.av-235t163-1d8d6bd901df03e5440b60dda0d86e9e{\nborder-radius:0px 0px 0px 0px;\npadding:0px 0px 0px 0px;\n}\n.responsive #top #wrap_all .flex_column.av-235t163-1d8d6bd901df03e5440b60dda0d86e9e{\nmargin-top:20px;\nmargin-bottom:0px;\n}\n<\/style>\n<div  class='flex_column av-235t163-1d8d6bd901df03e5440b60dda0d86e9e av_one_third  avia-builder-el-49  el_after_av_heading  el_before_av_two_third  first flex_column_div av-zero-column-padding'     ><style type=\"text\/css\" data-created_by=\"avia_inline_auto\" id=\"style-css-av-1ofkdt7-4d201b46c4c1877be17bfe81cde5cc64\">\n.avia-image-container.av-1ofkdt7-4d201b46c4c1877be17bfe81cde5cc64 img.avia_image{\nbox-shadow:none;\n}\n.avia-image-container.av-1ofkdt7-4d201b46c4c1877be17bfe81cde5cc64 .av-image-caption-overlay-center{\ncolor:#ffffff;\n}\n<\/style>\n<div  class='avia-image-container av-1ofkdt7-4d201b46c4c1877be17bfe81cde5cc64 av-styling- avia-align-left  avia-builder-el-50  avia-builder-el-no-sibling'  ><div class=\"avia-image-container-inner\"><div class=\"avia-image-overlay-wrap\"><img decoding=\"async\" fetchpriority=\"high\" class='wp-image-16856 avia-img-lazy-loading-not-16856 avia_image' src=\"https:\/\/polaris-stiftung.ch\/wp-content\/uploads\/Luc-Weyermann-300x200.jpg\" alt='' title='Luc Weyermann'  height=\"200\" width=\"300\" srcset=\"https:\/\/polaris-stiftung.ch\/wp-content\/uploads\/Luc-Weyermann-300x200.jpg 300w, https:\/\/polaris-stiftung.ch\/wp-content\/uploads\/Luc-Weyermann-1030x687.jpg 1030w, https:\/\/polaris-stiftung.ch\/wp-content\/uploads\/Luc-Weyermann-768x512.jpg 768w, https:\/\/polaris-stiftung.ch\/wp-content\/uploads\/Luc-Weyermann-18x12.jpg 18w, https:\/\/polaris-stiftung.ch\/wp-content\/uploads\/Luc-Weyermann-705x470.jpg 705w, https:\/\/polaris-stiftung.ch\/wp-content\/uploads\/Luc-Weyermann.jpg 1329w\" sizes=\"(max-width: 300px) 100vw, 300px\" \/><\/div><\/div><\/div><\/div>\n<style type=\"text\/css\" data-created_by=\"avia_inline_auto\" id=\"style-css-av-110eawb-667961c74fc046a4d518a6400b854565\">\n#top .flex_column.av-110eawb-667961c74fc046a4d518a6400b854565{\nmargin-top:20px;\nmargin-bottom:0px;\n}\n.flex_column.av-110eawb-667961c74fc046a4d518a6400b854565{\nborder-radius:0px 0px 0px 0px;\npadding:0px 0px 0px 0px;\n}\n.responsive #top #wrap_all .flex_column.av-110eawb-667961c74fc046a4d518a6400b854565{\nmargin-top:20px;\nmargin-bottom:0px;\n}\n<\/style>\n<div  class='flex_column av-110eawb-667961c74fc046a4d518a6400b854565 av_two_third  avia-builder-el-51  el_after_av_one_third  avia-builder-el-last  flex_column_div av-zero-column-padding'     ><section  class='av_textblock_section av-2zw30r-1109866f896e951a5f7ad12c2d618bae'  ><div class='avia_textblock' ><ul>\n<li>Ann\u00e9e de fin d'apprentissage 2022<\/li>\n<li>Gestionnaire du commerce de d\u00e9tail en quincaillerie<\/li>\n<li>avec une note finale de 5,5<\/li>\n<li>Entreprise formatrice : Joggi AG, 3280 Morat<\/li>\n<\/ul>\n<\/div><\/section><\/div>\n<\/p>\n<\/div><\/div><\/div><!-- close content main div --><\/div><\/div><div id='av_section_4'  class='avia-section av-9x1qdg-13-2d9541089c672821ba26e471d667aa73 alternate_color avia-section-huge avia-no-border-styling  avia-builder-el-53  el_after_av_section  avia-builder-el-last  avia-bg-style-scroll container_wrap fullsize'  ><div class='container av-section-cont-open' ><div class='template-page content  av-content-full alpha units'><div class='post-entry post-entry-type-page post-entry-16878'><div class='entry-content-wrapper clearfix'>\n\n<style type=\"text\/css\" data-created_by=\"avia_inline_auto\" id=\"style-css-av-1krxfyj-7e1284fb512852a825a20d157ba6997a\">\n#top .av-special-heading.av-1krxfyj-7e1284fb512852a825a20d157ba6997a{\npadding-bottom:30px;\n}\nbody .av-special-heading.av-1krxfyj-7e1284fb512852a825a20d157ba6997a .av-special-heading-tag .heading-char{\nfont-size:25px;\n}\n.av-special-heading.av-1krxfyj-7e1284fb512852a825a20d157ba6997a .av-subheading{\nfont-size:30px;\n}\n<\/style>\n<div  class='av-special-heading av-1krxfyj-7e1284fb512852a825a20d157ba6997a av-special-heading-h2 blockquote modern-quote modern-centered  avia-builder-el-54  el_before_av_hr  avia-builder-el-first  av-linked-heading'><h2 class='av-special-heading-tag'  >Les entreprises formatrices prim\u00e9es<\/h2><div class='av-subheading av-subheading_below'><p>Quincaillerie &amp; M\u00e9nage<\/p>\n<\/div><div class=\"special-heading-border\"><div class=\"special-heading-inner-border\"><\/div><\/div><\/div>\n\n<style type=\"text\/css\" data-created_by=\"avia_inline_auto\" id=\"style-css-av-wmo4xo-12-2a828026da974236144eaa343d4542bf\">\n#top .hr.av-wmo4xo-12-2a828026da974236144eaa343d4542bf{\nmargin-top:5px;\nmargin-bottom:40px;\n}\n.hr.av-wmo4xo-12-2a828026da974236144eaa343d4542bf .hr-inner{\nwidth:150px;\nborder-color:#0088bc;\n}\n<\/style>\n<div  class='hr av-wmo4xo-12-2a828026da974236144eaa343d4542bf hr-custom  avia-builder-el-55  el_after_av_heading  el_before_av_one_half  trennlinie_punkt hr-center hr-icon-no'><span class='hr-inner inner-border-av-border-fat'><span class=\"hr-inner-style\"><\/span><\/span><\/div>\n\n<style type=\"text\/css\" data-created_by=\"avia_inline_auto\" id=\"style-css-av-2mlo4-228e2dd2e3886fed209f5cb7d8fb058f\">\n#top .flex_column.av-2mlo4-228e2dd2e3886fed209f5cb7d8fb058f{\nmargin-top:40px;\nmargin-bottom:40px;\n}\n.flex_column.av-2mlo4-228e2dd2e3886fed209f5cb7d8fb058f{\nborder-radius:0px 0px 0px 0px;\npadding:0px 0px 0px 0px;\n}\n.responsive #top #wrap_all .flex_column.av-2mlo4-228e2dd2e3886fed209f5cb7d8fb058f{\nmargin-top:40px;\nmargin-bottom:40px;\n}\n<\/style>\n<div  class='flex_column av-2mlo4-228e2dd2e3886fed209f5cb7d8fb058f av_one_half  avia-builder-el-56  el_after_av_hr  el_before_av_one_half  first flex_column_div av-animated-generic left-to-right av-zero-column-padding'     ><p>\n<style type=\"text\/css\" data-created_by=\"avia_inline_auto\" id=\"style-css-av-19vr7sb-fe1fad8559149b3810e7bf5a5c390017\">\n#top .av-special-heading.av-19vr7sb-fe1fad8559149b3810e7bf5a5c390017{\npadding-bottom:20px;\n}\nbody .av-special-heading.av-19vr7sb-fe1fad8559149b3810e7bf5a5c390017 .av-special-heading-tag .heading-char{\nfont-size:25px;\n}\n.av-special-heading.av-19vr7sb-fe1fad8559149b3810e7bf5a5c390017 .av-subheading{\nfont-size:15px;\n}\n\n@media only screen and (max-width: 479px){ \n#top #wrap_all .av-special-heading.av-19vr7sb-fe1fad8559149b3810e7bf5a5c390017 .av-special-heading-tag{\nfont-size:16px;\n}\n}\n<\/style>\n<div  class='av-special-heading av-19vr7sb-fe1fad8559149b3810e7bf5a5c390017 av-special-heading-h3  avia-builder-el-57  el_before_av_codeblock  avia-builder-el-first'><h3 class='av-special-heading-tag'  >Arthur Weber AG, Seewen<\/h3><div class=\"special-heading-border\"><div class=\"special-heading-inner-border\"><\/div><\/div><\/div><br \/>\n<br \/>\n<div  class='av_promobox av-5c65tg-65de9de6ddf8271f9a63915d87912a51 avia-button-yes  avia-builder-el-59  el_after_av_codeblock  avia-builder-el-last'><div class='avia-promocontent'><\/p>\n<h4>Prix d'encouragement Quincaillerie<\/h4>\n<p>Meilleure entreprise de formation Quincaillerie :<br \/>\n<strong>Arthur Weber AG, Seewen<\/strong><\/p>\n<\/div><div  class='avia-button-wrap av-5c65tg-0054382218d0e58a34611e3a02dc11e1-wrap avia-button-right'><a href='https:\/\/polaris-stiftung.ch\/wp-content\/uploads\/Arthur-Weber-AG-Bericht-Februar-2022-1.pdf'  class='avia-button av-5c65tg-0054382218d0e58a34611e3a02dc11e1 av-link-btn avia-icon_select-yes-left-icon avia-size-medium avia-position-right avia-color-theme-color'  target=\"_blank\"  rel=\"noopener noreferrer\"  aria-label=\"Plus d&#039;infos\"><span class='avia_button_icon avia_button_icon_left avia-iconfont avia-font-entypo-fontello' data-av_icon='\ue832' data-av_iconfont='entypo-fontello' ><\/span><span class='avia_iconbox_title' >Plus d'infos<\/span><\/a><\/div><\/div><\/p><\/div>\n<style type=\"text\/css\" data-created_by=\"avia_inline_auto\" id=\"style-css-av-3le02s-1125d1b6c96152cdcf7600a759ccd1d5\">\n#top .flex_column.av-3le02s-1125d1b6c96152cdcf7600a759ccd1d5{\nmargin-top:40px;\nmargin-bottom:40px;\n}\n.flex_column.av-3le02s-1125d1b6c96152cdcf7600a759ccd1d5{\nborder-radius:0px 0px 0px 0px;\npadding:0px 0px 0px 0px;\n}\n.responsive #top #wrap_all .flex_column.av-3le02s-1125d1b6c96152cdcf7600a759ccd1d5{\nmargin-top:40px;\nmargin-bottom:40px;\n}\n<\/style>\n<div  class='flex_column av-3le02s-1125d1b6c96152cdcf7600a759ccd1d5 av_one_half  avia-builder-el-60  el_after_av_one_half  el_before_av_promobox  flex_column_div av-animated-generic left-to-right av-zero-column-padding'     ><p>\n<style type=\"text\/css\" data-created_by=\"avia_inline_auto\" id=\"style-css-av-sgphgr-bd8647e67d22661c5c450c512a4a86b1\">\n#top .av-special-heading.av-sgphgr-bd8647e67d22661c5c450c512a4a86b1{\npadding-bottom:20px;\n}\nbody .av-special-heading.av-sgphgr-bd8647e67d22661c5c450c512a4a86b1 .av-special-heading-tag .heading-char{\nfont-size:25px;\n}\n.av-special-heading.av-sgphgr-bd8647e67d22661c5c450c512a4a86b1 .av-subheading{\nfont-size:15px;\n}\n\n@media only screen and (max-width: 479px){ \n#top #wrap_all .av-special-heading.av-sgphgr-bd8647e67d22661c5c450c512a4a86b1 .av-special-heading-tag{\nfont-size:16px;\n}\n}\n<\/style>\n<div  class='av-special-heading av-sgphgr-bd8647e67d22661c5c450c512a4a86b1 av-special-heading-h3  avia-builder-el-61  el_before_av_codeblock  avia-builder-el-first'><h3 class='av-special-heading-tag'  >Iseli + Albrecht AG, Schaffhouse<\/h3><div class=\"special-heading-border\"><div class=\"special-heading-inner-border\"><\/div><\/div><\/div><br \/>\n<br \/>\n<div  class='av_promobox av-3aommc-0a81e2e643d97b6d6fe59e1386e9b351 avia-button-yes  avia-builder-el-63  el_after_av_codeblock  avia-builder-el-last'><div class='avia-promocontent'><\/p>\n<h4>Prix d'encouragement pour les m\u00e9nages<\/h4>\n<p>Meilleure entreprise de formation m\u00e9nag\u00e8re :<br \/>\n<strong>Iseli + Albrecht AG, Schaffhouse<\/strong><\/p>\n<\/div><div  class='avia-button-wrap av-3aommc-e4f3d70a59473d2223d8d2e7caead9b4-wrap avia-button-right'><a href='https:\/\/polaris-stiftung.ch\/wp-content\/uploads\/IseliAlbrecht-AG-Bericht-April-2022.pdf'  class='avia-button av-3aommc-e4f3d70a59473d2223d8d2e7caead9b4 av-link-btn avia-icon_select-yes-left-icon avia-size-medium avia-position-right avia-color-theme-color'  target=\"_blank\"  rel=\"noopener noreferrer\"  aria-label=\"plus d&#039;infos\"><span class='avia_button_icon avia_button_icon_left avia-iconfont avia-font-entypo-fontello' data-av_icon='\ue832' data-av_iconfont='entypo-fontello' ><\/span><span class='avia_iconbox_title' >plus d'infos<\/span><\/a><\/div><\/div><\/p><\/div><div  class='av_promobox av-l9r2k5df-6676ea5972707624927da53978081a29 avia-button-yes  avia-builder-el-64  el_after_av_one_half  avia-builder-el-last'><div class='avia-promocontent'><h4>Les laur\u00e9ats disent MERCI<\/h4>\n<p>Meilleure entreprise de formation Quincaillerie :<br \/>\n<strong>Arthur Weber AG, Seewen<\/strong><\/p>\n<p>Meilleure entreprise de formation m\u00e9nag\u00e8re :<br \/>\n<strong>Iseli + Albrecht AG, Schaffhouse<br \/>\n<\/strong><\/p>\n<\/div><div  class='avia-button-wrap av-l9r2k5df-a09bf01d5490b4420c2b26e27655d721-wrap avia-button-right'><a href='https:\/\/polaris-stiftung.ch\/wp-content\/uploads\/Preistraeger-2021-sagen-Danke_dt_fr.pdf'  class='avia-button av-l9r2k5df-a09bf01d5490b4420c2b26e27655d721 av-link-btn avia-icon_select-yes-left-icon avia-size-medium avia-position-right avia-color-theme-color'  target=\"_blank\"  rel=\"noopener noreferrer\"  aria-label=\"Plus d&#039;infos\"><span class='avia_button_icon avia_button_icon_left avia-iconfont avia-font-entypo-fontello' data-av_icon='\ue832' data-av_iconfont='entypo-fontello' ><\/span><span class='avia_iconbox_title' >Plus d'infos<\/span><\/a><\/div><\/div>","protected":false},"excerpt":{"rendered":"","protected":false},"author":8,"featured_media":0,"parent":14723,"menu_order":0,"comment_status":"closed","ping_status":"closed","template":"","meta":{"_seopress_robots_primary_cat":"","_seopress_titles_title":"","_seopress_titles_desc":"","_seopress_robots_index":"","footnotes":""},"folder":[],"class_list":["post-16878","page","type-page","status-publish","hentry"],"_links":{"self":[{"href":"https:\/\/polaris-stiftung.ch\/fr\/wp-json\/wp\/v2\/pages\/16878","targetHints":{"allow":["GET"]}}],"collection":[{"href":"https:\/\/polaris-stiftung.ch\/fr\/wp-json\/wp\/v2\/pages"}],"about":[{"href":"https:\/\/polaris-stiftung.ch\/fr\/wp-json\/wp\/v2\/types\/page"}],"author":[{"embeddable":true,"href":"https:\/\/polaris-stiftung.ch\/fr\/wp-json\/wp\/v2\/users\/8"}],"replies":[{"embeddable":true,"href":"https:\/\/polaris-stiftung.ch\/fr\/wp-json\/wp\/v2\/comments?post=16878"}],"version-history":[{"count":4,"href":"https:\/\/polaris-stiftung.ch\/fr\/wp-json\/wp\/v2\/pages\/16878\/revisions"}],"predecessor-version":[{"id":16930,"href":"https:\/\/polaris-stiftung.ch\/fr\/wp-json\/wp\/v2\/pages\/16878\/revisions\/16930"}],"up":[{"embeddable":true,"href":"https:\/\/polaris-stiftung.ch\/fr\/wp-json\/wp\/v2\/pages\/14723"}],"wp:attachment":[{"href":"https:\/\/polaris-stiftung.ch\/fr\/wp-json\/wp\/v2\/media?parent=16878"}],"wp:term":[{"taxonomy":"folder","embeddable":true,"href":"https:\/\/polaris-stiftung.ch\/fr\/wp-json\/wp\/v2\/folder?post=16878"}],"curies":[{"name":"wp","href":"https:\/\/api.w.org\/{rel}","templated":true}]}}