{"id":15452,"date":"2021-12-06T11:18:14","date_gmt":"2021-12-06T10:18:14","guid":{"rendered":"https:\/\/polaris.aretis-staging.ch\/?page_id=15452"},"modified":"2025-10-03T12:00:27","modified_gmt":"2025-10-03T10:00:27","slug":"informations","status":"publish","type":"page","link":"https:\/\/polaris-stiftung.ch\/fr\/journee-de-formation\/informations\/","title":{"rendered":"Informations"},"content":{"rendered":"<div id='layer_slider_1'  class='avia-layerslider main_color avia-shadow  avia-builder-el-0  el_before_av_section  avia-builder-el-first  container_wrap fullsize'  style='height: 701px;'  ><\/div>\n\n<style type=\"text\/css\" data-created_by=\"avia_inline_auto\" id=\"style-css-av-30xqkc4-5c780fe916bfb326199fef6055caa405\">\n.avia-section.av-30xqkc4-5c780fe916bfb326199fef6055caa405{\nbackground-color:#f4f4f4;\nbackground-image:unset;\n}\n<\/style>\n<div id='av_section_1'  class='avia-section av-30xqkc4-5c780fe916bfb326199fef6055caa405 alternate_color avia-section-huge avia-shadow  avia-builder-el-1  el_after_av_layerslider  el_before_av_section  avia-bg-style-scroll container_wrap fullsize'  ><div class='container av-section-cont-open' ><div class='template-page content  av-content-full alpha units'><div class='post-entry post-entry-type-page post-entry-15452'><div class='entry-content-wrapper clearfix'>\n\n<style type=\"text\/css\" data-created_by=\"avia_inline_auto\" id=\"style-css-av-19vvhto-a22f4d98506dd48bd36bd1dcaad0f6c9\">\n#top .av-special-heading.av-19vvhto-a22f4d98506dd48bd36bd1dcaad0f6c9{\npadding-bottom:30px;\n}\nbody .av-special-heading.av-19vvhto-a22f4d98506dd48bd36bd1dcaad0f6c9 .av-special-heading-tag .heading-char{\nfont-size:25px;\n}\n.av-special-heading.av-19vvhto-a22f4d98506dd48bd36bd1dcaad0f6c9 .av-subheading{\nfont-size:30px;\n}\n<\/style>\n<div  class='av-special-heading av-19vvhto-a22f4d98506dd48bd36bd1dcaad0f6c9 av-special-heading-h1 blockquote modern-quote modern-centered  avia-builder-el-2  el_before_av_hr  avia-builder-el-first  av-linked-heading'><h1 class='av-special-heading-tag'  >L'actualit\u00e9 et l'avenir transmis de mani\u00e8re compacte<\/h1><div class='av-subheading av-subheading_below'><p>Les formateurs et les responsables de formation se rencontrent chaque ann\u00e9e pour \u00e9changer leurs points de vue.<\/p>\n<\/div><div class=\"special-heading-border\"><div class=\"special-heading-inner-border\"><\/div><\/div><\/div>\n\n<style type=\"text\/css\" data-created_by=\"avia_inline_auto\" id=\"style-css-av-wmo4xo-e72941015c359dbc7803628033a45693\">\n#top .hr.av-wmo4xo-e72941015c359dbc7803628033a45693{\nmargin-top:5px;\nmargin-bottom:40px;\n}\n.hr.av-wmo4xo-e72941015c359dbc7803628033a45693 .hr-inner{\nwidth:150px;\nborder-color:#0088bc;\n}\n<\/style>\n<div  class='hr av-wmo4xo-e72941015c359dbc7803628033a45693 hr-custom  avia-builder-el-3  el_after_av_heading  el_before_av_one_half  trennlinie_punkt hr-center hr-icon-no'><span class='hr-inner inner-border-av-border-fat'><span class=\"hr-inner-style\"><\/span><\/span><\/div>\n\n<style type=\"text\/css\" data-created_by=\"avia_inline_auto\" id=\"style-css-av-2vsv1kk-cfd0ff8347ba6b4f5ec5ec141c23abe2\">\n.flex_column.av-2vsv1kk-cfd0ff8347ba6b4f5ec5ec141c23abe2{\nborder-radius:0px 0px 0px 0px;\npadding:45px 0px 0px 0px;\n}\n<\/style>\n<div  class='flex_column av-2vsv1kk-cfd0ff8347ba6b4f5ec5ec141c23abe2 av_one_half  avia-builder-el-4  el_after_av_hr  el_before_av_one_half  first flex_column_div av-animated-generic left-to-right'     ><style type=\"text\/css\" data-created_by=\"avia_inline_auto\" id=\"style-css-av-a3u2o4-4229284e098e590f50478b7b84808483\">\n.avia-image-container.av-a3u2o4-4229284e098e590f50478b7b84808483 img.avia_image{\nbox-shadow:none;\n}\n.avia-image-container.av-a3u2o4-4229284e098e590f50478b7b84808483 .av-image-caption-overlay-center{\ncolor:#ffffff;\n}\n<\/style>\n<div  class='avia-image-container av-a3u2o4-4229284e098e590f50478b7b84808483 av-styling- avia_animated_image av-animated-when-visible-95 left-to-right avia-align-center  avia-builder-el-5  avia-builder-el-no-sibling'  ><div class=\"avia-image-container-inner\"><div class=\"avia-image-overlay-wrap\"><img decoding=\"async\" fetchpriority=\"high\" class='wp-image- avia-img-lazy-loading-not- avia_image' src=\"https:\/\/polaris-stiftung.ch\/wp-content\/uploads\/Qualifikationsverfahren_.jpg\" alt='' title=''   \/><\/div><\/div><\/div><\/div>\n<style type=\"text\/css\" data-created_by=\"avia_inline_auto\" id=\"style-css-av-2rnio6s-3b17d385211e22b492119f66cf2183ef\">\n.flex_column.av-2rnio6s-3b17d385211e22b492119f66cf2183ef{\nborder-radius:0px 0px 0px 0px;\npadding:45px 0px 0px 0px;\n}\n<\/style>\n<div  class='flex_column av-2rnio6s-3b17d385211e22b492119f66cf2183ef av_one_half  avia-builder-el-6  el_after_av_one_half  avia-builder-el-last  flex_column_div av-animated-generic fade-in'     ><p>\n<style type=\"text\/css\" data-created_by=\"avia_inline_auto\" id=\"style-css-av-s28n6k-cd71a8c4dee754ed2ef4da3450f709ae\">\n#top .av-special-heading.av-s28n6k-cd71a8c4dee754ed2ef4da3450f709ae{\npadding-bottom:10px;\n}\nbody .av-special-heading.av-s28n6k-cd71a8c4dee754ed2ef4da3450f709ae .av-special-heading-tag .heading-char{\nfont-size:25px;\n}\n.av-special-heading.av-s28n6k-cd71a8c4dee754ed2ef4da3450f709ae .av-subheading{\nfont-size:15px;\n}\n<\/style>\n<div  class='av-special-heading av-s28n6k-cd71a8c4dee754ed2ef4da3450f709ae av-special-heading-h3 blockquote modern-quote  avia-builder-el-7  el_before_av_textblock  avia-builder-el-first  av-linked-heading'><h3 class='av-special-heading-tag'  >Actualit\u00e9s de la formation professionnelle<\/h3><div class=\"special-heading-border\"><div class=\"special-heading-inner-border\"><\/div><\/div><\/div><br \/>\n<section  class='av_textblock_section av-2oq3ntg-3fca2fd86497d352809e17b231df04b9'  ><div class='avia_textblock' ><p><span class='av_dropcap1 av-av_dropcap1-3cd9da5fea0ef5fb27aee617571c39a3'>L<\/span>a journ\u00e9e nationale de la formation organis\u00e9e chaque ann\u00e9e par la fondation de soutien polaris aborde des th\u00e8mes actuels et futurs relatifs \u00e0 la formation professionnelle et offre \u00e9galement suffisamment d'espace pour l'\u00e9change mutuel et le r\u00e9seautage.<\/p>\n<p>\"Un apprentissage r\u00e9ussi a besoin de bons formateurs ! M\u00eame si leur r\u00f4le \u00e9volue, leur responsabilit\u00e9 reste la m\u00eame\", d\u00e9clare le pr\u00e9sident du conseil de fondation Christian Fiechter.<\/p>\n<\/div><\/section><br \/>\n\n<style type=\"text\/css\" data-created_by=\"avia_inline_auto\" id=\"style-css-av-kwkiqwmh-718ca2de9a458ec950173cbe75c53c81\">\n#top .hr.hr-invisible.av-kwkiqwmh-718ca2de9a458ec950173cbe75c53c81{\nheight:15px;\n}\n<\/style>\n<div  class='hr av-kwkiqwmh-718ca2de9a458ec950173cbe75c53c81 hr-invisible  avia-builder-el-9  el_after_av_textblock  el_before_av_button'><span class='hr-inner'><span class=\"hr-inner-style\"><\/span><\/span><\/div><br \/>\n<div  class='avia-button-wrap av-kt91gecb-681aec38338c577d817489dbf5b83f6e-wrap avia-button-left  avia-builder-el-10  el_after_av_hr  avia-builder-el-last'><a href='https:\/\/polaris-stiftung.ch\/fr\/journee-de-formation\/evenements-2\/'  class='avia-button av-kt91gecb-681aec38338c577d817489dbf5b83f6e av-link-btn avia-icon_select-yes-right-icon avia-size-large avia-position-left avia-color-theme-color'   aria-label=\"\u00c9v\u00e9nements\"><span class='avia_iconbox_title' >\u00c9v\u00e9nements<\/span><span class='avia_button_icon avia_button_icon_right avia-iconfont avia-font-entypo-fontello' data-av_icon='\ue875' data-av_iconfont='entypo-fontello' ><\/span><\/a><\/div><\/p><\/div><\/div><\/div><\/div><!-- close content main div --><\/div><\/div><div id='av_section_2'  class='avia-section av-6t110m-26906fa866dea9ed9b96ad3d30968dd7 alternate_color avia-section-huge avia-no-border-styling  avia-builder-el-11  el_after_av_section  el_before_av_section  avia-bg-style-scroll container_wrap fullsize'  ><div class='container av-section-cont-open' ><div class='template-page content  av-content-full alpha units'><div class='post-entry post-entry-type-page post-entry-15452'><div class='entry-content-wrapper clearfix'>\n<section  class='av_textblock_section av-2oq3ntg-6-925cf2b6aea23f811a79e020f9bbe9c4'  ><div class='avia_textblock' ><blockquote>\n<p>Une journ\u00e9e pleine d'id\u00e9es pour tous ceux qui veulent repenser la formation professionnelle. Impression de la 6e Journ\u00e9e nationale de la formation 2025<\/p>\n<\/blockquote>\n<\/div><\/section>\n<div  class='avia-video av-mg9gto2f-d292ff6e64bdcee17b90b800e43cc23d avia-video-16-9 av-no-preview-image avia-video-load-always av-lazyload-immediate av-lazyload-video-embed'  data-original_url='https:\/\/youtube.com\/shorts\/BmgYI-JPjQY'><script type='text\/html' class='av-video-tmpl'><div class='avia-iframe-wrap'><iframe loading=\"lazy\" title=\"Nationaler Bildungstag\" width=\"563\" height=\"1000\" src=\"https:\/\/www.youtube.com\/embed\/BmgYI-JPjQY?feature=oembed&autoplay=0&loop=0&controls=1&mute=0\" frameborder=\"0\" allow=\"accelerometer; autoplay; clipboard-write; encrypted-media; gyroscope; picture-in-picture; web-share\" referrerpolicy=\"strict-origin-when-cross-origin\" allowfullscreen><\/iframe><\/div><\/script><div class='av-click-to-play-overlay'><div class=\"avia_playpause_icon\"><\/div><\/div><\/div>\n<\/p>\n<\/div><\/div><\/div><!-- close content main div --><\/div><\/div><div id='av_section_3'  class='avia-section av-kwkizolq-57ec4420def5232927322506671c6d8f main_color avia-section-default avia-no-border-styling  avia-builder-el-14  el_after_av_section  el_before_av_section  avia-bg-style-scroll container_wrap fullsize'  ><div class='container av-section-cont-open' ><div class='template-page content  av-content-full alpha units'><div class='post-entry post-entry-type-page post-entry-15452'><div class='entry-content-wrapper clearfix'>\n\n<style type=\"text\/css\" data-created_by=\"avia_inline_auto\" id=\"style-css-av-18gm2kr-937fb65f67125ded22080332cd00d492\">\n.flex_column.av-18gm2kr-937fb65f67125ded22080332cd00d492{\nborder-radius:0px 0px 0px 0px;\npadding:0px 0px 0px 0px;\n}\n<\/style>\n<div  class='flex_column av-18gm2kr-937fb65f67125ded22080332cd00d492 av_one_third  avia-builder-el-15  el_before_av_two_third  avia-builder-el-first  first flex_column_div av-animated-generic left-to-right av-zero-column-padding'     ><style type=\"text\/css\" data-created_by=\"avia_inline_auto\" id=\"style-css-av-kwkj5lo5-959d4f8e740f05df70b6e0d10bed1ad1\">\n.avia-image-container.av-kwkj5lo5-959d4f8e740f05df70b6e0d10bed1ad1 img.avia_image{\nbox-shadow:none;\n}\n.avia-image-container.av-kwkj5lo5-959d4f8e740f05df70b6e0d10bed1ad1 .av-image-caption-overlay-center{\ncolor:#ffffff;\n}\n<\/style>\n<div  class='avia-image-container av-kwkj5lo5-959d4f8e740f05df70b6e0d10bed1ad1 av-styling- avia-align-center  avia-builder-el-16  avia-builder-el-no-sibling'  ><div class=\"avia-image-container-inner\"><div class=\"avia-image-overlay-wrap\"><img decoding=\"async\" fetchpriority=\"high\" class='wp-image-15651 avia-img-lazy-loading-not-15651 avia_image' src=\"https:\/\/polaris-stiftung.ch\/wp-content\/uploads\/Fit-fuer-die-Berufsbildung-1000x1000-1-228x300.jpg\" alt='' title='Fit-fuer-die-Berufsbildung 1000x1000'  height=\"300\" width=\"228\" srcset=\"https:\/\/polaris-stiftung.ch\/wp-content\/uploads\/Fit-fuer-die-Berufsbildung-1000x1000-1-228x300.jpg 228w, https:\/\/polaris-stiftung.ch\/wp-content\/uploads\/Fit-fuer-die-Berufsbildung-1000x1000-1-783x1030.jpg 783w, https:\/\/polaris-stiftung.ch\/wp-content\/uploads\/Fit-fuer-die-Berufsbildung-1000x1000-1-768x1011.jpg 768w, https:\/\/polaris-stiftung.ch\/wp-content\/uploads\/Fit-fuer-die-Berufsbildung-1000x1000-1-536x705.jpg 536w, https:\/\/polaris-stiftung.ch\/wp-content\/uploads\/Fit-fuer-die-Berufsbildung-1000x1000-1.jpg 1000w\" sizes=\"(max-width: 228px) 100vw, 228px\" \/><\/div><\/div><\/div><\/div>\n<style type=\"text\/css\" data-created_by=\"avia_inline_auto\" id=\"style-css-av-ogiaej-c0b52a06e95e754750ee78e16968eb60\">\n.flex_column.av-ogiaej-c0b52a06e95e754750ee78e16968eb60{\nborder-radius:0px 0px 0px 0px;\npadding:0px 0px 0px 0px;\n}\n<\/style>\n<div  class='flex_column av-ogiaej-c0b52a06e95e754750ee78e16968eb60 av_two_third  avia-builder-el-17  el_after_av_one_third  avia-builder-el-last  flex_column_div av-zero-column-padding'     ><p>\n<style type=\"text\/css\" data-created_by=\"avia_inline_auto\" id=\"style-css-av-o5hrrw-cf9c7bdf49cdb8c3e80f254bb47057be\">\n#top .av-special-heading.av-o5hrrw-cf9c7bdf49cdb8c3e80f254bb47057be{\npadding-bottom:10px;\n}\nbody .av-special-heading.av-o5hrrw-cf9c7bdf49cdb8c3e80f254bb47057be .av-special-heading-tag .heading-char{\nfont-size:25px;\n}\n.av-special-heading.av-o5hrrw-cf9c7bdf49cdb8c3e80f254bb47057be .av-subheading{\nfont-size:15px;\n}\n<\/style>\n<div  class='av-special-heading av-o5hrrw-cf9c7bdf49cdb8c3e80f254bb47057be av-special-heading-h3  avia-builder-el-18  el_before_av_textblock  avia-builder-el-first  av-linked-heading'><h3 class='av-special-heading-tag'  >Livre conseill\u00e9<\/h3><div class=\"special-heading-border\"><div class=\"special-heading-inner-border\"><\/div><\/div><\/div><br \/>\n<section  class='av_textblock_section av-2oq3ntg-3-d7b28882c4d13e6b8afa3b376b05061f'  ><div class='avia_textblock' ><p><span class='av_dropcap1 av-av_dropcap1-3cd9da5fea0ef5fb27aee617571c39a3'>L<\/span>e livre \u00abEn forme pour la formation professionnelle - Conseils aux personnes en formation professionnelle dans leurs relations avec les apprentis\u00bb. peut \u00eatre achet\u00e9 aupr\u00e8s de Swissavant - Association \u00e9conomique Artisanat et M\u00e9nage. Il s'adresse aux formateurs et formatrices qui transmettent leurs connaissances et leurs valeurs aux jeunes et les accompagnent dans une phase tr\u00e8s importante de leur vie.<\/p>\n<p>Ce livre donne des conseils importants pour un comportement responsable avec les apprentis et montre de mani\u00e8re cibl\u00e9e et orient\u00e9e vers la pratique ce \u00e0 quoi les personnes en formation professionnelle doivent faire attention - de l'annonce \u00e0 la fin de la formation professionnelle initiale.<\/p>\n<\/div><\/section><br \/>\n\n<style type=\"text\/css\" data-created_by=\"avia_inline_auto\" id=\"style-css-av-kwkiqwmh-5-c7603a70043e225c8f72dddbb1c0083b\">\n#top .hr.hr-invisible.av-kwkiqwmh-5-c7603a70043e225c8f72dddbb1c0083b{\nheight:15px;\n}\n<\/style>\n<div  class='hr av-kwkiqwmh-5-c7603a70043e225c8f72dddbb1c0083b hr-invisible  avia-builder-el-20  el_after_av_textblock  el_before_av_button'><span class='hr-inner'><span class=\"hr-inner-style\"><\/span><\/span><\/div><br \/>\n<div  class='avia-button-wrap av-kt91gecb-4-6eb51ae3721980bfa0f7e4d876996d58-wrap avia-button-left  avia-builder-el-21  el_after_av_hr  avia-builder-el-last'><a href='https:\/\/www.swissavant.ch\/berufsbildung\/ausbildungsbuecher\/'  class='avia-button av-kt91gecb-4-6eb51ae3721980bfa0f7e4d876996d58 av-link-btn avia-icon_select-yes-right-icon avia-size-large avia-position-left avia-color-theme-color'  target=\"_blank\"  rel=\"noopener noreferrer\"  aria-label=\"Commander\"><span class='avia_iconbox_title' >Commander<\/span><span class='avia_button_icon avia_button_icon_right avia-iconfont avia-font-entypo-fontello' data-av_icon='\ue875' data-av_iconfont='entypo-fontello' ><\/span><\/a><\/div><\/p><\/div>\n\n<\/div><\/div><\/div><!-- close content main div --><\/div><\/div>\n<style type=\"text\/css\" data-created_by=\"avia_inline_auto\" id=\"style-css-av-kt8zfgko-6104013f264657afc321611d0ff8dfa9\">\n.avia-section.av-kt8zfgko-6104013f264657afc321611d0ff8dfa9 .av-parallax .av-parallax-inner{\nbackground-repeat:no-repeat;\nbackground-image:url(https:\/\/polaris-stiftung.ch\/wp-content\/uploads\/stiftungsidee_parallax.jpg);\nbackground-position:50% 50%;\nbackground-attachment:scroll;\n}\n.avia-section.av-kt8zfgko-6104013f264657afc321611d0ff8dfa9 .av-section-color-overlay{\nopacity:0.5;\nbackground-color:#000000;\n}\n<\/style>\n<div id='av_section_4'  class='avia-section av-kt8zfgko-6104013f264657afc321611d0ff8dfa9 main_color avia-section-huge avia-no-border-styling  avia-builder-el-22  el_after_av_section  avia-builder-el-last  av-parallax-section avia-bg-style-parallax av-section-color-overlay-active container_wrap fullsize'  data-section-bg-repeat='no-repeat'><div class='av-parallax' data-avia-parallax-ratio='0.3' ><div class='av-parallax-inner main_color avia-full-stretch'><\/div><\/div><div class=\"av-section-color-overlay-wrap\"><div class=\"av-section-color-overlay\"><\/div><div class='container av-section-cont-open' ><div class='template-page content  av-content-full alpha units'><div class='post-entry post-entry-type-page post-entry-15452'><div class='entry-content-wrapper clearfix'>\n\n<style type=\"text\/css\" data-created_by=\"avia_inline_auto\" id=\"style-css-av-12qbd1m-182fe9a05163fa276b0ee4f49354dad5\">\n.flex_column.av-12qbd1m-182fe9a05163fa276b0ee4f49354dad5{\nborder-radius:0px 0px 0px 0px;\npadding:0px 0px 0px 0px;\n}\n<\/style>\n<div  class='flex_column av-12qbd1m-182fe9a05163fa276b0ee4f49354dad5 av_three_fifth  avia-builder-el-23  el_before_av_two_fifth  avia-builder-el-first  first flex_column_div av-animated-generic pop-up av-zero-column-padding'     ><p>\n<style type=\"text\/css\" data-created_by=\"avia_inline_auto\" id=\"style-css-av-qzygzg-851a3d8631824197fbf825281db3ca07\">\n#top .av-special-heading.av-qzygzg-851a3d8631824197fbf825281db3ca07{\npadding-bottom:10px;\ncolor:#ffffff;\nfont-size:36px;\n}\nbody .av-special-heading.av-qzygzg-851a3d8631824197fbf825281db3ca07 .av-special-heading-tag .heading-char{\nfont-size:25px;\n}\n#top #wrap_all .av-special-heading.av-qzygzg-851a3d8631824197fbf825281db3ca07 .av-special-heading-tag{\nfont-size:36px;\n}\n.av-special-heading.av-qzygzg-851a3d8631824197fbf825281db3ca07 .special-heading-inner-border{\nborder-color:#ffffff;\n}\n.av-special-heading.av-qzygzg-851a3d8631824197fbf825281db3ca07 .av-subheading{\nfont-size:15px;\n}\n\n@media only screen and (min-width: 480px) and (max-width: 767px){ \n#top #wrap_all .av-special-heading.av-qzygzg-851a3d8631824197fbf825281db3ca07 .av-special-heading-tag{\nfont-size:0.8em;\n}\n}\n\n@media only screen and (max-width: 479px){ \n#top #wrap_all .av-special-heading.av-qzygzg-851a3d8631824197fbf825281db3ca07 .av-special-heading-tag{\nfont-size:0.8em;\n}\n}\n<\/style>\n<div  class='av-special-heading av-qzygzg-851a3d8631824197fbf825281db3ca07 av-special-heading-h3 custom-color-heading blockquote modern-quote  avia-builder-el-24  el_before_av_textblock  avia-builder-el-first  av-inherit-size av-linked-heading'><h3 class='av-special-heading-tag'  >De nouveaux horizons comme opportunit\u00e9 d'\u00e9ducation et de formation.<\/h3><div class=\"special-heading-border\"><div class=\"special-heading-inner-border\"><\/div><\/div><\/div><br \/>\n\n<style type=\"text\/css\" data-created_by=\"avia_inline_auto\" id=\"style-css-av-kt8zg92d-987837805e97073a59bddfb94928a919\">\n#top .av_textblock_section.av-kt8zg92d-987837805e97073a59bddfb94928a919 .avia_textblock{\nfont-size:22px;\ncolor:#ffffff;\n}\n<\/style>\n<section  class='av_textblock_section av-kt8zg92d-987837805e97073a59bddfb94928a919'  ><div class='avia_textblock av_inherit_color' ><p><span class=\"normtext\">La num\u00e9risation progresse \u00e9galement \u00e0 grands pas dans la formation professionnelle. Pour les formateurs, il est indispensable de s'informer suffisamment t\u00f4t et d'\u00eatre constamment \u00e0 jour.<br \/>\n<\/span><\/p>\n<\/div><\/section><\/p><\/div>\n<style type=\"text\/css\" data-created_by=\"avia_inline_auto\" id=\"style-css-av-mpvh56-23152edb34af7e7b54f52b6eab126eae\">\n.flex_column.av-mpvh56-23152edb34af7e7b54f52b6eab126eae{\nborder-radius:0px 0px 0px 0px;\npadding:0px 0px 0px 0px;\n}\n<\/style>\n<div  class='flex_column av-mpvh56-23152edb34af7e7b54f52b6eab126eae av_two_fifth  avia-builder-el-26  el_after_av_three_fifth  avia-builder-el-last  flex_column_div av-animated-generic pop-up av-zero-column-padding'     ><p><div  class='avia-button-wrap av-kt91gecb-2-5da0d7700352177626a824f8cab96626-wrap avia-button-left  avia-builder-el-27  el_before_av_hr  avia-builder-el-first'><a href='https:\/\/polaris-stiftung.ch\/fr\/journee-de-formation\/evenements-2\/'  class='avia-button av-kt91gecb-2-5da0d7700352177626a824f8cab96626 av-link-btn avia-icon_select-yes-right-icon avia-size-large avia-position-left avia-color-theme-color'   aria-label=\"\u00c9v\u00e9nements\"><span class='avia_iconbox_title' >\u00c9v\u00e9nements<\/span><span class='avia_button_icon avia_button_icon_right avia-iconfont avia-font-entypo-fontello' data-av_icon='\ue875' data-av_iconfont='entypo-fontello' ><\/span><\/a><\/div><br \/>\n\n<style type=\"text\/css\" data-created_by=\"avia_inline_auto\" id=\"style-css-av-kt91gov0-d06aae081a7e1c2004769f82e6bd0cd6\">\n#top .hr.hr-invisible.av-kt91gov0-d06aae081a7e1c2004769f82e6bd0cd6{\nheight:15px;\n}\n<\/style>\n<div  class='hr av-kt91gov0-d06aae081a7e1c2004769f82e6bd0cd6 hr-invisible  avia-builder-el-28  el_after_av_button  el_before_av_button'><span class='hr-inner'><span class=\"hr-inner-style\"><\/span><\/span><\/div><br \/>\n<div  class='avia-button-wrap av-kt91gecb-1-661c0e534e907687122071fcdbbe5159-wrap avia-button-left  avia-builder-el-29  el_after_av_hr  avia-builder-el-last'><a href='https:\/\/polaris-stiftung.ch\/fr\/journee-de-formation\/impressions\/'  class='avia-button av-kt91gecb-1-661c0e534e907687122071fcdbbe5159 av-link-btn avia-icon_select-yes-right-icon avia-size-large avia-position-left avia-color-theme-color'   aria-label=\"Rapports\"><span class='avia_iconbox_title' >Rapports<\/span><span class='avia_button_icon avia_button_icon_right avia-iconfont avia-font-entypo-fontello' data-av_icon='\ue875' data-av_iconfont='entypo-fontello' ><\/span><\/a><\/div><\/p><\/div>","protected":false},"excerpt":{"rendered":"","protected":false},"author":1,"featured_media":0,"parent":15394,"menu_order":1,"comment_status":"closed","ping_status":"closed","template":"","meta":{"_seopress_robots_primary_cat":"","_seopress_titles_title":"Informationen zum Bildungstag der F\u00f6rderstiftung polaris","_seopress_titles_desc":"Der j\u00e4hrlich stattfindende Bildungstag greift aktuelle und zuk\u00fcnftige Themen rund um die Berufsbildung auf. Er bietet Raum zum Austausch und Networking.","_seopress_robots_index":"","footnotes":""},"folder":[],"class_list":["post-15452","page","type-page","status-publish","hentry"],"_links":{"self":[{"href":"https:\/\/polaris-stiftung.ch\/fr\/wp-json\/wp\/v2\/pages\/15452","targetHints":{"allow":["GET"]}}],"collection":[{"href":"https:\/\/polaris-stiftung.ch\/fr\/wp-json\/wp\/v2\/pages"}],"about":[{"href":"https:\/\/polaris-stiftung.ch\/fr\/wp-json\/wp\/v2\/types\/page"}],"author":[{"embeddable":true,"href":"https:\/\/polaris-stiftung.ch\/fr\/wp-json\/wp\/v2\/users\/1"}],"replies":[{"embeddable":true,"href":"https:\/\/polaris-stiftung.ch\/fr\/wp-json\/wp\/v2\/comments?post=15452"}],"version-history":[{"count":8,"href":"https:\/\/polaris-stiftung.ch\/fr\/wp-json\/wp\/v2\/pages\/15452\/revisions"}],"predecessor-version":[{"id":18492,"href":"https:\/\/polaris-stiftung.ch\/fr\/wp-json\/wp\/v2\/pages\/15452\/revisions\/18492"}],"up":[{"embeddable":true,"href":"https:\/\/polaris-stiftung.ch\/fr\/wp-json\/wp\/v2\/pages\/15394"}],"wp:attachment":[{"href":"https:\/\/polaris-stiftung.ch\/fr\/wp-json\/wp\/v2\/media?parent=15452"}],"wp:term":[{"taxonomy":"folder","embeddable":true,"href":"https:\/\/polaris-stiftung.ch\/fr\/wp-json\/wp\/v2\/folder?post=15452"}],"curies":[{"name":"wp","href":"https:\/\/api.w.org\/{rel}","templated":true}]}}