{"id":15417,"date":"2021-11-29T16:27:36","date_gmt":"2021-11-29T15:27:36","guid":{"rendered":"https:\/\/polaris.aretis-staging.ch\/?page_id=15417"},"modified":"2024-12-12T11:05:40","modified_gmt":"2024-12-12T10:05:40","slug":"impressions","status":"publish","type":"page","link":"https:\/\/polaris-stiftung.ch\/fr\/en-forme-pour-lapprentissage\/impressions\/","title":{"rendered":"Impressions"},"content":{"rendered":"<div id='av_section_1'  class='avia-section av-30xqkc4-10757b0df6e7b34c64835237550e087b main_color avia-section-huge avia-shadow  avia-builder-el-0  el_before_av_section  avia-builder-el-first  avia-bg-style-scroll container_wrap fullsize'  ><div class='container av-section-cont-open' ><main  class='template-page content  av-content-full alpha units'><div class='post-entry post-entry-type-page post-entry-15417'><div class='entry-content-wrapper clearfix'>\n\n<style type=\"text\/css\" data-created_by=\"avia_inline_auto\" id=\"style-css-av-l0cowfnh-e942b52d7d100ad9250529c769f545e6\">\n#top .av-special-heading.av-l0cowfnh-e942b52d7d100ad9250529c769f545e6{\npadding-bottom:30px;\n}\nbody .av-special-heading.av-l0cowfnh-e942b52d7d100ad9250529c769f545e6 .av-special-heading-tag .heading-char{\nfont-size:25px;\n}\n.av-special-heading.av-l0cowfnh-e942b52d7d100ad9250529c769f545e6 .av-subheading{\nfont-size:30px;\n}\n<\/style>\n<div  class='av-special-heading av-l0cowfnh-e942b52d7d100ad9250529c769f545e6 av-special-heading-h1 blockquote modern-quote modern-centered  avia-builder-el-1  el_before_av_hr  avia-builder-el-first  av-linked-heading'><h1 class='av-special-heading-tag'  >Impressions d'\u00e9v\u00e9nements<\/h1><div class='av-subheading av-subheading_below'><p>\"En forme pour l'apprentissage\" en images et en textes<\/p>\n<\/div><div class=\"special-heading-border\"><div class=\"special-heading-inner-border\"><\/div><\/div><\/div>\n\n<style type=\"text\/css\" data-created_by=\"avia_inline_auto\" id=\"style-css-av-wmo4xo-e72941015c359dbc7803628033a45693\">\n#top .hr.av-wmo4xo-e72941015c359dbc7803628033a45693{\nmargin-top:5px;\nmargin-bottom:40px;\n}\n.hr.av-wmo4xo-e72941015c359dbc7803628033a45693 .hr-inner{\nwidth:150px;\nborder-color:#0088bc;\n}\n<\/style>\n<div  class='hr av-wmo4xo-e72941015c359dbc7803628033a45693 hr-custom  avia-builder-el-2  el_after_av_heading  avia-builder-el-last  trennlinie_punkt hr-center hr-icon-no'><span class='hr-inner inner-border-av-border-fat'><span class=\"hr-inner-style\"><\/span><\/span><\/div>\n\n<\/div><\/div><\/main><!-- close content main element --><\/div><\/div><div id='av_section_2'  class='avia-section av-vwwhz0-ef452423b7633ab0ae4a1f3a101f63e8 alternate_color avia-section-huge avia-no-border-styling  avia-builder-el-3  el_after_av_section  el_before_av_gallery  avia-bg-style-scroll container_wrap fullsize'  ><div class='container av-section-cont-open' ><div class='template-page content  av-content-full alpha units'><div class='post-entry post-entry-type-page post-entry-15417'><div class='entry-content-wrapper clearfix'>\n\n<style type=\"text\/css\" data-created_by=\"avia_inline_auto\" id=\"style-css-av-2vsv1kk-cfd0ff8347ba6b4f5ec5ec141c23abe2\">\n.flex_column.av-2vsv1kk-cfd0ff8347ba6b4f5ec5ec141c23abe2{\nborder-radius:0px 0px 0px 0px;\npadding:45px 0px 0px 0px;\n}\n<\/style>\n<div  class='flex_column av-2vsv1kk-cfd0ff8347ba6b4f5ec5ec141c23abe2 av_one_half  avia-builder-el-4  el_before_av_one_half  avia-builder-el-first  first flex_column_div av-animated-generic left-to-right'     ><style type=\"text\/css\" data-created_by=\"avia_inline_auto\" id=\"style-css-av-a3u2o4-2ef1ad454163dc228189bdeba419125b\">\n.avia-image-container.av-a3u2o4-2ef1ad454163dc228189bdeba419125b img.avia_image{\nbox-shadow:none;\n}\n.avia-image-container.av-a3u2o4-2ef1ad454163dc228189bdeba419125b .av-image-caption-overlay-center{\ncolor:#ffffff;\n}\n<\/style>\n<div  class='avia-image-container av-a3u2o4-2ef1ad454163dc228189bdeba419125b av-styling- avia_animated_image av-animated-when-visible-95 left-to-right avia-align-center  avia-builder-el-5  avia-builder-el-no-sibling'  ><div class=\"avia-image-container-inner\"><div class=\"avia-image-overlay-wrap\"><img decoding=\"async\" fetchpriority=\"high\" class='wp-image-15374 avia-img-lazy-loading-not-15374 avia_image' src=\"https:\/\/polaris-stiftung.ch\/wp-content\/uploads\/Fit_fuer_die_Lehre2.jpg\" alt='' title='En forme pour l&#039;apprentissage - \u00e9v\u00e9nement \u00e0 Lucerne'  height=\"465\" width=\"701\" srcset=\"https:\/\/polaris-stiftung.ch\/wp-content\/uploads\/Fit_fuer_die_Lehre2.jpg 701w, https:\/\/polaris-stiftung.ch\/wp-content\/uploads\/Fit_fuer_die_Lehre2-300x199.jpg 300w\" sizes=\"(max-width: 701px) 100vw, 701px\" \/><\/div><\/div><\/div><\/div>\n<style type=\"text\/css\" data-created_by=\"avia_inline_auto\" id=\"style-css-av-2rnio6s-3b17d385211e22b492119f66cf2183ef\">\n.flex_column.av-2rnio6s-3b17d385211e22b492119f66cf2183ef{\nborder-radius:0px 0px 0px 0px;\npadding:45px 0px 0px 0px;\n}\n<\/style>\n<div  class='flex_column av-2rnio6s-3b17d385211e22b492119f66cf2183ef av_one_half  avia-builder-el-6  el_after_av_one_half  el_before_av_hr  flex_column_div av-animated-generic fade-in'     ><p>\n<style type=\"text\/css\" data-created_by=\"avia_inline_auto\" id=\"style-css-av-labcm1-0391b9a3529ba981006947a7d049bb80\">\n#top .av-special-heading.av-labcm1-0391b9a3529ba981006947a7d049bb80{\npadding-bottom:10px;\n}\nbody .av-special-heading.av-labcm1-0391b9a3529ba981006947a7d049bb80 .av-special-heading-tag .heading-char{\nfont-size:25px;\n}\n.av-special-heading.av-labcm1-0391b9a3529ba981006947a7d049bb80 .av-subheading{\nfont-size:15px;\n}\n<\/style>\n<div  class='av-special-heading av-labcm1-0391b9a3529ba981006947a7d049bb80 av-special-heading-h3  avia-builder-el-7  el_before_av_textblock  avia-builder-el-first'><h3 class='av-special-heading-tag'  >Les \u00e9l\u00e8ves s'\u00e9quipent pour la recherche d'une place d'apprentissage !<\/h3><div class=\"special-heading-border\"><div class=\"special-heading-inner-border\"><\/div><\/div><\/div><br \/>\n<section  class='av_textblock_section av-2oq3ntg-3fca2fd86497d352809e17b231df04b9'  ><div class='avia_textblock' ><p><span class='av_dropcap1 av-av_dropcap1-3cd9da5fea0ef5fb27aee617571c39a3'>F<\/span>a joie et l'\u00e9lan sont importants, les bonnes mani\u00e8res aussi : comment r\u00e9ussir sa recherche de place d'apprentissage, c'est ce que d\u00e9couvrent chaque ann\u00e9e entre 100 et 200 \u00e9l\u00e8ves lors de l'atelier \"Fit f\u00fcr die Lehre\" de Gregor Loser - organis\u00e9 et financ\u00e9 par la fondation de soutien polaris.<\/p>\n<blockquote>\n<p>Bien que les \u00e9l\u00e8ves soient bien pr\u00e9par\u00e9s \u00e0 l'\u00e9cole, c'est souvent l'apport de l'ext\u00e9rieur qui contribue \u00e0 une meilleure compr\u00e9hension.<\/p>\n<\/blockquote>\n<\/div><\/section><\/p><\/div><div  class='hr av-mll61l-fd912439f9721d67fd8708d965be9f20 hr-default  avia-builder-el-9  el_after_av_one_half  avia-builder-el-last'><span class='hr-inner'><span class=\"hr-inner-style\"><\/span><\/span><\/div>\n<\/div><\/div><\/div><!-- close content main div --><\/div><\/div><div id='after_section_2'  class='main_color av_default_container_wrap container_wrap fullsize'  ><div class='container av-section-cont-open' ><div class='template-page content  av-content-full alpha units'><div class='post-entry post-entry-type-page post-entry-15417'><div class='entry-content-wrapper clearfix'>\n\n<style type=\"text\/css\" data-created_by=\"avia_inline_auto\" id=\"style-css-av-l8d75zbb-1a960f01b1730810c08caa346bcb3846\">\n#top .avia-gallery.av-l8d75zbb-1a960f01b1730810c08caa346bcb3846 .avia-gallery-thumb a{\nwidth:20%;\n}\n<\/style>\n<div  class='avia-gallery av-l8d75zbb-1a960f01b1730810c08caa346bcb3846 avia_animate_when_visible  avia-builder-el-10  el_after_av_section  el_before_av_heading  avia-builder-el-first  avia_lazyload avia-gallery-animate avia-gallery-1' ><meta itemprop=\"contentURL\" content=\"https:\/\/polaris-stiftung.ch\/fr\/en-forme-pour-lapprentissage\/impressions\/\"><div class='avia-gallery-thumb'><a href=\"https:\/\/polaris-stiftung.ch\/wp-content\/uploads\/IMG_9781-773x1030.jpeg\" data-srcset=\"https:\/\/polaris-stiftung.ch\/wp-content\/uploads\/\/IMG_9781-773x1030.jpeg 773w, https:\/\/polaris-stiftung.ch\/wp-content\/uploads\/\/IMG_9781-225x300.jpeg 225w, https:\/\/polaris-stiftung.ch\/wp-content\/uploads\/\/IMG_9781-768x1024.jpeg 768w, https:\/\/polaris-stiftung.ch\/wp-content\/uploads\/\/IMG_9781-1152x1536.jpeg 1152w, https:\/\/polaris-stiftung.ch\/wp-content\/uploads\/\/IMG_9781-9x12.jpeg 9w, https:\/\/polaris-stiftung.ch\/wp-content\/uploads\/\/IMG_9781-1125x1500.jpeg 1125w, https:\/\/polaris-stiftung.ch\/wp-content\/uploads\/\/IMG_9781-529x705.jpeg 529w, https:\/\/polaris-stiftung.ch\/wp-content\/uploads\/\/IMG_9781.jpeg 1536w\" data-sizes=\"(max-width: 773px) 100vw, 773px\" data-rel='gallery-1' data-prev-img='https:\/\/polaris-stiftung.ch\/wp-content\/uploads\/IMG_9781-495x400.jpeg' class='first_thumb lightbox' data-onclick='1' title=''  ><img decoding=\"async\" fetchpriority=\"high\" class=\"wp-image-17343 avia-img-lazy-loading-not-17343\"   src=\"https:\/\/polaris-stiftung.ch\/wp-content\/uploads\/IMG_9781-495x400.jpeg\" width=\"495\" height=\"400\"  title='En forme pour l&#039;apprentissage' alt='' srcset=\"https:\/\/polaris-stiftung.ch\/wp-content\/uploads\/\/IMG_9781-495x400.jpeg 495w, https:\/\/polaris-stiftung.ch\/wp-content\/uploads\/\/IMG_9781-845x684.jpeg 845w\" sizes=\"(max-width: 495px) 100vw, 495px\" \/><div class='big-prev-fake'><img decoding=\"async\" loading=\"lazy\" class=\"wp-image-17343 avia-img-lazy-loading-17343\"  width=\"495\" height=\"400\" src=\"https:\/\/polaris-stiftung.ch\/wp-content\/uploads\/IMG_9781-495x400.jpeg\" title='En forme pour l&#039;apprentissage' alt='' srcset=\"https:\/\/polaris-stiftung.ch\/wp-content\/uploads\/\/IMG_9781-495x400.jpeg 495w, https:\/\/polaris-stiftung.ch\/wp-content\/uploads\/\/IMG_9781-845x684.jpeg 845w\" sizes=\"auto, (max-width: 495px) 100vw, 495px\" \/><\/div><\/a><a href=\"https:\/\/polaris-stiftung.ch\/wp-content\/uploads\/IMG_9790-1030x773.jpeg\" data-srcset=\"https:\/\/polaris-stiftung.ch\/wp-content\/uploads\/\/IMG_9790-1030x773.jpeg 1030w, https:\/\/polaris-stiftung.ch\/wp-content\/uploads\/\/IMG_9790-300x225.jpeg 300w, https:\/\/polaris-stiftung.ch\/wp-content\/uploads\/\/IMG_9790-768x576.jpeg 768w, https:\/\/polaris-stiftung.ch\/wp-content\/uploads\/\/IMG_9790-1536x1152.jpeg 1536w, https:\/\/polaris-stiftung.ch\/wp-content\/uploads\/\/IMG_9790-16x12.jpeg 16w, https:\/\/polaris-stiftung.ch\/wp-content\/uploads\/\/IMG_9790-1500x1125.jpeg 1500w, https:\/\/polaris-stiftung.ch\/wp-content\/uploads\/\/IMG_9790-705x529.jpeg 705w, https:\/\/polaris-stiftung.ch\/wp-content\/uploads\/\/IMG_9790.jpeg 2048w\" data-sizes=\"(max-width: 1030px) 100vw, 1030px\" data-rel='gallery-1' data-prev-img='https:\/\/polaris-stiftung.ch\/wp-content\/uploads\/IMG_9790-495x400.jpeg' class='lightbox' data-onclick='2' title=''  ><img decoding=\"async\" fetchpriority=\"high\" class=\"wp-image-17344 avia-img-lazy-loading-not-17344\"   src=\"https:\/\/polaris-stiftung.ch\/wp-content\/uploads\/IMG_9790-495x400.jpeg\" width=\"495\" height=\"400\"  title='En forme pour l&#039;apprentissage' alt='' srcset=\"https:\/\/polaris-stiftung.ch\/wp-content\/uploads\/\/IMG_9790-495x400.jpeg 495w, https:\/\/polaris-stiftung.ch\/wp-content\/uploads\/\/IMG_9790-16x12.jpeg 16w, https:\/\/polaris-stiftung.ch\/wp-content\/uploads\/\/IMG_9790-845x684.jpeg 845w\" sizes=\"(max-width: 495px) 100vw, 495px\" \/><div class='big-prev-fake'><img decoding=\"async\" loading=\"lazy\" class=\"wp-image-17344 avia-img-lazy-loading-17344\"  width=\"495\" height=\"400\" src=\"https:\/\/polaris-stiftung.ch\/wp-content\/uploads\/IMG_9790-495x400.jpeg\" title='En forme pour l&#039;apprentissage' alt='' srcset=\"https:\/\/polaris-stiftung.ch\/wp-content\/uploads\/\/IMG_9790-495x400.jpeg 495w, https:\/\/polaris-stiftung.ch\/wp-content\/uploads\/\/IMG_9790-16x12.jpeg 16w, https:\/\/polaris-stiftung.ch\/wp-content\/uploads\/\/IMG_9790-845x684.jpeg 845w\" sizes=\"auto, (max-width: 495px) 100vw, 495px\" \/><\/div><\/a><a href=\"https:\/\/polaris-stiftung.ch\/wp-content\/uploads\/IMG_5702-1030x773.jpeg\" data-srcset=\"https:\/\/polaris-stiftung.ch\/wp-content\/uploads\/IMG_5702-1030x773.jpeg 1030w, https:\/\/polaris-stiftung.ch\/wp-content\/uploads\/IMG_5702-300x225.jpeg 300w, https:\/\/polaris-stiftung.ch\/wp-content\/uploads\/IMG_5702-768x576.jpeg 768w, https:\/\/polaris-stiftung.ch\/wp-content\/uploads\/IMG_5702-1536x1152.jpeg 1536w, https:\/\/polaris-stiftung.ch\/wp-content\/uploads\/IMG_5702-16x12.jpeg 16w, https:\/\/polaris-stiftung.ch\/wp-content\/uploads\/IMG_5702-1500x1125.jpeg 1500w, https:\/\/polaris-stiftung.ch\/wp-content\/uploads\/IMG_5702-705x529.jpeg 705w, https:\/\/polaris-stiftung.ch\/wp-content\/uploads\/IMG_5702.jpeg 2048w\" data-sizes=\"(max-width: 1030px) 100vw, 1030px\" data-rel='gallery-1' data-prev-img='https:\/\/polaris-stiftung.ch\/wp-content\/uploads\/IMG_5702-495x400.jpeg' class='lightbox' data-onclick='3' title=''  ><img decoding=\"async\" fetchpriority=\"high\" class=\"wp-image-16684 avia-img-lazy-loading-not-16684\"   src=\"https:\/\/polaris-stiftung.ch\/wp-content\/uploads\/IMG_5702-495x400.jpeg\" width=\"495\" height=\"400\"  title='En forme pour l&#039;apprentissage' alt='' srcset=\"https:\/\/polaris-stiftung.ch\/wp-content\/uploads\/IMG_5702-495x400.jpeg 495w, https:\/\/polaris-stiftung.ch\/wp-content\/uploads\/IMG_5702-16x12.jpeg 16w, https:\/\/polaris-stiftung.ch\/wp-content\/uploads\/IMG_5702-845x684.jpeg 845w\" sizes=\"(max-width: 495px) 100vw, 495px\" \/><div class='big-prev-fake'><img decoding=\"async\" loading=\"lazy\" class=\"wp-image-16684 avia-img-lazy-loading-16684\"  width=\"495\" height=\"400\" src=\"https:\/\/polaris-stiftung.ch\/wp-content\/uploads\/IMG_5702-495x400.jpeg\" title='En forme pour l&#039;apprentissage' alt='' srcset=\"https:\/\/polaris-stiftung.ch\/wp-content\/uploads\/IMG_5702-495x400.jpeg 495w, https:\/\/polaris-stiftung.ch\/wp-content\/uploads\/IMG_5702-16x12.jpeg 16w, https:\/\/polaris-stiftung.ch\/wp-content\/uploads\/IMG_5702-845x684.jpeg 845w\" sizes=\"auto, (max-width: 495px) 100vw, 495px\" \/><\/div><\/a><a href=\"https:\/\/polaris-stiftung.ch\/wp-content\/uploads\/IMG_9786-1030x773.jpeg\" data-srcset=\"https:\/\/polaris-stiftung.ch\/wp-content\/uploads\/\/IMG_9786-1030x773.jpeg 1030w, https:\/\/polaris-stiftung.ch\/wp-content\/uploads\/\/IMG_9786-300x225.jpeg 300w, https:\/\/polaris-stiftung.ch\/wp-content\/uploads\/\/IMG_9786-768x576.jpeg 768w, https:\/\/polaris-stiftung.ch\/wp-content\/uploads\/\/IMG_9786-1536x1152.jpeg 1536w, https:\/\/polaris-stiftung.ch\/wp-content\/uploads\/\/IMG_9786-16x12.jpeg 16w, https:\/\/polaris-stiftung.ch\/wp-content\/uploads\/\/IMG_9786-1500x1125.jpeg 1500w, https:\/\/polaris-stiftung.ch\/wp-content\/uploads\/\/IMG_9786-705x529.jpeg 705w, https:\/\/polaris-stiftung.ch\/wp-content\/uploads\/\/IMG_9786.jpeg 2048w\" data-sizes=\"(max-width: 1030px) 100vw, 1030px\" data-rel='gallery-1' data-prev-img='https:\/\/polaris-stiftung.ch\/wp-content\/uploads\/IMG_9786-495x400.jpeg' class='lightbox' data-onclick='4' title=''  ><img decoding=\"async\" fetchpriority=\"high\" class=\"wp-image-17351 avia-img-lazy-loading-not-17351\"   src=\"https:\/\/polaris-stiftung.ch\/wp-content\/uploads\/IMG_9786-495x400.jpeg\" width=\"495\" height=\"400\"  title='En forme pour l&#039;apprentissage' alt='' srcset=\"https:\/\/polaris-stiftung.ch\/wp-content\/uploads\/\/IMG_9786-495x400.jpeg 495w, https:\/\/polaris-stiftung.ch\/wp-content\/uploads\/\/IMG_9786-16x12.jpeg 16w, https:\/\/polaris-stiftung.ch\/wp-content\/uploads\/\/IMG_9786-845x684.jpeg 845w\" sizes=\"(max-width: 495px) 100vw, 495px\" \/><div class='big-prev-fake'><img decoding=\"async\" loading=\"lazy\" class=\"wp-image-17351 avia-img-lazy-loading-17351\"  width=\"495\" height=\"400\" src=\"https:\/\/polaris-stiftung.ch\/wp-content\/uploads\/IMG_9786-495x400.jpeg\" title='En forme pour l&#039;apprentissage' alt='' srcset=\"https:\/\/polaris-stiftung.ch\/wp-content\/uploads\/\/IMG_9786-495x400.jpeg 495w, https:\/\/polaris-stiftung.ch\/wp-content\/uploads\/\/IMG_9786-16x12.jpeg 16w, https:\/\/polaris-stiftung.ch\/wp-content\/uploads\/\/IMG_9786-845x684.jpeg 845w\" sizes=\"auto, (max-width: 495px) 100vw, 495px\" \/><\/div><\/a><a href=\"https:\/\/polaris-stiftung.ch\/wp-content\/uploads\/IMG_5695-773x1030.jpeg\" data-srcset=\"https:\/\/polaris-stiftung.ch\/wp-content\/uploads\/IMG_5695-773x1030.jpeg 773w, https:\/\/polaris-stiftung.ch\/wp-content\/uploads\/IMG_5695-225x300.jpeg 225w, https:\/\/polaris-stiftung.ch\/wp-content\/uploads\/IMG_5695-768x1024.jpeg 768w, https:\/\/polaris-stiftung.ch\/wp-content\/uploads\/IMG_5695-1152x1536.jpeg 1152w, https:\/\/polaris-stiftung.ch\/wp-content\/uploads\/IMG_5695-9x12.jpeg 9w, https:\/\/polaris-stiftung.ch\/wp-content\/uploads\/IMG_5695-1125x1500.jpeg 1125w, https:\/\/polaris-stiftung.ch\/wp-content\/uploads\/IMG_5695-529x705.jpeg 529w, https:\/\/polaris-stiftung.ch\/wp-content\/uploads\/IMG_5695.jpeg 1536w\" data-sizes=\"(max-width: 773px) 100vw, 773px\" data-rel='gallery-1' data-prev-img='https:\/\/polaris-stiftung.ch\/wp-content\/uploads\/IMG_5695-495x400.jpeg' class='lightbox' data-onclick='5' title=''  ><img decoding=\"async\" fetchpriority=\"high\" class=\"wp-image-16683 avia-img-lazy-loading-not-16683\"   src=\"https:\/\/polaris-stiftung.ch\/wp-content\/uploads\/IMG_5695-495x400.jpeg\" width=\"495\" height=\"400\"  title='En forme pour l&#039;apprentissage' alt='' srcset=\"https:\/\/polaris-stiftung.ch\/wp-content\/uploads\/IMG_5695-495x400.jpeg 495w, https:\/\/polaris-stiftung.ch\/wp-content\/uploads\/IMG_5695-845x684.jpeg 845w\" sizes=\"(max-width: 495px) 100vw, 495px\" \/><div class='big-prev-fake'><img decoding=\"async\" loading=\"lazy\" class=\"wp-image-16683 avia-img-lazy-loading-16683\"  width=\"495\" height=\"400\" src=\"https:\/\/polaris-stiftung.ch\/wp-content\/uploads\/IMG_5695-495x400.jpeg\" title='En forme pour l&#039;apprentissage' alt='' srcset=\"https:\/\/polaris-stiftung.ch\/wp-content\/uploads\/IMG_5695-495x400.jpeg 495w, https:\/\/polaris-stiftung.ch\/wp-content\/uploads\/IMG_5695-845x684.jpeg 845w\" sizes=\"auto, (max-width: 495px) 100vw, 495px\" \/><\/div><\/a><a href=\"https:\/\/polaris-stiftung.ch\/wp-content\/uploads\/IMG_5707-773x1030.jpeg\" data-srcset=\"https:\/\/polaris-stiftung.ch\/wp-content\/uploads\/IMG_5707-773x1030.jpeg 773w, https:\/\/polaris-stiftung.ch\/wp-content\/uploads\/IMG_5707-225x300.jpeg 225w, https:\/\/polaris-stiftung.ch\/wp-content\/uploads\/IMG_5707-768x1024.jpeg 768w, https:\/\/polaris-stiftung.ch\/wp-content\/uploads\/IMG_5707-1152x1536.jpeg 1152w, https:\/\/polaris-stiftung.ch\/wp-content\/uploads\/IMG_5707-9x12.jpeg 9w, https:\/\/polaris-stiftung.ch\/wp-content\/uploads\/IMG_5707-1125x1500.jpeg 1125w, https:\/\/polaris-stiftung.ch\/wp-content\/uploads\/IMG_5707-529x705.jpeg 529w, https:\/\/polaris-stiftung.ch\/wp-content\/uploads\/IMG_5707.jpeg 1536w\" data-sizes=\"(max-width: 773px) 100vw, 773px\" data-rel='gallery-1' data-prev-img='https:\/\/polaris-stiftung.ch\/wp-content\/uploads\/IMG_5707-495x400.jpeg' class='first_thumb lightbox' data-onclick='6' title=''  ><img decoding=\"async\" fetchpriority=\"high\" class=\"wp-image-16688 avia-img-lazy-loading-not-16688\"   src=\"https:\/\/polaris-stiftung.ch\/wp-content\/uploads\/IMG_5707-495x400.jpeg\" width=\"495\" height=\"400\"  title='En forme pour l&#039;apprentissage' alt='' srcset=\"https:\/\/polaris-stiftung.ch\/wp-content\/uploads\/IMG_5707-495x400.jpeg 495w, https:\/\/polaris-stiftung.ch\/wp-content\/uploads\/IMG_5707-845x684.jpeg 845w\" sizes=\"(max-width: 495px) 100vw, 495px\" \/><div class='big-prev-fake'><img decoding=\"async\" loading=\"lazy\" class=\"wp-image-16688 avia-img-lazy-loading-16688\"  width=\"495\" height=\"400\" src=\"https:\/\/polaris-stiftung.ch\/wp-content\/uploads\/IMG_5707-495x400.jpeg\" title='En forme pour l&#039;apprentissage' alt='' srcset=\"https:\/\/polaris-stiftung.ch\/wp-content\/uploads\/IMG_5707-495x400.jpeg 495w, https:\/\/polaris-stiftung.ch\/wp-content\/uploads\/IMG_5707-845x684.jpeg 845w\" sizes=\"auto, (max-width: 495px) 100vw, 495px\" \/><\/div><\/a><a href=\"https:\/\/polaris-stiftung.ch\/wp-content\/uploads\/IMG_9799-773x1030.jpeg\" data-srcset=\"https:\/\/polaris-stiftung.ch\/wp-content\/uploads\/\/IMG_9799-773x1030.jpeg 773w, https:\/\/polaris-stiftung.ch\/wp-content\/uploads\/\/IMG_9799-225x300.jpeg 225w, https:\/\/polaris-stiftung.ch\/wp-content\/uploads\/\/IMG_9799-768x1024.jpeg 768w, https:\/\/polaris-stiftung.ch\/wp-content\/uploads\/\/IMG_9799-1152x1536.jpeg 1152w, https:\/\/polaris-stiftung.ch\/wp-content\/uploads\/\/IMG_9799-9x12.jpeg 9w, https:\/\/polaris-stiftung.ch\/wp-content\/uploads\/\/IMG_9799-1125x1500.jpeg 1125w, https:\/\/polaris-stiftung.ch\/wp-content\/uploads\/\/IMG_9799-529x705.jpeg 529w, https:\/\/polaris-stiftung.ch\/wp-content\/uploads\/\/IMG_9799.jpeg 1536w\" data-sizes=\"(max-width: 773px) 100vw, 773px\" data-rel='gallery-1' data-prev-img='https:\/\/polaris-stiftung.ch\/wp-content\/uploads\/IMG_9799-495x400.jpeg' class='lightbox' data-onclick='7' title=''  ><img decoding=\"async\" fetchpriority=\"high\" class=\"wp-image-17346 avia-img-lazy-loading-not-17346\"   src=\"https:\/\/polaris-stiftung.ch\/wp-content\/uploads\/IMG_9799-495x400.jpeg\" width=\"495\" height=\"400\"  title='En forme pour l&#039;apprentissage' alt='' srcset=\"https:\/\/polaris-stiftung.ch\/wp-content\/uploads\/\/IMG_9799-495x400.jpeg 495w, https:\/\/polaris-stiftung.ch\/wp-content\/uploads\/\/IMG_9799-845x684.jpeg 845w\" sizes=\"(max-width: 495px) 100vw, 495px\" \/><div class='big-prev-fake'><img decoding=\"async\" loading=\"lazy\" class=\"wp-image-17346 avia-img-lazy-loading-17346\"  width=\"495\" height=\"400\" src=\"https:\/\/polaris-stiftung.ch\/wp-content\/uploads\/IMG_9799-495x400.jpeg\" title='En forme pour l&#039;apprentissage' alt='' srcset=\"https:\/\/polaris-stiftung.ch\/wp-content\/uploads\/\/IMG_9799-495x400.jpeg 495w, https:\/\/polaris-stiftung.ch\/wp-content\/uploads\/\/IMG_9799-845x684.jpeg 845w\" sizes=\"auto, (max-width: 495px) 100vw, 495px\" \/><\/div><\/a><a href=\"https:\/\/polaris-stiftung.ch\/wp-content\/uploads\/IMG_9793-1030x773.jpeg\" data-srcset=\"https:\/\/polaris-stiftung.ch\/wp-content\/uploads\/\/IMG_9793-1030x773.jpeg 1030w, https:\/\/polaris-stiftung.ch\/wp-content\/uploads\/\/IMG_9793-300x225.jpeg 300w, https:\/\/polaris-stiftung.ch\/wp-content\/uploads\/\/IMG_9793-768x576.jpeg 768w, https:\/\/polaris-stiftung.ch\/wp-content\/uploads\/\/IMG_9793-1536x1152.jpeg 1536w, https:\/\/polaris-stiftung.ch\/wp-content\/uploads\/\/IMG_9793-16x12.jpeg 16w, https:\/\/polaris-stiftung.ch\/wp-content\/uploads\/\/IMG_9793-1500x1125.jpeg 1500w, https:\/\/polaris-stiftung.ch\/wp-content\/uploads\/\/IMG_9793-705x529.jpeg 705w, https:\/\/polaris-stiftung.ch\/wp-content\/uploads\/\/IMG_9793.jpeg 2048w\" data-sizes=\"(max-width: 1030px) 100vw, 1030px\" data-rel='gallery-1' data-prev-img='https:\/\/polaris-stiftung.ch\/wp-content\/uploads\/IMG_9793-495x400.jpeg' class='lightbox' data-onclick='8' title=''  ><img decoding=\"async\" fetchpriority=\"high\" class=\"wp-image-17345 avia-img-lazy-loading-not-17345\"   src=\"https:\/\/polaris-stiftung.ch\/wp-content\/uploads\/IMG_9793-495x400.jpeg\" width=\"495\" height=\"400\"  title='En forme pour l&#039;apprentissage' alt='' srcset=\"https:\/\/polaris-stiftung.ch\/wp-content\/uploads\/\/IMG_9793-495x400.jpeg 495w, https:\/\/polaris-stiftung.ch\/wp-content\/uploads\/\/IMG_9793-16x12.jpeg 16w, https:\/\/polaris-stiftung.ch\/wp-content\/uploads\/\/IMG_9793-845x684.jpeg 845w\" sizes=\"(max-width: 495px) 100vw, 495px\" \/><div class='big-prev-fake'><img decoding=\"async\" loading=\"lazy\" class=\"wp-image-17345 avia-img-lazy-loading-17345\"  width=\"495\" height=\"400\" src=\"https:\/\/polaris-stiftung.ch\/wp-content\/uploads\/IMG_9793-495x400.jpeg\" title='En forme pour l&#039;apprentissage' alt='' srcset=\"https:\/\/polaris-stiftung.ch\/wp-content\/uploads\/\/IMG_9793-495x400.jpeg 495w, https:\/\/polaris-stiftung.ch\/wp-content\/uploads\/\/IMG_9793-16x12.jpeg 16w, https:\/\/polaris-stiftung.ch\/wp-content\/uploads\/\/IMG_9793-845x684.jpeg 845w\" sizes=\"auto, (max-width: 495px) 100vw, 495px\" \/><\/div><\/a><a href=\"https:\/\/polaris-stiftung.ch\/wp-content\/uploads\/IMG_9801-1-1030x773.jpeg\" data-srcset=\"https:\/\/polaris-stiftung.ch\/wp-content\/uploads\/\/IMG_9801-1-1030x773.jpeg 1030w, https:\/\/polaris-stiftung.ch\/wp-content\/uploads\/\/IMG_9801-1-300x225.jpeg 300w, https:\/\/polaris-stiftung.ch\/wp-content\/uploads\/\/IMG_9801-1-768x576.jpeg 768w, https:\/\/polaris-stiftung.ch\/wp-content\/uploads\/\/IMG_9801-1-1536x1152.jpeg 1536w, https:\/\/polaris-stiftung.ch\/wp-content\/uploads\/\/IMG_9801-1-16x12.jpeg 16w, https:\/\/polaris-stiftung.ch\/wp-content\/uploads\/\/IMG_9801-1-1500x1125.jpeg 1500w, https:\/\/polaris-stiftung.ch\/wp-content\/uploads\/\/IMG_9801-1-705x529.jpeg 705w, https:\/\/polaris-stiftung.ch\/wp-content\/uploads\/\/IMG_9801-1.jpeg 2048w\" data-sizes=\"(max-width: 1030px) 100vw, 1030px\" data-rel='gallery-1' data-prev-img='https:\/\/polaris-stiftung.ch\/wp-content\/uploads\/IMG_9801-1-495x400.jpeg' class='lightbox' data-onclick='9' title=''  ><img decoding=\"async\" fetchpriority=\"high\" class=\"wp-image-17349 avia-img-lazy-loading-not-17349\"   src=\"https:\/\/polaris-stiftung.ch\/wp-content\/uploads\/IMG_9801-1-495x400.jpeg\" width=\"495\" height=\"400\"  title='En forme pour l&#039;apprentissage' alt='' srcset=\"https:\/\/polaris-stiftung.ch\/wp-content\/uploads\/\/IMG_9801-1-495x400.jpeg 495w, https:\/\/polaris-stiftung.ch\/wp-content\/uploads\/\/IMG_9801-1-16x12.jpeg 16w, https:\/\/polaris-stiftung.ch\/wp-content\/uploads\/\/IMG_9801-1-845x684.jpeg 845w\" sizes=\"(max-width: 495px) 100vw, 495px\" \/><div class='big-prev-fake'><img decoding=\"async\" loading=\"lazy\" class=\"wp-image-17349 avia-img-lazy-loading-17349\"  width=\"495\" height=\"400\" src=\"https:\/\/polaris-stiftung.ch\/wp-content\/uploads\/IMG_9801-1-495x400.jpeg\" title='En forme pour l&#039;apprentissage' alt='' srcset=\"https:\/\/polaris-stiftung.ch\/wp-content\/uploads\/\/IMG_9801-1-495x400.jpeg 495w, https:\/\/polaris-stiftung.ch\/wp-content\/uploads\/\/IMG_9801-1-16x12.jpeg 16w, https:\/\/polaris-stiftung.ch\/wp-content\/uploads\/\/IMG_9801-1-845x684.jpeg 845w\" sizes=\"auto, (max-width: 495px) 100vw, 495px\" \/><\/div><\/a><a href=\"https:\/\/polaris-stiftung.ch\/wp-content\/uploads\/IMG_9804-1-1030x773.jpeg\" data-srcset=\"https:\/\/polaris-stiftung.ch\/wp-content\/uploads\/\/IMG_9804-1-1030x773.jpeg 1030w, https:\/\/polaris-stiftung.ch\/wp-content\/uploads\/\/IMG_9804-1-300x225.jpeg 300w, https:\/\/polaris-stiftung.ch\/wp-content\/uploads\/\/IMG_9804-1-768x576.jpeg 768w, https:\/\/polaris-stiftung.ch\/wp-content\/uploads\/\/IMG_9804-1-1536x1152.jpeg 1536w, https:\/\/polaris-stiftung.ch\/wp-content\/uploads\/\/IMG_9804-1-16x12.jpeg 16w, https:\/\/polaris-stiftung.ch\/wp-content\/uploads\/\/IMG_9804-1-1500x1125.jpeg 1500w, https:\/\/polaris-stiftung.ch\/wp-content\/uploads\/\/IMG_9804-1-705x529.jpeg 705w, https:\/\/polaris-stiftung.ch\/wp-content\/uploads\/\/IMG_9804-1.jpeg 2048w\" data-sizes=\"(max-width: 1030px) 100vw, 1030px\" data-rel='gallery-1' data-prev-img='https:\/\/polaris-stiftung.ch\/wp-content\/uploads\/IMG_9804-1-495x400.jpeg' class='lightbox' data-onclick='10' title=''  ><img decoding=\"async\" fetchpriority=\"high\" class=\"wp-image-17350 avia-img-lazy-loading-not-17350\"   src=\"https:\/\/polaris-stiftung.ch\/wp-content\/uploads\/IMG_9804-1-495x400.jpeg\" width=\"495\" height=\"400\"  title='En forme pour l&#039;apprentissage' alt='' srcset=\"https:\/\/polaris-stiftung.ch\/wp-content\/uploads\/\/IMG_9804-1-495x400.jpeg 495w, https:\/\/polaris-stiftung.ch\/wp-content\/uploads\/\/IMG_9804-1-16x12.jpeg 16w, https:\/\/polaris-stiftung.ch\/wp-content\/uploads\/\/IMG_9804-1-845x684.jpeg 845w\" sizes=\"(max-width: 495px) 100vw, 495px\" \/><div class='big-prev-fake'><img decoding=\"async\" loading=\"lazy\" class=\"wp-image-17350 avia-img-lazy-loading-17350\"  width=\"495\" height=\"400\" src=\"https:\/\/polaris-stiftung.ch\/wp-content\/uploads\/IMG_9804-1-495x400.jpeg\" title='En forme pour l&#039;apprentissage' alt='' srcset=\"https:\/\/polaris-stiftung.ch\/wp-content\/uploads\/\/IMG_9804-1-495x400.jpeg 495w, https:\/\/polaris-stiftung.ch\/wp-content\/uploads\/\/IMG_9804-1-16x12.jpeg 16w, https:\/\/polaris-stiftung.ch\/wp-content\/uploads\/\/IMG_9804-1-845x684.jpeg 845w\" sizes=\"auto, (max-width: 495px) 100vw, 495px\" \/><\/div><\/a><\/div><\/div>\n\n<style type=\"text\/css\" data-created_by=\"avia_inline_auto\" id=\"style-css-av-l8eflu9v-8376afb0091e7b8e79563cbaae31ecea\">\n#top .av-special-heading.av-l8eflu9v-8376afb0091e7b8e79563cbaae31ecea{\npadding-bottom:10px;\n}\nbody .av-special-heading.av-l8eflu9v-8376afb0091e7b8e79563cbaae31ecea .av-special-heading-tag .heading-char{\nfont-size:25px;\n}\n.av-special-heading.av-l8eflu9v-8376afb0091e7b8e79563cbaae31ecea .av-subheading{\nfont-size:15px;\n}\n<\/style>\n<div  class='av-special-heading av-l8eflu9v-8376afb0091e7b8e79563cbaae31ecea av-special-heading-h3  avia-builder-el-11  el_after_av_gallery  el_before_av_one_full'><h3 class='av-special-heading-tag'  >R\u00e9trospective 2024 : En forme pour l'apprentissage \u00e0 Lucerne - pr\u00e8s de 400 \u00e9l\u00e8ves y participent !<\/h3><div class=\"special-heading-border\"><div class=\"special-heading-inner-border\"><\/div><\/div><\/div>\n<div  class='flex_column av-it2h15-6deb7f36936674f70737992c9a4b2e12 av_one_full  avia-builder-el-12  el_after_av_heading  el_before_av_one_half  first flex_column_div'     ><section  class='av_textblock_section av-l8eg36y3-96368014eac23a820751feffee678e41'  ><div class='avia_textblock' ><p>La joie et l'\u00e9lan sont importants, les bonnes mani\u00e8res aussi : comment faire de la recherche d'une place d'apprentissage un succ\u00e8s, c'est ce qu'ont appris pr\u00e8s de 400 \u00e9l\u00e8ves \u00e0 Lucerne et Coire lors de l'apr\u00e8s-midi d'information \"En forme pour l'apprentissage\" de Gregor Loser - organis\u00e9 et financ\u00e9 par la fondation de soutien polaris.<\/p>\n<p><em>Environ 400 jeunes des cantons de Lucerne et des Grisons ont profit\u00e9 de cette occasion et se sont inscrits aux cinq apr\u00e8s-midi d'information propos\u00e9s \u00e0 la foire de Lucerne et \u00e0 Coire. Le cours a \u00e9t\u00e9 dispens\u00e9 par Gregor Loser, conseiller en communication, et organis\u00e9 par la fondation polaris.<\/em><\/p>\n<p>Apr\u00e8s les mots de bienvenue et la pr\u00e9sentation de la fondation par la repr\u00e9sentante de la fondation de soutien polaris, Alexandra Kunz, Gregor Loser a ouvert son expos\u00e9 par trois phrases marquantes : \"C'est tr\u00e8s simple\", \"Je dois vouloir\" et \"Je pense par moi-m\u00eame\". Ces phrases devaient accompagner les jeunes tout au long de l'apr\u00e8s-midi afin de s'ancrer durablement dans leur esprit.<\/p>\n<p><span style=\"font-size: 20px;\"><a href=\"https:\/\/polaris-stiftung.ch\/wp-content\/uploads\/Fit-fuer-die-Lehre-2024.pdf\" target=\"_blank\" rel=\"noopener\">Lire l'article complet - En forme pour l'apprentissage 2024<\/a><\/span><\/p>\n<\/div><\/section><\/div><div  class='flex_column av-jhlj5l-5e46d30e5d50ee55e1aea93d44bfe827 av_one_half  avia-builder-el-14  el_after_av_one_full  el_before_av_one_half  first flex_column_div  column-top-margin'     ><div  class='avia-video av-l8d76pch-08b9b4cf5df1c85f22025e62c02dca67 avia-video-16-9 av-no-preview-image avia-video-load-always av-lazyload-immediate av-lazyload-video-embed'  data-original_url='https:\/\/youtu.be\/E3qY7GpmiDg'><script type='text\/html' class='av-video-tmpl'><div class='avia-iframe-wrap'><iframe loading=\"lazy\" title=\"Fit f\u00fcr die Lehre in Chur\" width=\"1500\" height=\"844\" src=\"https:\/\/www.youtube.com\/embed\/E3qY7GpmiDg?feature=oembed&autoplay=0&loop=0&controls=1&mute=0\" frameborder=\"0\" allow=\"accelerometer; autoplay; clipboard-write; encrypted-media; gyroscope; picture-in-picture; web-share\" referrerpolicy=\"strict-origin-when-cross-origin\" allowfullscreen><\/iframe><\/div><\/script><div class='av-click-to-play-overlay'><div class=\"avia_playpause_icon\"><\/div><\/div><\/div><\/div><\/p>\n<div  class='flex_column av-1c6e68p-723d4077ea37f361b878333e279014f3 av_one_half  avia-builder-el-16  el_after_av_one_half  el_before_av_hr  flex_column_div  column-top-margin'     ><div  class='avia-video av-lmakmk7l-2723b884c81c8a15a874863996c55625 avia-video-16-9 av-no-preview-image avia-video-load-always av-lazyload-immediate av-lazyload-video-embed'  data-original_url='https:\/\/youtube.com\/shorts\/H0bvh33oIs8'><script type='text\/html' class='av-video-tmpl'><div class='avia-iframe-wrap'><iframe loading=\"lazy\" title=\"Fit f\u00fcr die Lehre - Impressionen\" width=\"1500\" height=\"844\" src=\"https:\/\/www.youtube.com\/embed\/H0bvh33oIs8?feature=oembed&autoplay=0&loop=0&controls=1&mute=0\" frameborder=\"0\" allow=\"accelerometer; autoplay; clipboard-write; encrypted-media; gyroscope; picture-in-picture; web-share\" allowfullscreen><\/iframe><\/div><\/script><div class='av-click-to-play-overlay'><div class=\"avia_playpause_icon\"><\/div><\/div><\/div><\/div>\n<div  class='hr av-3w5rp5-66f4dfacb3fcfc22f4221f5884527d72 hr-default  avia-builder-el-18  el_after_av_one_half  el_before_av_one_half'><span class='hr-inner'><span class=\"hr-inner-style\"><\/span><\/span><\/div>\n<div class='flex_column_table av-kt5nrats-cef87041b3c7945a400e39b2a36b66b6 sc-av_one_half av-equal-height-column-flextable'>\n<style type=\"text\/css\" data-created_by=\"avia_inline_auto\" id=\"style-css-av-kt5nrats-cef87041b3c7945a400e39b2a36b66b6\">\n.flex_column.av-kt5nrats-cef87041b3c7945a400e39b2a36b66b6{\nborder-width:1px;\nborder-style:solid;\nborder-radius:1px 1px 1px 1px;\npadding:25px 25px 25px 25px;\nbackground-color:#ffffff;\n}\n<\/style>\n<div  class='flex_column av-kt5nrats-cef87041b3c7945a400e39b2a36b66b6 av_one_half  avia-builder-el-19  el_after_av_hr  el_before_av_one_half  first flex_column_table_cell av-equal-height-column av-align-top'     ><p>\n<style type=\"text\/css\" data-created_by=\"avia_inline_auto\" id=\"style-css-av-kt5o8izy-d435587a873f5037ab596c0029459404\">\n.av_font_icon.av-kt5o8izy-d435587a873f5037ab596c0029459404 .av-icon-char{\nfont-size:40px;\nline-height:40px;\n}\n<\/style>\n<span  class='av_font_icon av-kt5o8izy-d435587a873f5037ab596c0029459404 avia_animate_when_visible av-icon-style- avia-icon-pos-center avia-iconfont avia-font-entypo-fontello av-no-color avia-icon-animate'><span class='av-icon-char' data-av_icon='\ue84e' data-av_iconfont='entypo-fontello' aria-hidden=\"true\" ><\/span><\/span><br \/>\n\n<style type=\"text\/css\" data-created_by=\"avia_inline_auto\" id=\"style-css-av-kyu2gat3-54982d07da95902b7477c41e4bcc9bae\">\n#top .av-special-heading.av-kyu2gat3-54982d07da95902b7477c41e4bcc9bae{\npadding-bottom:10px;\n}\nbody .av-special-heading.av-kyu2gat3-54982d07da95902b7477c41e4bcc9bae .av-special-heading-tag .heading-char{\nfont-size:25px;\n}\n.av-special-heading.av-kyu2gat3-54982d07da95902b7477c41e4bcc9bae .av-subheading{\nfont-size:18px;\n}\n<\/style>\n<div  class='av-special-heading av-kyu2gat3-54982d07da95902b7477c41e4bcc9bae av-special-heading-h3 blockquote modern-quote modern-centered  avia-builder-el-21  el_after_av_font_icon  el_before_av_textblock'><h3 class='av-special-heading-tag'  >En forme pour l'apprentissage - une chance pour la r\u00e9gion et notre profession<\/h3><div class=\"special-heading-border\"><div class=\"special-heading-inner-border\"><\/div><\/div><\/div><br \/>\n<section  class='av_textblock_section av-kt5ntp5u-f73655b3300da75b8056292760f32992'  ><div class='avia_textblock' ><p>En collaboration avec la fondation polaris, nous avons eu le plaisir d'accueillir 130 \u00e9l\u00e8ves du secondaire en septembre et novembre \u00e0 l'occasion de l'\u00e9v\u00e9nement \"En forme pour l'apprentissage\" dans la r\u00e9gion des Grisons. L'objectif de cette collaboration \u00e9tait de montrer aux jeunes la diversit\u00e9 et l'attractivit\u00e9 du commerce de d\u00e9tail et de les pr\u00e9parer au mieux au processus de candidature.<br \/>\nPour les jeunes, ces \u00e9v\u00e9nements sont une source de motivation pour le processus de candidature et permettent d'\u00e9liminer la peur du monde du travail r\u00e9el. Non seulement ils aident \u00e0 promouvoir les jeunes talents, mais ils renforcent \u00e9galement l'\u00e9conomie locale en assurant la rel\u00e8ve. Parall\u00e8lement, nous avons eu l'occasion, en tant que centre d'artisans, de pr\u00e9senter la qualit\u00e9 de notre offre de formation et de nous positionner comme un partenaire engag\u00e9 dans la formation professionnelle.<\/p>\n<p>Les jeunes obtiennent un aper\u00e7u pr\u00e9cieux du monde professionnel et nous encourageons la mise en r\u00e9seau de la formation et de la pratique - une \u00e9tape importante pour assurer l'avenir de la r\u00e9gion et de nos entreprises.<br \/>\nNous sommes convaincus que d'autres centres d'artisans, comme les magasins sp\u00e9cialis\u00e9s, peuvent \u00e9galement profiter de ce concept et de l'\u00e9change entre jeunes et contribuer \u00e0 long terme \u00e0 assurer la rel\u00e8ve de la main-d'\u0153uvre qualifi\u00e9e.<br \/>\nSouligner ensemble l'importance de notre branche et montrer des perspectives aux jeunes ou, comme le souligne Gregor Loser dans son expos\u00e9 : \"C'est tr\u00e8s simple - la motivation commence par nous-m\u00eames - il suffit de FAIRE !\"<\/p>\n<p><strong>Stefanie Scarpatetti, WeberPrevost Coire<br \/>\n<\/strong><\/p>\n<\/div><\/section><br \/>\n\n<style type=\"text\/css\" data-created_by=\"avia_inline_auto\" id=\"style-css-av-3787vlv-3dd37f2c90606f678e52a767b037f238\">\n#top .hr.hr-invisible.av-3787vlv-3dd37f2c90606f678e52a767b037f238{\nheight:20px;\n}\n<\/style>\n<div  class='hr av-3787vlv-3dd37f2c90606f678e52a767b037f238 hr-invisible  avia-builder-el-23  el_after_av_textblock  avia-builder-el-last'><span class='hr-inner'><span class=\"hr-inner-style\"><\/span><\/span><\/div><\/p><\/div>\n<div class='av-flex-placeholder'><\/div>\n<style type=\"text\/css\" data-created_by=\"avia_inline_auto\" id=\"style-css-av-kt5nrats-5-f92a53f4a35898a9a69eab820e9985ff\">\n.flex_column.av-kt5nrats-5-f92a53f4a35898a9a69eab820e9985ff{\nborder-width:1px;\nborder-style:solid;\nborder-radius:1px 1px 1px 1px;\npadding:25px 25px 25px 25px;\nbackground-color:#ffffff;\n}\n<\/style>\n<div  class='flex_column av-kt5nrats-5-f92a53f4a35898a9a69eab820e9985ff av_one_half  avia-builder-el-24  el_after_av_one_half  avia-builder-el-last  flex_column_table_cell av-equal-height-column av-align-top'     ><p>\n<style type=\"text\/css\" data-created_by=\"avia_inline_auto\" id=\"style-css-av-kt5o8izy-4-60a29d59a2e67238f1f62f1c2c914975\">\n.av_font_icon.av-kt5o8izy-4-60a29d59a2e67238f1f62f1c2c914975 .av-icon-char{\nfont-size:40px;\nline-height:40px;\n}\n<\/style>\n<span  class='av_font_icon av-kt5o8izy-4-60a29d59a2e67238f1f62f1c2c914975 avia_animate_when_visible av-icon-style- avia-icon-pos-center avia-iconfont avia-font-entypo-fontello av-no-color avia-icon-animate'><span class='av-icon-char' data-av_icon='\ue84e' data-av_iconfont='entypo-fontello' aria-hidden=\"true\" ><\/span><\/span><br \/>\n\n<style type=\"text\/css\" data-created_by=\"avia_inline_auto\" id=\"style-css-av-kyvassz0-2d636f60a72369d73728e90c0c8b7988\">\n#top .av-special-heading.av-kyvassz0-2d636f60a72369d73728e90c0c8b7988{\npadding-bottom:10px;\n}\nbody .av-special-heading.av-kyvassz0-2d636f60a72369d73728e90c0c8b7988 .av-special-heading-tag .heading-char{\nfont-size:25px;\n}\n.av-special-heading.av-kyvassz0-2d636f60a72369d73728e90c0c8b7988 .av-subheading{\nfont-size:18px;\n}\n<\/style>\n<div  class='av-special-heading av-kyvassz0-2d636f60a72369d73728e90c0c8b7988 av-special-heading-h3 blockquote modern-quote modern-centered  avia-builder-el-26  el_after_av_font_icon  el_before_av_textblock'><h3 class='av-special-heading-tag'  >Feedback des participants<\/h3><div class=\"special-heading-border\"><div class=\"special-heading-inner-border\"><\/div><\/div><\/div><br \/>\n<section  class='av_textblock_section av-kt5ntp5u-3-d191332b792e9530633e63ed75445f75'  ><div class='avia_textblock' ><p><em>Le 14 novembre, trois classes secondaires de l'\u00e9cole Quader \u00e0 Coire ont particip\u00e9 \u00e0 l'atelier \"Fit f\u00fcr die Lehre\" de Gregor Loser. L'atelier, organis\u00e9 par la fondation de soutien polaris, a fourni de pr\u00e9cieux conseils et strat\u00e9gies pour la recherche d'une place d'apprentissage.<\/em><\/p>\n<p><em>Pendant pr\u00e8s de trois heures, Gregor Loser a abord\u00e9 des th\u00e8mes centraux tels que la premi\u00e8re impression, la candidature et la pr\u00e9paration, la force mentale et l'utilisation judicieuse des m\u00e9dias sociaux. Les contenus pratiques ont compl\u00e9t\u00e9 de mani\u00e8re id\u00e9ale les cours sur le choix d'un m\u00e9tier. L'importance des soft skills pour la recherche d'une place d'apprentissage a \u00e9t\u00e9 particuli\u00e8rement soulign\u00e9e. L'atelier a \u00e9t\u00e9 compl\u00e9t\u00e9 et all\u00e9g\u00e9 par des contributions de collaborateurs de l'entreprise Weber Prevost AG. Des apprentis et des responsables de formation, entre autres, ont transmis des exp\u00e9riences concr\u00e8tes dans un langage direct.<\/em><\/p>\n<p><em>Les \u00e9l\u00e8ves ont lou\u00e9 la conception motivante et pratique de l'atelier, qui leur a apport\u00e9 de nouvelles perspectives et une aide concr\u00e8te.<\/em><\/p>\n<p><strong><em>Conclusion :<\/em><\/strong><em> Une pr\u00e9paration inspirante et efficace au monde du travail, que nous recommandons vivement \u00e0 toutes les \u00e9coles.<\/em><\/p>\n<p><strong>Marc Rezzoli, <\/strong>\u00c9cole secondaire Quader<\/p>\n<\/div><\/section><br \/>\n\n<style type=\"text\/css\" data-created_by=\"avia_inline_auto\" id=\"style-css-av-3787vlv-2-de0d3af128c50d8caf082a3b77c94a88\">\n#top .hr.hr-invisible.av-3787vlv-2-de0d3af128c50d8caf082a3b77c94a88{\nheight:20px;\n}\n<\/style>\n<div  class='hr av-3787vlv-2-de0d3af128c50d8caf082a3b77c94a88 hr-invisible  avia-builder-el-28  el_after_av_textblock  avia-builder-el-last'><span class='hr-inner'><span class=\"hr-inner-style\"><\/span><\/span><\/div><\/p><\/div><\/div><!--close column table wrapper. Autoclose: 1 -->","protected":false},"excerpt":{"rendered":"","protected":false},"author":1,"featured_media":0,"parent":15371,"menu_order":3,"comment_status":"closed","ping_status":"closed","template":"","meta":{"_seopress_robots_primary_cat":"","_seopress_titles_title":"Impressionen der Fit f\u00fcr die Lehre-Veranstaltungen","_seopress_titles_desc":"Wie die Lehrstellensuche zum Erfolg wird, erfahren jedes Jahr rund 140 Sch\u00fclerinnen und Sch\u00fcler am Workshop \u00abFit f\u00fcr die Lehre\u00bb von Gregor Loser.","_seopress_robots_index":"","footnotes":""},"folder":[],"class_list":["post-15417","page","type-page","status-publish","hentry"],"_links":{"self":[{"href":"https:\/\/polaris-stiftung.ch\/fr\/wp-json\/wp\/v2\/pages\/15417","targetHints":{"allow":["GET"]}}],"collection":[{"href":"https:\/\/polaris-stiftung.ch\/fr\/wp-json\/wp\/v2\/pages"}],"about":[{"href":"https:\/\/polaris-stiftung.ch\/fr\/wp-json\/wp\/v2\/types\/page"}],"author":[{"embeddable":true,"href":"https:\/\/polaris-stiftung.ch\/fr\/wp-json\/wp\/v2\/users\/1"}],"replies":[{"embeddable":true,"href":"https:\/\/polaris-stiftung.ch\/fr\/wp-json\/wp\/v2\/comments?post=15417"}],"version-history":[{"count":10,"href":"https:\/\/polaris-stiftung.ch\/fr\/wp-json\/wp\/v2\/pages\/15417\/revisions"}],"predecessor-version":[{"id":18027,"href":"https:\/\/polaris-stiftung.ch\/fr\/wp-json\/wp\/v2\/pages\/15417\/revisions\/18027"}],"up":[{"embeddable":true,"href":"https:\/\/polaris-stiftung.ch\/fr\/wp-json\/wp\/v2\/pages\/15371"}],"wp:attachment":[{"href":"https:\/\/polaris-stiftung.ch\/fr\/wp-json\/wp\/v2\/media?parent=15417"}],"wp:term":[{"taxonomy":"folder","embeddable":true,"href":"https:\/\/polaris-stiftung.ch\/fr\/wp-json\/wp\/v2\/folder?post=15417"}],"curies":[{"name":"wp","href":"https:\/\/api.w.org\/{rel}","templated":true}]}}