{"id":14830,"date":"2021-09-06T19:13:50","date_gmt":"2021-09-06T17:13:50","guid":{"rendered":"https:\/\/polaris.aretis-staging.ch\/?page_id=14830"},"modified":"2024-04-10T15:48:26","modified_gmt":"2024-04-10T13:48:26","slug":"goenner","status":"publish","type":"page","link":"https:\/\/polaris-stiftung.ch\/fr\/la-fondation\/goenner\/","title":{"rendered":"Donateurs"},"content":{"rendered":"<style type=\"text\/css\" data-created_by=\"avia_inline_auto\" id=\"style-css-av-w1ny8t-6d0fe359d5a091145892f2d3b7b4bea9\">\n#top .avia-section.av-w1ny8t-6d0fe359d5a091145892f2d3b7b4bea9 .scroll-down-link{\ncolor:#0087bc;\n}\n#top .avia-section.av-w1ny8t-6d0fe359d5a091145892f2d3b7b4bea9 .scroll-down-link.avia-svg-icon svg:first-child{\nstroke:#0087bc;\nfill:#0087bc;\n}\n<\/style>\n<div id='news'  class='avia-section av-w1ny8t-6d0fe359d5a091145892f2d3b7b4bea9 main_color avia-section-huge avia-no-border-styling  avia-builder-el-0  el_before_av_section  avia-builder-el-first  avia-bg-style-scroll container_wrap fullsize'  ><div class=\"av-section-color-overlay-wrap\"><a href='#next-section' title='' class='scroll-down-link av-custom-scroll-down-color avia-svg-icon avia-font-svg_entypo-fontello' data-av_svg_icon='down-open-mini' data-av_iconset='svg_entypo-fontello'><svg version=\"1.1\" xmlns=\"http:\/\/www.w3.org\/2000\/svg\" width=\"15\" height=\"32\" viewbox=\"0 0 15 32\" preserveaspectratio=\"xMidYMid meet\" aria-labelledby='av-svg-title-1' aria-describedby='av-svg-desc-1' role=\"graphics-symbol\" aria-hidden=\"true\">\n<title id='av-svg-title-1'>Faire d\u00e9filer vers la prochaine section<\/title>\n<desc id='av-svg-desc-1'>Faire d\u00e9filer vers la prochaine section<\/desc>\n<path d=\"M12.96 12.16q0.704-0.832 1.536 0 0.832 0.704 0 1.536l-6.272 6.144q-0.704 0.704-1.536 0l-6.272-6.144q-0.832-0.832 0-1.536 0.768-0.768 1.6 0l5.44 4.992z\"><\/path>\n<\/svg><\/a><div class='container av-section-cont-open' ><main  class='template-page content  av-content-full alpha units'><div class='post-entry post-entry-type-page post-entry-14830'><div class='entry-content-wrapper clearfix'>\n\n<style type=\"text\/css\" data-created_by=\"avia_inline_auto\" id=\"style-css-av-1gzvvgu-b6ccb3423c6b61f350ce603b75b390df\">\n#top .av-special-heading.av-1gzvvgu-b6ccb3423c6b61f350ce603b75b390df{\npadding-bottom:30px;\n}\nbody .av-special-heading.av-1gzvvgu-b6ccb3423c6b61f350ce603b75b390df .av-special-heading-tag .heading-char{\nfont-size:25px;\n}\n.av-special-heading.av-1gzvvgu-b6ccb3423c6b61f350ce603b75b390df .av-subheading{\nfont-size:30px;\n}\n<\/style>\n<div  class='av-special-heading av-1gzvvgu-b6ccb3423c6b61f350ce603b75b390df av-special-heading-h1 blockquote modern-quote modern-centered  avia-builder-el-1  el_before_av_hr  avia-builder-el-first  av-linked-heading'><h1 class='av-special-heading-tag'  >Nos donateurs<\/h1><div class='av-subheading av-subheading_below'><p>Donateurs de la premi\u00e8re heure<\/p>\n<\/div><div class=\"special-heading-border\"><div class=\"special-heading-inner-border\"><\/div><\/div><\/div>\n\n<style type=\"text\/css\" data-created_by=\"avia_inline_auto\" id=\"style-css-av-wmo4xo-e72941015c359dbc7803628033a45693\">\n#top .hr.av-wmo4xo-e72941015c359dbc7803628033a45693{\nmargin-top:5px;\nmargin-bottom:40px;\n}\n.hr.av-wmo4xo-e72941015c359dbc7803628033a45693 .hr-inner{\nwidth:150px;\nborder-color:#0088bc;\n}\n<\/style>\n<div  class='hr av-wmo4xo-e72941015c359dbc7803628033a45693 hr-custom  avia-builder-el-2  el_after_av_heading  el_before_av_one_half  trennlinie_punkt hr-center hr-icon-no'><span class='hr-inner inner-border-av-border-fat'><span class=\"hr-inner-style\"><\/span><\/span><\/div>\n<div class='flex_column_table av-ktcvwee4-39b6314594de8423fe26c89175c286c9 sc-av_one_half av-equal-height-column-flextable'>\n<style type=\"text\/css\" data-created_by=\"avia_inline_auto\" id=\"style-css-av-ktcvwee4-39b6314594de8423fe26c89175c286c9\">\n#top .flex_column_table.av-equal-height-column-flextable.av-ktcvwee4-39b6314594de8423fe26c89175c286c9{\nmargin-top:30px;\nmargin-bottom:0px;\n}\n.flex_column.av-ktcvwee4-39b6314594de8423fe26c89175c286c9{\nborder-width:1px;\nborder-style:solid;\nborder-radius:0px 0px 0px 0px;\npadding:20px 20px 20px 20px;\nbackground-color:#ffffff;\n}\n<\/style>\n<div  class='flex_column av-ktcvwee4-39b6314594de8423fe26c89175c286c9 av_one_half  avia-builder-el-3  el_after_av_hr  el_before_av_one_half  first flex_column_table_cell av-equal-height-column av-align-top'     ><p>\n<style type=\"text\/css\" data-created_by=\"avia_inline_auto\" id=\"style-css-av-15ri9e6-702523bf1c978d0888d636aabbf43b16\">\n#top .av-special-heading.av-15ri9e6-702523bf1c978d0888d636aabbf43b16{\npadding-bottom:10px;\n}\nbody .av-special-heading.av-15ri9e6-702523bf1c978d0888d636aabbf43b16 .av-special-heading-tag .heading-char{\nfont-size:25px;\n}\n.av-special-heading.av-15ri9e6-702523bf1c978d0888d636aabbf43b16 .av-subheading{\nfont-size:15px;\n}\n<\/style>\n<div  class='av-special-heading av-15ri9e6-702523bf1c978d0888d636aabbf43b16 av-special-heading-h3  avia-builder-el-4  el_before_av_textblock  avia-builder-el-first'><h3 class='av-special-heading-tag'  >D\u00e9pliant Infos<\/h3><div class=\"special-heading-border\"><div class=\"special-heading-inner-border\"><\/div><\/div><\/div><br \/>\n<section  class='av_textblock_section av-ktcw01d2-1c257a51327014d7bbe0c3ab2aaed8c0'  ><div class='avia_textblock' ><p>Avec son syst\u00e8me de formation dual, la formation professionnelle suisse est sans conteste un mod\u00e8le de r\u00e9ussite pour l'industrie, l'artisanat et le commerce (de d\u00e9tail). C'est donc un devoir social d'encourager et d'exiger une jeunesse performante et avide de connaissances.<\/p>\n<\/div><\/section><br \/>\n<div  class='avia-button-wrap av-ktcw0vq4-d4807f5b54024fd7ce4f0f9ac8a800e6-wrap avia-button-left  avia-builder-el-6  el_after_av_textblock  avia-builder-el-last'><a href='https:\/\/polaris-stiftung.ch\/wp-content\/uploads\/Web_Polaris_Folder_d.pdf'  class='avia-button av-ktcw0vq4-d4807f5b54024fd7ce4f0f9ac8a800e6 av-link-btn avia-icon_select-yes-left-icon avia-size-medium avia-position-left avia-color-theme-color'  target=\"_blank\"  rel=\"noopener noreferrer\"  aria-label=\"T\u00e9l\u00e9chargement\"><span class='avia_button_icon avia_button_icon_left avia-iconfont avia-font-entypo-fontello' data-av_icon='\ue82d' data-av_iconfont='entypo-fontello' ><\/span><span class='avia_iconbox_title' >T\u00e9l\u00e9chargement<\/span><\/a><\/div><\/p><\/div><div class='av-flex-placeholder'><\/div>\n<style type=\"text\/css\" data-created_by=\"avia_inline_auto\" id=\"style-css-av-ktcvwee4-9-b604faa5255c56bb48b9fee14077067d\">\n#top .flex_column_table.av-equal-height-column-flextable.av-ktcvwee4-9-b604faa5255c56bb48b9fee14077067d{\nmargin-top:30px;\nmargin-bottom:0px;\n}\n.flex_column.av-ktcvwee4-9-b604faa5255c56bb48b9fee14077067d{\nborder-width:1px;\nborder-style:solid;\nborder-radius:0px 0px 0px 0px;\npadding:20px 20px 20px 20px;\nbackground-color:#ffffff;\n}\n<\/style>\n<div  class='flex_column av-ktcvwee4-9-b604faa5255c56bb48b9fee14077067d av_one_half  avia-builder-el-7  el_after_av_one_half  avia-builder-el-last  flex_column_table_cell av-equal-height-column av-align-top'     ><p>\n<style type=\"text\/css\" data-created_by=\"avia_inline_auto\" id=\"style-css-av-kpnlgu-62360398132e47ba0eccf8b294daa995\">\n#top .av-special-heading.av-kpnlgu-62360398132e47ba0eccf8b294daa995{\npadding-bottom:10px;\n}\nbody .av-special-heading.av-kpnlgu-62360398132e47ba0eccf8b294daa995 .av-special-heading-tag .heading-char{\nfont-size:25px;\n}\n.av-special-heading.av-kpnlgu-62360398132e47ba0eccf8b294daa995 .av-subheading{\nfont-size:15px;\n}\n<\/style>\n<div  class='av-special-heading av-kpnlgu-62360398132e47ba0eccf8b294daa995 av-special-heading-h3  avia-builder-el-8  el_before_av_textblock  avia-builder-el-first'><h3 class='av-special-heading-tag'  >Devenir donateur<\/h3><div class=\"special-heading-border\"><div class=\"special-heading-inner-border\"><\/div><\/div><\/div><br \/>\n<section  class='av_textblock_section av-ktcw01d2-8-c9a4ad92aa9a2f4196842093140c879a'  ><div class='avia_textblock' ><p>Devenez maintenant donateur ou donatrice et soutenez ainsi polaris en tant que fondation d'utilit\u00e9 publique. <span dir=\"ltr\" role=\"presentation\">Profitez maintenant de l'occasion unique qui vous est offerte de donner un signal clair en tant que partenaire engag\u00e9 et fiable du syst\u00e8me de formation en alternance. <\/span><span dir=\"ltr\" role=\"presentation\">de mettre en place. <\/span><\/p>\n<\/div><\/section><br \/>\n<div  class='avia-button-wrap av-ktcw0vq4-7-181d5316e269af648c39fb813cc87619-wrap avia-button-left  avia-builder-el-10  el_after_av_textblock  avia-builder-el-last'><a href='https:\/\/polaris-stiftung.ch\/fr\/contact\/'  class='avia-button av-ktcw0vq4-7-181d5316e269af648c39fb813cc87619 av-link-btn avia-icon_select-yes-left-icon avia-size-medium avia-position-left avia-color-theme-color'  target=\"_blank\"  rel=\"noopener noreferrer\"  aria-label=\"Demande\"><span class='avia_button_icon avia_button_icon_left avia-iconfont avia-font-entypo-fontello' data-av_icon='\ue805' data-av_iconfont='entypo-fontello' ><\/span><span class='avia_iconbox_title' >Demande<\/span><\/a><\/div><\/p><\/div><\/div><!--close column table wrapper. Autoclose: 1 -->\n\n<\/div><\/div><\/main><!-- close content main element --><\/div><\/div><\/div><div id='av_section_2'  class='avia-section av-ktcw6tok-4ac409c33a8b7c31fee89a61f2892384 alternate_color avia-section-large avia-no-border-styling  avia-builder-el-11  el_after_av_section  avia-builder-el-last  avia-bg-style-scroll container_wrap fullsize'  ><div class='container av-section-cont-open' ><div class='template-page content  av-content-full alpha units'><div class='post-entry post-entry-type-page post-entry-14830'><div class='entry-content-wrapper clearfix'>\n\n<style type=\"text\/css\" data-created_by=\"avia_inline_auto\" id=\"style-css-av-tprz72-b131505c0b0b18c44ffabab6ea73540f\">\n.flex_column.av-tprz72-b131505c0b0b18c44ffabab6ea73540f{\nborder-radius:0px 0px 0px 0px;\npadding:0px 0px 0px 0px;\n}\n<\/style>\n<div  class='flex_column av-tprz72-b131505c0b0b18c44ffabab6ea73540f av_one_fourth  avia-builder-el-12  el_before_av_one_fourth  avia-builder-el-first  first flex_column_div av-zero-column-padding'     ><section  class='av_textblock_section av-kwqakzvm-24f4cb6b54f791b03859bca1943051cf'  ><div class='avia_textblock' ><ul>\n<li>A. &amp; J. St\u00f6ckli AG<br \/>\n8754 Netstal<\/li>\n<li>Adrian Hager (Priv\u00e9)<br \/>\n8867 Niederurnen<\/li>\n<li>Allchemet AG<br \/>\n8340 Hinwil<\/li>\n<li>Anita Schweizer (priv\u00e9e)<br \/>\n8444 Henggart<\/li>\n<li>Peur Rolf (\u2020)<br \/>\n8330 Pf\u00e4ffikon ZH<\/li>\n<li>Annalis Braunwalder-Lehmann (Priv\u00e9)<br \/>\n9200 Gossau<\/li>\n<li>Astrid &amp; Christoph Rotermund (Priv\u00e9)<br \/>\n8484 Weisslingen<\/li>\n<li>Caisse de compensation de Verom<br \/>\n8952 Schlieren<\/li>\n<li>Bernasconi Figli<br \/>\n6830 Chiasso<\/li>\n<li>Bugmann-Steiner Bruno (\u2020)<br \/>\n6410 Goldau<\/li>\n<li>businessMart AG<br \/>\n70563 DE-Stuttgart<\/li>\n<li>Christian Fiechter (Priv\u00e9)<br \/>\n9435 Heerbrugg<\/li>\n<li>Doris Widmer (Priv\u00e9)<br \/>\n6630 Cham<\/li>\n<li>e + h Services AG<br \/>\n4658 D\u00e4niken SO<\/li>\n<li>E. Buschor AG<br \/>\n9450 Altst\u00e4tten<\/li>\n<li>Ernst Karl Albert (Charly) (\u2020)<br \/>\n8173 Riedt pr\u00e8s de Neerach<\/li>\n<li>Fabrica Culinaria<br \/>\n8304 Wallisellen<\/li>\n<\/ul>\n<\/div><\/section><\/div>\n<style type=\"text\/css\" data-created_by=\"avia_inline_auto\" id=\"style-css-av-tprz72-6-a377c548d007611f8854fa4a59dad1da\">\n.flex_column.av-tprz72-6-a377c548d007611f8854fa4a59dad1da{\nborder-radius:0px 0px 0px 0px;\npadding:0px 0px 0px 0px;\n}\n<\/style>\n<div  class='flex_column av-tprz72-6-a377c548d007611f8854fa4a59dad1da av_one_fourth  avia-builder-el-14  el_after_av_one_fourth  el_before_av_one_fourth  flex_column_div av-zero-column-padding'     ><section  class='av_textblock_section av-kwqakzvm-5-e782446ecc40d0d7fe9d054188fcd4c3'  ><div class='avia_textblock' ><ul>\n<li>Fanti Consulting AG<br \/>\n8610 Uster<\/li>\n<li>Festool Suisse SA<br \/>\n8953 Dietikon<\/li>\n<li>Frank van Pernis (Priv\u00e9)<br \/>\n8303 Bassersdorf<\/li>\n<li>Gebo Druck AG<br \/>\n8048 Zurich<\/li>\n<li>GEDORE Omnitool GmbH<br \/>\n8957 Spreitenbach<\/li>\n<li>Gertrud Fanti (Priv\u00e9)<br \/>\n8610 Uster<\/li>\n<li>Gudrun Bolis (Priv\u00e9)<br \/>\n8266 Steckborn<\/li>\n<li>Hager Ferrures d\u00e9coratives SA<br \/>\n8867 Niederurnen<\/li>\n<li>H\u00e4usler Peter (\u2020)<br \/>\n8942 Oberrieden<\/li>\n<li>Hans Huber (Priv\u00e9)<br \/>\n9050 Appenzell<\/li>\n<li>Hans-Peter Sahli (Priv\u00e9)<br \/>\n8903 Birmensdorf<\/li>\n<li>Hansruedi Gattiker (Priv\u00e9)<br \/>\n8832 Wollerau<\/li>\n<li>Horst Trepte (Priv\u00e9)<br \/>\n9435 Heerbrugg<\/li>\n<li>I. D. Individual Doors SA<br \/>\n1774 Cousset<\/li>\n<li>Interferex AG<br \/>\n8304 Wallisellen<\/li>\n<li>Jules Rosenberger (Priv\u00e9)<br \/>\n8910 Affoltern am Albis<\/li>\n<li>Keller Sirnach AG<br \/>\n8370 Sirnach<\/li>\n<li>Kramer Heinz (\u2020)<br \/>\n3280 Morat-Morat<\/li>\n<\/ul>\n<\/div><\/section><\/div>\n<style type=\"text\/css\" data-created_by=\"avia_inline_auto\" id=\"style-css-av-tprz72-4-39c8b560eed1779ccd0e0f12f0acf40c\">\n.flex_column.av-tprz72-4-39c8b560eed1779ccd0e0f12f0acf40c{\nborder-radius:0px 0px 0px 0px;\npadding:0px 0px 0px 0px;\n}\n<\/style>\n<div  class='flex_column av-tprz72-4-39c8b560eed1779ccd0e0f12f0acf40c av_one_fourth  avia-builder-el-16  el_after_av_one_fourth  el_before_av_one_fourth  flex_column_div av-zero-column-padding'     ><section  class='av_textblock_section av-kwqakzvm-3-301e19a082c40db85c0b2437b545e1ae'  ><div class='avia_textblock' ><ul>\n<li>KOCH Group SA<br \/>\n8304 Wallisellen<\/li>\n<li>Ledermann Quincaillerie et M\u00e9nage SA<br \/>\n3422 Kirchberg<\/li>\n<li>LIMEX Handels GmbH<br \/>\n8716 Schmerikon<\/li>\n<li>Max Baumann (Priv\u00e9)<br \/>\n8706 Meilen<\/li>\n<li>Messe Luzern AG<br \/>\n6005 Lucerne<\/li>\n<li>meyer ag<br \/>\n6260 Reiden<\/li>\n<li>muff haushalt ag<br \/>\n4450 Sissach<\/li>\n<li>nexMart GmbH + Co. KG<br \/>\n70563 Stuttgart ALLEMAGNE<\/li>\n<li>nexMart Suisse SA<br \/>\n8304 Wallisellen<\/li>\n<li>Nicole Fellay-Bornet (Priv\u00e9)<br \/>\n1462 Yvonand<\/li>\n<li>PB Swiss Tools AG<br \/>\n3457 Wasen dans l'Emmental<\/li>\n<li>PK Merlion<br \/>\n8304 Wallisellen<\/li>\n<li>Quincaillerie DAENZER<br \/>\n1660 Les Moulins<\/li>\n<li>Quincaillerie du L\u00e9man S.A.<br \/>\n1030 Bussigny<\/li>\n<li>Robert Huber AG<br \/>\n5507 Mellingen<\/li>\n<li>Sch\u00f6ni Handels AG<br \/>\n3700 Spiez<\/li>\n<li>Sections de Swissavant (Divers)<\/li>\n<li>SFS unimarket AG<br \/>\n9435 Heerbrugg<\/li>\n<\/ul>\n<\/div><\/section><\/div>\n<style type=\"text\/css\" data-created_by=\"avia_inline_auto\" id=\"style-css-av-tprz72-2-8f73e2c82208b08b2411083d8de80ba5\">\n.flex_column.av-tprz72-2-8f73e2c82208b08b2411083d8de80ba5{\nborder-radius:0px 0px 0px 0px;\npadding:0px 0px 0px 0px;\n}\n<\/style>\n<div  class='flex_column av-tprz72-2-8f73e2c82208b08b2411083d8de80ba5 av_one_fourth  avia-builder-el-18  el_after_av_one_fourth  avia-builder-el-last  flex_column_div av-zero-column-padding'     ><section  class='av_textblock_section av-kwqakzvm-1-842652ac6189403963ad7ee9c4eb50c2'  ><div class='avia_textblock' ><ul>\n<li>Stefanie Grees (Priv\u00e9)<br \/>\n8304 Wallisellen<\/li>\n<li>Suzanne Baumann-Baur (Priv\u00e9)<br \/>\n8706 Meilen<\/li>\n<li>Swissavant<br \/>\n8304 Wallisellen<\/li>\n<li>Collaborateurs de Swissavant<br \/>\n8304 Wallisellen<\/li>\n<li>Tedoc GmbH<br \/>\n9403 Goldach<\/li>\n<li>Thomas Schlegel (Priv\u00e9)<br \/>\n8057 Zurich<\/li>\n<li>Top Table<br \/>\n6005 Lucerne<\/li>\n<li>Trepte-Wuest Yvonne (\u2020)<br \/>\n9435 Heerbrugg<\/li>\n<li>Victorinox AG<br \/>\n6438 Ibach<\/li>\n<li>VSM Association Suisse. Ma\u00eetres couteliers<br \/>\n3400 Burgdorf<\/li>\n<li>W. Marthy Eisenwaren AG<br \/>\n8890 Flums<\/li>\n<li>Wolfgang Windlin (Priv\u00e9)<br \/>\n8340 Hinwil<\/li>\n<li>Zeidler-Kohler Kurt Eugen (\u2020)<br \/>\n2560 Nidau<\/li>\n<li>Zemp Othmar (\u2020)<br \/>\n6110 Wolhusen<\/li>\n<li>Zinsli Eisenwaren + Hauhalt AG<br \/>\n7130 Ilanz<\/li>\n<li>Zwahlen J\u00fcrg (\u2020)<br \/>\n9495 Triesen<\/li>\n<\/ul>\n<\/div><\/section><\/div>","protected":false},"excerpt":{"rendered":"","protected":false},"author":1,"featured_media":0,"parent":14719,"menu_order":3,"comment_status":"closed","ping_status":"closed","template":"","meta":{"_seopress_robots_primary_cat":"","_seopress_titles_title":"","_seopress_titles_desc":"","_seopress_robots_index":"","footnotes":""},"folder":[],"class_list":["post-14830","page","type-page","status-publish","hentry"],"_links":{"self":[{"href":"https:\/\/polaris-stiftung.ch\/fr\/wp-json\/wp\/v2\/pages\/14830","targetHints":{"allow":["GET"]}}],"collection":[{"href":"https:\/\/polaris-stiftung.ch\/fr\/wp-json\/wp\/v2\/pages"}],"about":[{"href":"https:\/\/polaris-stiftung.ch\/fr\/wp-json\/wp\/v2\/types\/page"}],"author":[{"embeddable":true,"href":"https:\/\/polaris-stiftung.ch\/fr\/wp-json\/wp\/v2\/users\/1"}],"replies":[{"embeddable":true,"href":"https:\/\/polaris-stiftung.ch\/fr\/wp-json\/wp\/v2\/comments?post=14830"}],"version-history":[{"count":5,"href":"https:\/\/polaris-stiftung.ch\/fr\/wp-json\/wp\/v2\/pages\/14830\/revisions"}],"predecessor-version":[{"id":17598,"href":"https:\/\/polaris-stiftung.ch\/fr\/wp-json\/wp\/v2\/pages\/14830\/revisions\/17598"}],"up":[{"embeddable":true,"href":"https:\/\/polaris-stiftung.ch\/fr\/wp-json\/wp\/v2\/pages\/14719"}],"wp:attachment":[{"href":"https:\/\/polaris-stiftung.ch\/fr\/wp-json\/wp\/v2\/media?parent=14830"}],"wp:term":[{"taxonomy":"folder","embeddable":true,"href":"https:\/\/polaris-stiftung.ch\/fr\/wp-json\/wp\/v2\/folder?post=14830"}],"curies":[{"name":"wp","href":"https:\/\/api.w.org\/{rel}","templated":true}]}}