{"id":14826,"date":"2021-09-06T19:13:24","date_gmt":"2021-09-06T17:13:24","guid":{"rendered":"https:\/\/polaris.aretis-staging.ch\/?page_id=14826"},"modified":"2022-04-29T14:54:46","modified_gmt":"2022-04-29T12:54:46","slug":"idee-de-la-fondation","status":"publish","type":"page","link":"https:\/\/polaris-stiftung.ch\/fr\/la-fondation\/idee-de-la-fondation\/","title":{"rendered":"Id\u00e9e de fondation"},"content":{"rendered":"<div id='layer_slider_1'  class='avia-layerslider main_color avia-shadow  avia-builder-el-0  el_before_av_section  avia-builder-el-first  container_wrap fullsize'  style='height: 701px;'  ><\/div>\n\n<style type=\"text\/css\" data-created_by=\"avia_inline_auto\" id=\"style-css-av-30xqkc4-5c780fe916bfb326199fef6055caa405\">\n.avia-section.av-30xqkc4-5c780fe916bfb326199fef6055caa405{\nbackground-color:#f4f4f4;\nbackground-image:unset;\n}\n<\/style>\n<div id='av_section_1'  class='avia-section av-30xqkc4-5c780fe916bfb326199fef6055caa405 alternate_color avia-section-huge avia-shadow  avia-builder-el-1  el_after_av_layerslider  el_before_av_section  avia-bg-style-scroll container_wrap fullsize'  ><div class='container av-section-cont-open' ><div class='template-page content  av-content-full alpha units'><div class='post-entry post-entry-type-page post-entry-14826'><div class='entry-content-wrapper clearfix'>\n\n<style type=\"text\/css\" data-created_by=\"avia_inline_auto\" id=\"style-css-av-kt8zwaal-2ae8b6020380c40f3f9537ed54544988\">\n#top .av-special-heading.av-kt8zwaal-2ae8b6020380c40f3f9537ed54544988{\npadding-bottom:30px;\n}\nbody .av-special-heading.av-kt8zwaal-2ae8b6020380c40f3f9537ed54544988 .av-special-heading-tag .heading-char{\nfont-size:25px;\n}\n.av-special-heading.av-kt8zwaal-2ae8b6020380c40f3f9537ed54544988 .av-subheading{\nfont-size:30px;\n}\n<\/style>\n<div  class='av-special-heading av-kt8zwaal-2ae8b6020380c40f3f9537ed54544988 av-special-heading-h1 blockquote modern-quote modern-centered  avia-builder-el-2  el_before_av_hr  avia-builder-el-first  av-linked-heading'><h1 class='av-special-heading-tag'  >Id\u00e9e de fondation<\/h1><div class='av-subheading av-subheading_below'><p>Formation professionnelle - exiger et encourager<\/p>\n<\/div><div class=\"special-heading-border\"><div class=\"special-heading-inner-border\"><\/div><\/div><\/div>\n\n<style type=\"text\/css\" data-created_by=\"avia_inline_auto\" id=\"style-css-av-wmo4xo-e72941015c359dbc7803628033a45693\">\n#top .hr.av-wmo4xo-e72941015c359dbc7803628033a45693{\nmargin-top:5px;\nmargin-bottom:40px;\n}\n.hr.av-wmo4xo-e72941015c359dbc7803628033a45693 .hr-inner{\nwidth:150px;\nborder-color:#0088bc;\n}\n<\/style>\n<div  class='hr av-wmo4xo-e72941015c359dbc7803628033a45693 hr-custom  avia-builder-el-3  el_after_av_heading  el_before_av_one_half  trennlinie_punkt hr-center hr-icon-no'><span class='hr-inner inner-border-av-border-fat'><span class=\"hr-inner-style\"><\/span><\/span><\/div>\n\n<style type=\"text\/css\" data-created_by=\"avia_inline_auto\" id=\"style-css-av-2vsv1kk-cfd0ff8347ba6b4f5ec5ec141c23abe2\">\n.flex_column.av-2vsv1kk-cfd0ff8347ba6b4f5ec5ec141c23abe2{\nborder-radius:0px 0px 0px 0px;\npadding:45px 0px 0px 0px;\n}\n<\/style>\n<div  class='flex_column av-2vsv1kk-cfd0ff8347ba6b4f5ec5ec141c23abe2 av_one_half  avia-builder-el-4  el_after_av_hr  el_before_av_one_half  first flex_column_div av-animated-generic left-to-right'     ><style type=\"text\/css\" data-created_by=\"avia_inline_auto\" id=\"style-css-av-a3u2o4-a6165a792e61a6f5eb84e9ecb87e222b\">\n.avia-image-container.av-a3u2o4-a6165a792e61a6f5eb84e9ecb87e222b img.avia_image{\nbox-shadow:none;\n}\n.avia-image-container.av-a3u2o4-a6165a792e61a6f5eb84e9ecb87e222b .av-image-caption-overlay-center{\ncolor:#ffffff;\n}\n<\/style>\n<div  class='avia-image-container av-a3u2o4-a6165a792e61a6f5eb84e9ecb87e222b av-styling- avia_animated_image av-animated-when-visible-95 left-to-right avia-align-center  avia-builder-el-5  avia-builder-el-no-sibling'  ><div class=\"avia-image-container-inner\"><div class=\"avia-image-overlay-wrap\"><img decoding=\"async\" fetchpriority=\"high\" class='wp-image-14855 avia-img-lazy-loading-not-14855 avia_image' src=\"https:\/\/polaris-stiftung.ch\/wp-content\/uploads\/stiftungsidee1.jpg\" alt='' title=''  height=\"667\" width=\"1000\" srcset=\"https:\/\/polaris-stiftung.ch\/wp-content\/uploads\/stiftungsidee1.jpg 1000w, https:\/\/polaris-stiftung.ch\/wp-content\/uploads\/stiftungsidee1-300x200.jpg 300w, https:\/\/polaris-stiftung.ch\/wp-content\/uploads\/stiftungsidee1-768x512.jpg 768w, https:\/\/polaris-stiftung.ch\/wp-content\/uploads\/stiftungsidee1-705x470.jpg 705w\" sizes=\"(max-width: 1000px) 100vw, 1000px\" \/><\/div><\/div><\/div><\/div>\n<style type=\"text\/css\" data-created_by=\"avia_inline_auto\" id=\"style-css-av-2rnio6s-3b17d385211e22b492119f66cf2183ef\">\n.flex_column.av-2rnio6s-3b17d385211e22b492119f66cf2183ef{\nborder-radius:0px 0px 0px 0px;\npadding:45px 0px 0px 0px;\n}\n<\/style>\n<div  class='flex_column av-2rnio6s-3b17d385211e22b492119f66cf2183ef av_one_half  avia-builder-el-6  el_after_av_one_half  avia-builder-el-last  flex_column_div av-animated-generic fade-in'     ><section  class='av_textblock_section av-2oq3ntg-d09480bfdd338f53ae29b7bf5c14161a'  ><div class='avia_textblock' ><p><span class='av_dropcap1 av-av_dropcap1-3cd9da5fea0ef5fb27aee617571c39a3'>L<\/span>a formation professionnelle suisse, avec son syst\u00e8me de formation dual, est sans conteste un mod\u00e8le de r\u00e9ussite pour l'industrie et le commerce (de d\u00e9tail). En toute logique, il convient d'exiger et d'encourager d\u00e8s le d\u00e9part une jeunesse professionnelle performante et avide de connaissances, en tant que base de nos secteurs \u00e9conomiques et pour assurer notre succ\u00e8s futur.<\/p>\n<blockquote>\n<p>Gr\u00e2ce \u00e0 leur soif de connaissances et de formation, les jeunes professionnels renforcent \u00e0 long terme notre site \u00e9conomique et donc notre comp\u00e9titivit\u00e9 dans le commerce (de d\u00e9tail) - m\u00eame au-del\u00e0 de nos fronti\u00e8res !<\/p>\n<\/blockquote>\n<\/div><\/section><\/div>\n\n<\/div><\/div><\/div><!-- close content main div --><\/div><\/div><div id='av_section_2'  class='avia-section av-6t110m-26906fa866dea9ed9b96ad3d30968dd7 alternate_color avia-section-huge avia-no-border-styling  avia-builder-el-8  el_after_av_section  el_before_av_section  avia-bg-style-scroll container_wrap fullsize'  ><div class='container av-section-cont-open' ><div class='template-page content  av-content-full alpha units'><div class='post-entry post-entry-type-page post-entry-14826'><div class='entry-content-wrapper clearfix'>\n<div class='flex_column_table av-6pupi-b29b82d9d36b384dbe6d7d94f8f0d8ab sc-av_one_half av-break-at-tablet-flextable av-equal-height-column-flextable'>\n<style type=\"text\/css\" data-created_by=\"avia_inline_auto\" id=\"style-css-av-6pupi-b29b82d9d36b384dbe6d7d94f8f0d8ab\">\n.flex_column.av-6pupi-b29b82d9d36b384dbe6d7d94f8f0d8ab{\nborder-width:1px;\nborder-style:solid;\nborder-radius:0px 0px 0px 0px;\npadding:30px 30px 30px 30px;\nbackground-color:#f9f9f9;\n}\n<\/style>\n<div  class='flex_column av-6pupi-b29b82d9d36b384dbe6d7d94f8f0d8ab av_one_half  avia-builder-el-9  el_before_av_one_half  avia-builder-el-first  first av-break-at-tablet flex_column_table_cell av-equal-height-column av-align-top av-animated-generic top-to-bottom'     ><p>\n<style type=\"text\/css\" data-created_by=\"avia_inline_auto\" id=\"style-css-av-696gfe-b5ec3b6005c7eb4648b5f3b6187045b8\">\n#top .av-special-heading.av-696gfe-b5ec3b6005c7eb4648b5f3b6187045b8{\npadding-bottom:10px;\n}\nbody .av-special-heading.av-696gfe-b5ec3b6005c7eb4648b5f3b6187045b8 .av-special-heading-tag .heading-char{\nfont-size:25px;\n}\n.av-special-heading.av-696gfe-b5ec3b6005c7eb4648b5f3b6187045b8 .av-subheading{\nfont-size:15px;\n}\n<\/style>\n<div  class='av-special-heading av-696gfe-b5ec3b6005c7eb4648b5f3b6187045b8 av-special-heading-h4  avia-builder-el-10  el_before_av_hr  avia-builder-el-first  av-linked-heading'><h4 class='av-special-heading-tag'  >Formation professionnelle pour les jeunes<\/h4><div class=\"special-heading-border\"><div class=\"special-heading-inner-border\"><\/div><\/div><\/div><br \/>\n\n<style type=\"text\/css\" data-created_by=\"avia_inline_auto\" id=\"style-css-av-k7vwkz2x-9e81edb91baf7427c4c4fcc1341a943e\">\n#top .hr.hr-invisible.av-k7vwkz2x-9e81edb91baf7427c4c4fcc1341a943e{\nheight:7px;\n}\n<\/style>\n<div  class='hr av-k7vwkz2x-9e81edb91baf7427c4c4fcc1341a943e hr-invisible  avia-builder-el-11  el_after_av_heading  el_before_av_textblock'><span class='hr-inner'><span class=\"hr-inner-style\"><\/span><\/span><\/div><br \/>\n<section  class='av_textblock_section av-conrpi-73bb8250c4c99b63f75528634ad988d8'  ><div class='avia_textblock' ><p><span class='av_dropcap1 av-av_dropcap1-3cd9da5fea0ef5fb27aee617571c39a3'>M<\/span>a formation professionnelle de nos jeunes, orient\u00e9e vers la performance, est une t\u00e2che de base importante de l'association.<\/p>\n<\/div><\/section><br \/>\n\n<style type=\"text\/css\" data-created_by=\"avia_inline_auto\" id=\"style-css-av-zfcydm-44bea5d8300abd358541e536f0cae12a\">\n#top .av-special-heading.av-zfcydm-44bea5d8300abd358541e536f0cae12a{\npadding-bottom:10px;\n}\nbody .av-special-heading.av-zfcydm-44bea5d8300abd358541e536f0cae12a .av-special-heading-tag .heading-char{\nfont-size:25px;\n}\n.av-special-heading.av-zfcydm-44bea5d8300abd358541e536f0cae12a .av-subheading{\nfont-size:15px;\n}\n<\/style>\n<div  class='av-special-heading av-zfcydm-44bea5d8300abd358541e536f0cae12a av-special-heading-h4  avia-builder-el-13  el_after_av_textblock  el_before_av_hr  av-linked-heading'><h4 class='av-special-heading-tag'  >Formation professionnelle en alternance<\/h4><div class=\"special-heading-border\"><div class=\"special-heading-inner-border\"><\/div><\/div><\/div><br \/>\n\n<style type=\"text\/css\" data-created_by=\"avia_inline_auto\" id=\"style-css-av-k7vwkz2x-9e81edb91baf7427c4c4fcc1341a943e\">\n#top .hr.hr-invisible.av-k7vwkz2x-9e81edb91baf7427c4c4fcc1341a943e{\nheight:7px;\n}\n<\/style>\n<div  class='hr av-k7vwkz2x-9e81edb91baf7427c4c4fcc1341a943e hr-invisible  avia-builder-el-14  el_after_av_heading  el_before_av_textblock'><span class='hr-inner'><span class=\"hr-inner-style\"><\/span><\/span><\/div><br \/>\n<section  class='av_textblock_section av-conrpi-73bb8250c4c99b63f75528634ad988d8'  ><div class='avia_textblock' ><p><span class='av_dropcap1 av-av_dropcap1-3cd9da5fea0ef5fb27aee617571c39a3'>L<\/span>a formation professionnelle duale gagne ainsi en notori\u00e9t\u00e9, en profil et en image \u00e0 long terme dans nos secteurs. Il s'agit l\u00e0 d'une mission essentielle de notre fondation de soutien polaris, car il est n\u00e9cessaire d'am\u00e9liorer fortement et durablement, au sein du grand public, la conscience actuelle et l'opinion dominante concernant la formation professionnelle duale dans le commerce (de d\u00e9tail).<\/p>\n<\/div><\/section><\/p><\/div><div class='av-flex-placeholder'><\/div>\n<style type=\"text\/css\" data-created_by=\"avia_inline_auto\" id=\"style-css-av-6pupi-8693312a5cf86d39d0dffe6e8e475151\">\n.flex_column.av-6pupi-8693312a5cf86d39d0dffe6e8e475151{\nborder-width:1px;\nborder-style:solid;\nborder-radius:0px 0px 0px 0px;\npadding:30px 30px 30px 30px;\nbackground-color:#f9f9f9;\n}\n<\/style>\n<div  class='flex_column av-6pupi-8693312a5cf86d39d0dffe6e8e475151 av_one_half  avia-builder-el-16  el_after_av_one_half  avia-builder-el-last  av-break-at-tablet flex_column_table_cell av-equal-height-column av-align-top av-animated-generic top-to-bottom'     ><p>\n<style type=\"text\/css\" data-created_by=\"avia_inline_auto\" id=\"style-css-av-kytrzw3w-14d907247ea941e78ceeb666ff06365a\">\n#top .av-special-heading.av-kytrzw3w-14d907247ea941e78ceeb666ff06365a{\npadding-bottom:10px;\n}\nbody .av-special-heading.av-kytrzw3w-14d907247ea941e78ceeb666ff06365a .av-special-heading-tag .heading-char{\nfont-size:25px;\n}\n.av-special-heading.av-kytrzw3w-14d907247ea941e78ceeb666ff06365a .av-subheading{\nfont-size:15px;\n}\n<\/style>\n<div  class='av-special-heading av-kytrzw3w-14d907247ea941e78ceeb666ff06365a av-special-heading-h4  avia-builder-el-17  el_before_av_hr  avia-builder-el-first  av-linked-heading'><h4 class='av-special-heading-tag'  >Pr\u00e9senter l'apprentissage comme une formation attrayante<\/h4><div class=\"special-heading-border\"><div class=\"special-heading-inner-border\"><\/div><\/div><\/div><br \/>\n\n<style type=\"text\/css\" data-created_by=\"avia_inline_auto\" id=\"style-css-av-k7vwkz2x-9e81edb91baf7427c4c4fcc1341a943e\">\n#top .hr.hr-invisible.av-k7vwkz2x-9e81edb91baf7427c4c4fcc1341a943e{\nheight:7px;\n}\n<\/style>\n<div  class='hr av-k7vwkz2x-9e81edb91baf7427c4c4fcc1341a943e hr-invisible  avia-builder-el-18  el_after_av_heading  el_before_av_textblock'><span class='hr-inner'><span class=\"hr-inner-style\"><\/span><\/span><\/div><br \/>\n<section  class='av_textblock_section av-conrpi-73bb8250c4c99b63f75528634ad988d8'  ><div class='avia_textblock' ><p><span class='av_dropcap1 av-av_dropcap1-3cd9da5fea0ef5fb27aee617571c39a3'>L<\/span>a fois notre pr\u00e9occupation et notre objectif. Sous l'effet de la concurrence croissante et de la mondialisation, les d\u00e9cideurs de l'industrie et du commerce sont appel\u00e9s \u00e0 assumer cette responsabilit\u00e9 politique sectorielle, car \u00e0 long terme, l'utilit\u00e9 de la formation professionnelle en alternance pour notre \u00e9conomie et notre soci\u00e9t\u00e9 est indiscutable.<\/p>\n<\/div><\/section><br \/>\n\n<style type=\"text\/css\" data-created_by=\"avia_inline_auto\" id=\"style-css-av-mysz7u-a11fee020c4b224318ddef6d520428f3\">\n#top .av-special-heading.av-mysz7u-a11fee020c4b224318ddef6d520428f3{\npadding-bottom:10px;\n}\nbody .av-special-heading.av-mysz7u-a11fee020c4b224318ddef6d520428f3 .av-special-heading-tag .heading-char{\nfont-size:25px;\n}\n.av-special-heading.av-mysz7u-a11fee020c4b224318ddef6d520428f3 .av-subheading{\nfont-size:15px;\n}\n<\/style>\n<div  class='av-special-heading av-mysz7u-a11fee020c4b224318ddef6d520428f3 av-special-heading-h4  avia-builder-el-20  el_after_av_textblock  el_before_av_hr  av-linked-heading'><h4 class='av-special-heading-tag'  >Un engagement honn\u00eate<\/h4><div class=\"special-heading-border\"><div class=\"special-heading-inner-border\"><\/div><\/div><\/div><br \/>\n\n<style type=\"text\/css\" data-created_by=\"avia_inline_auto\" id=\"style-css-av-k7vwkz2x-9e81edb91baf7427c4c4fcc1341a943e\">\n#top .hr.hr-invisible.av-k7vwkz2x-9e81edb91baf7427c4c4fcc1341a943e{\nheight:7px;\n}\n<\/style>\n<div  class='hr av-k7vwkz2x-9e81edb91baf7427c4c4fcc1341a943e hr-invisible  avia-builder-el-21  el_after_av_heading  el_before_av_textblock'><span class='hr-inner'><span class=\"hr-inner-style\"><\/span><\/span><\/div><br \/>\n<section  class='av_textblock_section av-conrpi-73bb8250c4c99b63f75528634ad988d8'  ><div class='avia_textblock' ><p><span class='av_dropcap1 av-av_dropcap1-3cd9da5fea0ef5fb27aee617571c39a3'>L<\/span>e constat sugg\u00e8re \u00e9galement \u00e0 tous les partenaires de nos segments \u00e9conomiques de s'engager sinc\u00e8rement en faveur de notre fondation de soutien polaris et donc de notre secteur \u00e9conomique.<\/p>\n<\/div><\/section><\/p><\/div><\/div><!--close column table wrapper. Autoclose: 1 -->\n\n<\/div><\/div><\/div><!-- close content main div --><\/div><\/div>\n<style type=\"text\/css\" data-created_by=\"avia_inline_auto\" id=\"style-css-av-kt8zfgko-6104013f264657afc321611d0ff8dfa9\">\n.avia-section.av-kt8zfgko-6104013f264657afc321611d0ff8dfa9 .av-parallax .av-parallax-inner{\nbackground-repeat:no-repeat;\nbackground-image:url(https:\/\/polaris-stiftung.ch\/wp-content\/uploads\/stiftungsidee_parallax.jpg);\nbackground-position:50% 50%;\nbackground-attachment:scroll;\n}\n.avia-section.av-kt8zfgko-6104013f264657afc321611d0ff8dfa9 .av-section-color-overlay{\nopacity:0.5;\nbackground-color:#000000;\n}\n<\/style>\n<div id='av_section_3'  class='avia-section av-kt8zfgko-6104013f264657afc321611d0ff8dfa9 main_color avia-section-huge avia-no-border-styling  avia-builder-el-23  el_after_av_section  avia-builder-el-last  av-parallax-section avia-bg-style-parallax av-section-color-overlay-active container_wrap fullsize'  data-section-bg-repeat='no-repeat'><div class='av-parallax' data-avia-parallax-ratio='0.3' ><div class='av-parallax-inner main_color avia-full-stretch'><\/div><\/div><div class=\"av-section-color-overlay-wrap\"><div class=\"av-section-color-overlay\"><\/div><div class='container av-section-cont-open' ><div class='template-page content  av-content-full alpha units'><div class='post-entry post-entry-type-page post-entry-14826'><div class='entry-content-wrapper clearfix'>\n\n<style type=\"text\/css\" data-created_by=\"avia_inline_auto\" id=\"style-css-av-12qbd1m-182fe9a05163fa276b0ee4f49354dad5\">\n.flex_column.av-12qbd1m-182fe9a05163fa276b0ee4f49354dad5{\nborder-radius:0px 0px 0px 0px;\npadding:0px 0px 0px 0px;\n}\n<\/style>\n<div  class='flex_column av-12qbd1m-182fe9a05163fa276b0ee4f49354dad5 av_three_fifth  avia-builder-el-24  el_before_av_two_fifth  avia-builder-el-first  first flex_column_div av-animated-generic pop-up av-zero-column-padding'     ><p>\n<style type=\"text\/css\" data-created_by=\"avia_inline_auto\" id=\"style-css-av-v8ukne-ce216cfc7305bf0a6aee05711aae5cea\">\n#top .av-special-heading.av-v8ukne-ce216cfc7305bf0a6aee05711aae5cea{\npadding-bottom:10px;\ncolor:#ffffff;\nfont-size:36px;\n}\nbody .av-special-heading.av-v8ukne-ce216cfc7305bf0a6aee05711aae5cea .av-special-heading-tag .heading-char{\nfont-size:25px;\n}\n#top #wrap_all .av-special-heading.av-v8ukne-ce216cfc7305bf0a6aee05711aae5cea .av-special-heading-tag{\nfont-size:36px;\n}\n.av-special-heading.av-v8ukne-ce216cfc7305bf0a6aee05711aae5cea .special-heading-inner-border{\nborder-color:#ffffff;\n}\n.av-special-heading.av-v8ukne-ce216cfc7305bf0a6aee05711aae5cea .av-subheading{\nfont-size:15px;\n}\n\n@media only screen and (min-width: 480px) and (max-width: 767px){ \n#top #wrap_all .av-special-heading.av-v8ukne-ce216cfc7305bf0a6aee05711aae5cea .av-special-heading-tag{\nfont-size:0.8em;\n}\n}\n\n@media only screen and (max-width: 479px){ \n#top #wrap_all .av-special-heading.av-v8ukne-ce216cfc7305bf0a6aee05711aae5cea .av-special-heading-tag{\nfont-size:0.8em;\n}\n}\n<\/style>\n<div  class='av-special-heading av-v8ukne-ce216cfc7305bf0a6aee05711aae5cea av-special-heading-h3 custom-color-heading blockquote modern-quote  avia-builder-el-25  el_before_av_textblock  avia-builder-el-first  av-inherit-size av-linked-heading'><h3 class='av-special-heading-tag'  >polaris incite les apprenants \u00e0 exploiter pleinement leur potentiel.<\/h3><div class=\"special-heading-border\"><div class=\"special-heading-inner-border\"><\/div><\/div><\/div><br \/>\n\n<style type=\"text\/css\" data-created_by=\"avia_inline_auto\" id=\"style-css-av-kt8zg92d-8860eaa0b389785c33287153c2418689\">\n#top .av_textblock_section.av-kt8zg92d-8860eaa0b389785c33287153c2418689 .avia_textblock{\nfont-size:22px;\ncolor:#ffffff;\n}\n<\/style>\n<section  class='av_textblock_section av-kt8zg92d-8860eaa0b389785c33287153c2418689'  ><div class='avia_textblock av_inherit_color' ><p><span class=\"normtext\">polaris - une fondation qui encourage de mani\u00e8re cibl\u00e9e la rel\u00e8ve professionnelle, am\u00e9liore durablement l'image de la formation professionnelle duale aupr\u00e8s du public et fournit ainsi demain au commerce de d\u00e9tail des collaborateurs de pointe ax\u00e9s sur la performance. <\/span><\/p>\n<\/div><\/section><\/p><\/div>\n<style type=\"text\/css\" data-created_by=\"avia_inline_auto\" id=\"style-css-av-mpvh56-23152edb34af7e7b54f52b6eab126eae\">\n.flex_column.av-mpvh56-23152edb34af7e7b54f52b6eab126eae{\nborder-radius:0px 0px 0px 0px;\npadding:0px 0px 0px 0px;\n}\n<\/style>\n<div  class='flex_column av-mpvh56-23152edb34af7e7b54f52b6eab126eae av_two_fifth  avia-builder-el-27  el_after_av_three_fifth  avia-builder-el-last  flex_column_div av-animated-generic pop-up av-zero-column-padding'     ><p><div  class='avia-button-wrap av-kt91gecb-fd54e06857e35e35de932ce9c1916060-wrap avia-button-left  avia-builder-el-28  el_before_av_hr  avia-builder-el-first'><a href='https:\/\/polaris-stiftung.ch\/fr\/contact\/'  class='avia-button av-kt91gecb-fd54e06857e35e35de932ce9c1916060 av-link-btn avia-icon_select-yes-right-icon avia-size-large avia-position-left avia-color-theme-color'   aria-label=\"Prendre contact\"><span class='avia_iconbox_title' >Prendre contact<\/span><span class='avia_button_icon avia_button_icon_right avia-iconfont avia-font-entypo-fontello' data-av_icon='\ue875' data-av_iconfont='entypo-fontello' ><\/span><\/a><\/div><br \/>\n\n<style type=\"text\/css\" data-created_by=\"avia_inline_auto\" id=\"style-css-av-kt91gov0-d06aae081a7e1c2004769f82e6bd0cd6\">\n#top .hr.hr-invisible.av-kt91gov0-d06aae081a7e1c2004769f82e6bd0cd6{\nheight:15px;\n}\n<\/style>\n<div  class='hr av-kt91gov0-d06aae081a7e1c2004769f82e6bd0cd6 hr-invisible  avia-builder-el-29  el_after_av_button  el_before_av_button'><span class='hr-inner'><span class=\"hr-inner-style\"><\/span><\/span><\/div><br \/>\n<div  class='avia-button-wrap av-kt91gecb-6961abf0f545692d5d69aedc507d650a-wrap avia-button-left  avia-builder-el-30  el_after_av_hr  avia-builder-el-last'><a href='https:\/\/polaris-stiftung.ch\/fr\/remise-des-prix\/'  class='avia-button av-kt91gecb-6961abf0f545692d5d69aedc507d650a av-link-btn avia-icon_select-yes-right-icon avia-size-large avia-position-left avia-color-theme-color'   aria-label=\"Laur\u00e9ats\"><span class='avia_iconbox_title' >Laur\u00e9ats<\/span><span class='avia_button_icon avia_button_icon_right avia-iconfont avia-font-entypo-fontello' data-av_icon='\ue875' data-av_iconfont='entypo-fontello' ><\/span><\/a><\/div><\/p><\/div>","protected":false},"excerpt":{"rendered":"","protected":false},"author":1,"featured_media":0,"parent":14719,"menu_order":1,"comment_status":"closed","ping_status":"closed","template":"","meta":{"_seopress_robots_primary_cat":"","_seopress_titles_title":"Die Stiftungsidee | F\u00f6rderstiftung polaris","_seopress_titles_desc":"Berufsbildung f\u00fcr unsere leistungsorientierte Jugend effizient und qualit\u00e4tsbewusst anzubieten ist eine wichtige Basisaufgabe des Verbandes. ","_seopress_robots_index":"","footnotes":""},"folder":[],"class_list":["post-14826","page","type-page","status-publish","hentry"],"_links":{"self":[{"href":"https:\/\/polaris-stiftung.ch\/fr\/wp-json\/wp\/v2\/pages\/14826","targetHints":{"allow":["GET"]}}],"collection":[{"href":"https:\/\/polaris-stiftung.ch\/fr\/wp-json\/wp\/v2\/pages"}],"about":[{"href":"https:\/\/polaris-stiftung.ch\/fr\/wp-json\/wp\/v2\/types\/page"}],"author":[{"embeddable":true,"href":"https:\/\/polaris-stiftung.ch\/fr\/wp-json\/wp\/v2\/users\/1"}],"replies":[{"embeddable":true,"href":"https:\/\/polaris-stiftung.ch\/fr\/wp-json\/wp\/v2\/comments?post=14826"}],"version-history":[{"count":5,"href":"https:\/\/polaris-stiftung.ch\/fr\/wp-json\/wp\/v2\/pages\/14826\/revisions"}],"predecessor-version":[{"id":16291,"href":"https:\/\/polaris-stiftung.ch\/fr\/wp-json\/wp\/v2\/pages\/14826\/revisions\/16291"}],"up":[{"embeddable":true,"href":"https:\/\/polaris-stiftung.ch\/fr\/wp-json\/wp\/v2\/pages\/14719"}],"wp:attachment":[{"href":"https:\/\/polaris-stiftung.ch\/fr\/wp-json\/wp\/v2\/media?parent=14826"}],"wp:term":[{"taxonomy":"folder","embeddable":true,"href":"https:\/\/polaris-stiftung.ch\/fr\/wp-json\/wp\/v2\/folder?post=14826"}],"curies":[{"name":"wp","href":"https:\/\/api.w.org\/{rel}","templated":true}]}}