{"id":14793,"date":"2021-09-02T21:33:54","date_gmt":"2021-09-02T19:33:54","guid":{"rendered":"https:\/\/polaris.aretis-staging.ch\/?page_id=14793"},"modified":"2022-02-01T11:27:37","modified_gmt":"2022-02-01T10:27:37","slug":"budget-gagnant","status":"publish","type":"page","link":"https:\/\/polaris-stiftung.ch\/fr\/remise-des-prix\/remise-des-prix-2019\/budget-gagnant\/","title":{"rendered":"Gagnant du budget 2019"},"content":{"rendered":"<div class='clear'><\/div><div id='sub_menu1'  class='av-submenu-container av-kt3ce23u-e246c2ef6bc0652b21bcce9a33907b44 main_color  avia-builder-el-0  el_before_av_one_full  avia-builder-el-first  av-sticky-submenu container_wrap fullsize' style='z-index:301' ><div class='container av-menu-mobile-disabled av-submenu-pos-center'><ul id=\"menu-preisverleihung\" class=\"av-subnav-menu\" role=\"menu\"><li role=\"menuitem\" id=\"menu-item-18649\" class=\"menu-item menu-item-type-post_type menu-item-object-page menu-item-top-level menu-item-top-level-1\"><a href=\"https:\/\/polaris-stiftung.ch\/fr\/17-remise-des-prix-2026\/\" tabindex=\"0\"><span class=\"avia-bullet\"><\/span><span class=\"avia-menu-text\">2026<\/span><span class=\"avia-menu-fx\"><span class=\"avia-arrow-wrap\"><span class=\"avia-arrow\"><\/span><\/span><\/span><\/a><\/li>\n<li role=\"menuitem\" id=\"menu-item-18176\" class=\"menu-item menu-item-type-post_type menu-item-object-page menu-item-top-level menu-item-top-level-2\"><a href=\"https:\/\/polaris-stiftung.ch\/fr\/remise-des-prix\/16-remise-des-prix-2025\/\" tabindex=\"0\"><span class=\"avia-bullet\"><\/span><span class=\"avia-menu-text\">2025<\/span><span class=\"avia-menu-fx\"><span class=\"avia-arrow-wrap\"><span class=\"avia-arrow\"><\/span><\/span><\/span><\/a><\/li>\n<li role=\"menuitem\" id=\"menu-item-17590\" class=\"menu-item menu-item-type-post_type menu-item-object-page menu-item-top-level menu-item-top-level-3\"><a href=\"https:\/\/polaris-stiftung.ch\/fr\/remise-des-prix\/13-preisverleihung-3\/\" tabindex=\"0\"><span class=\"avia-bullet\"><\/span><span class=\"avia-menu-text\">2024<\/span><span class=\"avia-menu-fx\"><span class=\"avia-arrow-wrap\"><span class=\"avia-arrow\"><\/span><\/span><\/span><\/a><\/li>\n<li role=\"menuitem\" id=\"menu-item-15806\" class=\"menu-item menu-item-type-post_type menu-item-object-page menu-item-top-level menu-item-top-level-4\"><a href=\"https:\/\/polaris-stiftung.ch\/fr\/remise-des-prix\/archives-des-prix\/\" tabindex=\"0\"><span class=\"avia-bullet\"><\/span><span class=\"avia-menu-text\">Archives<\/span><span class=\"avia-menu-fx\"><span class=\"avia-arrow-wrap\"><span class=\"avia-arrow\"><\/span><\/span><\/span><\/a><\/li>\n<\/ul><\/div><\/div><div class='sticky_placeholder'><\/div><div id='after_submenu_1'  class='main_color av_default_container_wrap container_wrap fullsize'  ><div class='container av-section-cont-open' ><div class='template-page content  av-content-full alpha units'><div class='post-entry post-entry-type-page post-entry-14793'><div class='entry-content-wrapper clearfix'>\n\n<style type=\"text\/css\" data-created_by=\"avia_inline_auto\" id=\"style-css-av-ue0bhf-7d9f8236c81fcf01de00c2058f551c48\">\n.flex_column.av-ue0bhf-7d9f8236c81fcf01de00c2058f551c48{\nborder-radius:0px 0px 0px 0px;\npadding:0px 0px 0px 0px;\n}\n<\/style>\n<div  class='flex_column av-ue0bhf-7d9f8236c81fcf01de00c2058f551c48 av_one_full  avia-builder-el-1  el_after_av_submenu  el_before_av_heading  avia-builder-el-first  first flex_column_div av-zero-column-padding'     ><p>\n<style type=\"text\/css\" data-created_by=\"avia_inline_auto\" id=\"style-css-av-ktebvtj7-b14eb5b25a17b711b7ad5cce50417d9a\">\n#top .av-special-heading.av-ktebvtj7-b14eb5b25a17b711b7ad5cce50417d9a{\npadding-bottom:30px;\n}\nbody .av-special-heading.av-ktebvtj7-b14eb5b25a17b711b7ad5cce50417d9a .av-special-heading-tag .heading-char{\nfont-size:25px;\n}\n.av-special-heading.av-ktebvtj7-b14eb5b25a17b711b7ad5cce50417d9a .av-subheading{\nfont-size:30px;\n}\n<\/style>\n<div  class='av-special-heading av-ktebvtj7-b14eb5b25a17b711b7ad5cce50417d9a av-special-heading-h1 blockquote modern-quote  avia-builder-el-2  el_before_av_hr  avia-builder-el-first  av-linked-heading'><h1 class='av-special-heading-tag'  >Prix d'encouragement 2018 Budget<\/h1><div class='av-subheading av-subheading_below'><p>Meilleure entreprise formatrice 2018 M\u00e9nage<\/p>\n<\/div><div class=\"special-heading-border\"><div class=\"special-heading-inner-border\"><\/div><\/div><\/div><br \/>\n\n<style type=\"text\/css\" data-created_by=\"avia_inline_auto\" id=\"style-css-av-wmo4xo-6f2752474eafa9d1959403e3bc0ad7cd\">\n#top .hr.av-wmo4xo-6f2752474eafa9d1959403e3bc0ad7cd{\nmargin-top:5px;\nmargin-bottom:10px;\n}\n.hr.av-wmo4xo-6f2752474eafa9d1959403e3bc0ad7cd .hr-inner{\nwidth:150px;\nborder-color:#0088bc;\n}\n<\/style>\n<div  class='hr av-wmo4xo-6f2752474eafa9d1959403e3bc0ad7cd hr-custom  avia-builder-el-3  el_after_av_heading  avia-builder-el-last  trennlinie_punkt hr-left hr-icon-no'><span class='hr-inner inner-border-av-border-fat'><span class=\"hr-inner-style\"><\/span><\/span><\/div><\/p><\/div>\n\n<style type=\"text\/css\" data-created_by=\"avia_inline_auto\" id=\"style-css-av-av_heading-303683b869a549e38e0a693a5ed452fc\">\n#top .av-special-heading.av-av_heading-303683b869a549e38e0a693a5ed452fc{\npadding-bottom:0;\n}\nbody .av-special-heading.av-av_heading-303683b869a549e38e0a693a5ed452fc .av-special-heading-tag .heading-char{\nfont-size:25px;\n}\n.av-special-heading.av-av_heading-303683b869a549e38e0a693a5ed452fc .av-subheading{\nfont-size:15px;\n}\n<\/style>\n<div  class='av-special-heading av-av_heading-303683b869a549e38e0a693a5ed452fc av-special-heading-h3  avia-builder-el-4  el_after_av_one_full  el_before_av_two_fifth'><h3 class='av-special-heading-tag'  >Laudatio de l'entreprise Streule AG, Appenzell<\/h3><div class=\"special-heading-border\"><div class=\"special-heading-inner-border\"><\/div><\/div><\/div>\n<div class='flex_column_table av-12eiz8l-c0d8b0e9c7e286208d725744fc953109 sc-av_two_fifth av-equal-height-column-flextable'>\n<style type=\"text\/css\" data-created_by=\"avia_inline_auto\" id=\"style-css-av-12eiz8l-c0d8b0e9c7e286208d725744fc953109\">\n#top .flex_column_table.av-equal-height-column-flextable.av-12eiz8l-c0d8b0e9c7e286208d725744fc953109{\nmargin-top:20px;\nmargin-bottom:0px;\n}\n.flex_column.av-12eiz8l-c0d8b0e9c7e286208d725744fc953109{\nborder-radius:0px 0px 0px 0px;\npadding:0px 0px 0px 0px;\n}\n<\/style>\n<div  class='flex_column av-12eiz8l-c0d8b0e9c7e286208d725744fc953109 av_two_fifth  avia-builder-el-5  el_after_av_heading  el_before_av_three_fifth  first flex_column_table_cell av-equal-height-column av-align-top av-animated-generic pop-up av-zero-column-padding'     ><style type=\"text\/css\" data-created_by=\"avia_inline_auto\" id=\"style-css-av-kt5ox7ms-85c803179614159f64e30740df87bba9\">\n.avia-image-container.av-kt5ox7ms-85c803179614159f64e30740df87bba9 img.avia_image{\nbox-shadow:none;\n}\n.avia-image-container.av-kt5ox7ms-85c803179614159f64e30740df87bba9 .av-image-caption-overlay-center{\ncolor:#ffffff;\n}\n<\/style>\n<div  class='avia-image-container av-kt5ox7ms-85c803179614159f64e30740df87bba9 av-styling- av-img-linked avia-align-left  avia-builder-el-6  avia-builder-el-no-sibling'  ><div class=\"avia-image-container-inner\"><div class=\"avia-image-overlay-wrap\"><a href=\"https:\/\/polaris-stiftung.ch\/wp-content\/uploads\/streule.jpg\" data-srcset=\"https:\/\/polaris-stiftung.ch\/wp-content\/uploads\/streule.jpg 424w, https:\/\/polaris-stiftung.ch\/wp-content\/uploads\/streule-300x200.jpg 300w\" data-sizes=\"(max-width: 424px) 100vw, 424px\" class='avia_image'  ><img decoding=\"async\" fetchpriority=\"high\" class='wp-image-15151 avia-img-lazy-loading-not-15151 avia_image' src=\"https:\/\/polaris-stiftung.ch\/wp-content\/uploads\/streule.jpg\" alt='' title=''  height=\"282\" width=\"424\" srcset=\"https:\/\/polaris-stiftung.ch\/wp-content\/uploads\/streule.jpg 424w, https:\/\/polaris-stiftung.ch\/wp-content\/uploads\/streule-300x200.jpg 300w\" sizes=\"(max-width: 424px) 100vw, 424px\" \/><\/a><\/div><\/div><\/div><\/div>\n<div class='av-flex-placeholder'><\/div>\n<style type=\"text\/css\" data-created_by=\"avia_inline_auto\" id=\"style-css-av-jgrif9-62c79b81d53e50d19ee3995efef34d9b\">\n#top .flex_column_table.av-equal-height-column-flextable.av-jgrif9-62c79b81d53e50d19ee3995efef34d9b{\nmargin-top:20px;\nmargin-bottom:0px;\n}\n.flex_column.av-jgrif9-62c79b81d53e50d19ee3995efef34d9b{\nborder-radius:0px 0px 0px 0px;\npadding:0px 0px 0px 0px;\n}\n<\/style>\n<div  class='flex_column av-jgrif9-62c79b81d53e50d19ee3995efef34d9b av_three_fifth  avia-builder-el-7  el_after_av_two_fifth  el_before_av_one_full  flex_column_table_cell av-equal-height-column av-align-top av-zero-column-padding'     ><section  class='av_textblock_section av-kt5oy7f7-ffc5963e15face7074f6f58f65acc7ce'  ><div class='avia_textblock' ><p><span class='av_dropcap1 av-av_dropcap1-3cd9da5fea0ef5fb27aee617571c39a3'>W<\/span>l n'y a que quelques pas entre le magasin d'\u00e9lectrom\u00e9nager Streule et la place de la Landsgemeinde d'Appenzell. D\u00e9mocratie, participation et coresponsabilit\u00e9 - d'une mani\u00e8re ou d'une autre, elles sont aussi perceptibles dans le magasin. - En lui d\u00e9cernant le prix de la \"Meilleure entreprise formatrice de m\u00e9nage 2018\", la fondation de soutien polaris rend hommage \u00e0 l'entreprise et \u00e0 tous ceux qui s'y engagent pour les jeunes, le m\u00e9tier et la branche. C'est un tr\u00e8s beau magasin, un magasin bien entretenu !<\/p>\n<\/div><\/section><\/div><\/div><!--close column table wrapper. Autoclose: 1 -->\n\n<style type=\"text\/css\" data-created_by=\"avia_inline_auto\" id=\"style-css-av-jgrif9-1173cdd6637c7db1a383b144fe1c9f19\">\n#top .flex_column.av-jgrif9-1173cdd6637c7db1a383b144fe1c9f19{\nmargin-top:50px;\nmargin-bottom:0px;\n}\n.flex_column.av-jgrif9-1173cdd6637c7db1a383b144fe1c9f19{\nborder-radius:0px 0px 0px 0px;\npadding:0px 0px 0px 0px;\n}\n.responsive #top #wrap_all .flex_column.av-jgrif9-1173cdd6637c7db1a383b144fe1c9f19{\nmargin-top:50px;\nmargin-bottom:0px;\n}\n<\/style>\n<div  class='flex_column av-jgrif9-1173cdd6637c7db1a383b144fe1c9f19 av_one_full  avia-builder-el-9  el_after_av_three_fifth  el_before_av_one_full  first flex_column_div av-zero-column-padding'     ><p>\n<style type=\"text\/css\" data-created_by=\"avia_inline_auto\" id=\"style-css-av-2utvl5-e59520802189fbcf7433ebc2c8d31165\">\n#top .av-special-heading.av-2utvl5-e59520802189fbcf7433ebc2c8d31165{\npadding-bottom:0;\n}\nbody .av-special-heading.av-2utvl5-e59520802189fbcf7433ebc2c8d31165 .av-special-heading-tag .heading-char{\nfont-size:25px;\n}\n.av-special-heading.av-2utvl5-e59520802189fbcf7433ebc2c8d31165 .av-subheading{\nfont-size:15px;\n}\n<\/style>\n<div  class='av-special-heading av-2utvl5-e59520802189fbcf7433ebc2c8d31165 av-special-heading-h3  avia-builder-el-10  el_before_av_textblock  avia-builder-el-first'><h3 class='av-special-heading-tag'  >Un magasin tr\u00e8s agr\u00e9able et bien entretenu<\/h3><div class=\"special-heading-border\"><div class=\"special-heading-inner-border\"><\/div><\/div><\/div><br \/>\n<section  class='av_textblock_section av-kt5oy7f7-ffc5963e15face7074f6f58f65acc7ce'  ><div class='avia_textblock' ><p>Situ\u00e9 au c\u0153ur de la ville d'Appenzell, il attire aussi bien les habitants que les touristes. On s'arr\u00eate volontiers devant les grandes vitrines pour \"spienzlet\", on se laisse inviter \u00e0 fouiller ou \u00e0 chercher de mani\u00e8re cibl\u00e9e ce qui est particulier. Un magasin qui s\u00e9duit - par la diversit\u00e9 des articles s\u00e9lectionn\u00e9s, mais aussi par une pr\u00e9sentation soign\u00e9e et des conseils comp\u00e9tents. - Streule Appenzell ne signifie pas seulement \"de belles choses pour la maison\", mais aussi, depuis 1980, une solide formation dans le commerce de d\u00e9tail. \"Les lauriers appartiennent \u00e0 mon pr\u00e9d\u00e9cesseur et ma\u00eetre d'apprentissage !\", d\u00e9clare modestement Christian Kopp, le propri\u00e9taire actuel de l'entreprise. Nous aimons y regarder de plus pr\u00e8s ...<\/p>\n<\/div><\/section><\/p><\/div>\n\n<style type=\"text\/css\" data-created_by=\"avia_inline_auto\" id=\"style-css-av-mcydah-a0fb0dbfbeb5b5d5bc3e5a6e78976c03\">\n#top .flex_column.av-mcydah-a0fb0dbfbeb5b5d5bc3e5a6e78976c03{\nmargin-top:50px;\nmargin-bottom:0px;\n}\n.flex_column.av-mcydah-a0fb0dbfbeb5b5d5bc3e5a6e78976c03{\nborder-radius:0px 0px 0px 0px;\npadding:0px 0px 0px 0px;\n}\n.responsive #top #wrap_all .flex_column.av-mcydah-a0fb0dbfbeb5b5d5bc3e5a6e78976c03{\nmargin-top:50px;\nmargin-bottom:0px;\n}\n<\/style>\n<div  class='flex_column av-mcydah-a0fb0dbfbeb5b5d5bc3e5a6e78976c03 av_one_full  avia-builder-el-12  el_after_av_one_full  el_before_av_one_half  first flex_column_div av-animated-generic pop-up av-zero-column-padding  column-top-margin'     ><style type=\"text\/css\" data-created_by=\"avia_inline_auto\" id=\"style-css-av-ktdfxvac-8a1a817cedc7b1025bdb4ba473d5439a\">\n.iconbox.av-ktdfxvac-8a1a817cedc7b1025bdb4ba473d5439a .iconbox_icon{\nbackground-color:#0087bc;\nborder:1px solid #0087bc;\ncolor:#ffffff;\n}\n.iconbox.av-ktdfxvac-8a1a817cedc7b1025bdb4ba473d5439a .iconbox_icon.avia-svg-icon svg:first-child{\nfill:#ffffff;\nstroke:#ffffff;\n}\n<\/style>\n<article  class='iconbox iconbox_top av-ktdfxvac-8a1a817cedc7b1025bdb4ba473d5439a  avia-builder-el-13  avia-builder-el-no-sibling  main_color' ><div class=\"iconbox_content\"><header class=\"entry-content-header\" aria-label=\"Ic\u00f4ne : Citation\"><div class='iconbox_icon heading-color avia-iconfont avia-font-entypo-fontello' data-av_icon='\ue83b' data-av_iconfont='entypo-fontello'  ><\/div><h3 class='iconbox_content_title' >Citation<\/h3><\/header><div class='iconbox_content_container' ><p>\"J'ai \u00e9t\u00e9 tr\u00e8s surpris par la communication de la fondation polaris concernant le prix de la meilleure entreprise formatrice -<br \/>\net aussi r\u00e9joui !\"<\/p>\n<p><strong>Christian Kopp, propri\u00e9taire de l'entreprise<\/strong><\/p>\n<\/div><\/div><footer class=\"entry-footer\"><\/footer><\/article><\/div>\n<div class='flex_column_table av-ktdflz6r-1d0aa52cad83d6ed2579fdd4c4cc7128 sc-av_one_half av-equal-height-column-flextable'>\n<style type=\"text\/css\" data-created_by=\"avia_inline_auto\" id=\"style-css-av-ktdflz6r-1d0aa52cad83d6ed2579fdd4c4cc7128\">\n#top .flex_column_table.av-equal-height-column-flextable.av-ktdflz6r-1d0aa52cad83d6ed2579fdd4c4cc7128{\nmargin-top:70px;\nmargin-bottom:0px;\n}\n.flex_column.av-ktdflz6r-1d0aa52cad83d6ed2579fdd4c4cc7128{\nborder-radius:0px 0px 0px 0px;\npadding:0px 0px 0px 0px;\n}\n<\/style>\n<div  class='flex_column av-ktdflz6r-1d0aa52cad83d6ed2579fdd4c4cc7128 av_one_half  avia-builder-el-14  el_after_av_one_full  el_before_av_one_half  first flex_column_table_cell av-equal-height-column av-align-top av-zero-column-padding  column-top-margin'     ><p>\n<style type=\"text\/css\" data-created_by=\"avia_inline_auto\" id=\"style-css-av-15us56x-ce84778bfd70f88ed33f3bca5827511d\">\n#top .av-special-heading.av-15us56x-ce84778bfd70f88ed33f3bca5827511d{\npadding-bottom:0;\n}\nbody .av-special-heading.av-15us56x-ce84778bfd70f88ed33f3bca5827511d .av-special-heading-tag .heading-char{\nfont-size:25px;\n}\n.av-special-heading.av-15us56x-ce84778bfd70f88ed33f3bca5827511d .av-subheading{\nfont-size:15px;\n}\n<\/style>\n<div  class='av-special-heading av-15us56x-ce84778bfd70f88ed33f3bca5827511d av-special-heading-h3  avia-builder-el-15  el_before_av_textblock  avia-builder-el-first'><h3 class='av-special-heading-tag'  >Une carri\u00e8re dans un livre d'images<\/h3><div class=\"special-heading-border\"><div class=\"special-heading-inner-border\"><\/div><\/div><\/div><br \/>\n<section  class='av_textblock_section av-kt5oy7f7-ffc5963e15face7074f6f58f65acc7ce'  ><div class='avia_textblock' ><p>Les racines du magasin remontent \u00e0 1861, lorsque Johann Baptist Huber a ouvert un commerce de quincaillerie \u00e0 Appenzell, qui couvrait \u00e9galement les besoins agricoles. En 1908, l'entreprise a \u00e9t\u00e9 transmise \u00e0 Albert Streule-D\u00f6rig, qui l'a transmise \u00e0 son fils Albert Streule-Breitenmoser, lequel l'a \u00e0 son tour transmise \u00e0 son fils Albert Streule. Ce dernier a vendu l'entreprise en 2017 \u00e0 l'actuel propri\u00e9taire et directeur Christian Kopp. Ce dernier a \u00e9t\u00e9 apprenti de 1984 \u00e0 1987 et collaborateur de la maison Streule depuis lors, form\u00e9 par Albert III - En 2000, l'entreprise a d\u00e9cid\u00e9 de se concentrer sur le m\u00e9nage, la verrerie\/porcelaine et les cadeaux. La quincaillerie, l'outillage, les ferrures et le mat\u00e9riel agricole ont \u00e9t\u00e9 supprim\u00e9s. Aujourd'hui, 5 collaborateurs \u00e0 temps plein et 2 \u00e0 temps partiel ainsi que 2 apprentis travaillent dans l'\u00e9quipe.<\/p>\n<\/div><\/section><\/p><\/div>\n<div class='av-flex-placeholder'><\/div>\n<style type=\"text\/css\" data-created_by=\"avia_inline_auto\" id=\"style-css-av-ktdflz6r-19616dc3cebb54111dca3c183b3c40c3\">\n#top .flex_column_table.av-equal-height-column-flextable.av-ktdflz6r-19616dc3cebb54111dca3c183b3c40c3{\nmargin-top:70px;\nmargin-bottom:0px;\n}\n.flex_column.av-ktdflz6r-19616dc3cebb54111dca3c183b3c40c3{\nborder-radius:0px 0px 0px 0px;\npadding:0px 0px 0px 0px;\n}\n<\/style>\n<div  class='flex_column av-ktdflz6r-19616dc3cebb54111dca3c183b3c40c3 av_one_half  avia-builder-el-17  el_after_av_one_half  el_before_av_one_full  flex_column_table_cell av-equal-height-column av-align-top av-zero-column-padding  column-top-margin'     ><p>\n<style type=\"text\/css\" data-created_by=\"avia_inline_auto\" id=\"style-css-av-uf0r7t-b772e8cd38d775a8fbf5787021ec5516\">\n#top .av-special-heading.av-uf0r7t-b772e8cd38d775a8fbf5787021ec5516{\npadding-bottom:0;\n}\nbody .av-special-heading.av-uf0r7t-b772e8cd38d775a8fbf5787021ec5516 .av-special-heading-tag .heading-char{\nfont-size:25px;\n}\n.av-special-heading.av-uf0r7t-b772e8cd38d775a8fbf5787021ec5516 .av-subheading{\nfont-size:15px;\n}\n<\/style>\n<div  class='av-special-heading av-uf0r7t-b772e8cd38d775a8fbf5787021ec5516 av-special-heading-h3  avia-builder-el-18  el_before_av_textblock  avia-builder-el-first'><h3 class='av-special-heading-tag'  > 25 apprenants - 25 r\u00e9ussites<\/h3><div class=\"special-heading-border\"><div class=\"special-heading-inner-border\"><\/div><\/div><\/div><br \/>\n<section  class='av_textblock_section av-kt5oy7f7-ffc5963e15face7074f6f58f65acc7ce'  ><div class='avia_textblock' ><p>Comme nous l'avons mentionn\u00e9, Streule AG forme des jeunes gens au m\u00e9tier depuis 1980. Il y en a eu 25 jusqu'\u00e0 pr\u00e9sent, qui ont tous obtenu leur dipl\u00f4me avec succ\u00e8s. \"Dans un magasin sp\u00e9cialis\u00e9 comme le n\u00f4tre, le client attend de la qualit\u00e9 pour les produits et de la qualit\u00e9 pour les conseils. Des collaborateurs form\u00e9s techniquement et socialement comp\u00e9tents sont pour nous l'alpha et l'om\u00e9ga !\" Comme points forts, on souhaite le plaisir du contact, l'honn\u00eatet\u00e9, l'int\u00e9r\u00eat et aussi des notes scolaires raisonnables - \u00e0 peu pr\u00e8s dans cet ordre. En contrepartie, son entreprise offre un aper\u00e7u de tout le spectre du commerce. Pour Christian Kopp, il est hors de question de former des apprentis : \"Pour notre commerce, pour la branche - mais aussi pour nos jeunes et pour la soci\u00e9t\u00e9 !\" Beaucoup de ses collaborateurs actuels sont d'anciens \u00e9l\u00e8ves, l'un d'entre eux est \u00e9galement actif en tant qu'expert aux examens.<\/p>\n<\/div><\/section><\/p><\/div><\/div><!--close column table wrapper. Autoclose: 1 -->\n\n<style type=\"text\/css\" data-created_by=\"avia_inline_auto\" id=\"style-css-av-irn0p5-339c278b717c71001c3ceec5b28b9d2f\">\n.flex_column.av-irn0p5-339c278b717c71001c3ceec5b28b9d2f{\nborder-radius:0px 0px 0px 0px;\npadding:0px 0px 0px 0px;\n}\n<\/style>\n<div  class='flex_column av-irn0p5-339c278b717c71001c3ceec5b28b9d2f av_one_full  avia-builder-el-20  el_after_av_one_half  el_before_av_one_full  first flex_column_div av-animated-generic pop-up av-zero-column-padding  column-top-margin'     ><div  class='av_promobox av-3aommc-ac4640393a380346f46e3ee6dbed64bd avia-button-yes  avia-builder-el-21  avia-builder-el-no-sibling'><div class='avia-promocontent'><\/p>\n<h4>Prix d'encouragement 2018 Budget<\/h4>\n<p>Meilleure entreprise de formation 2018 M\u00e9nage :<br \/>\n<strong>Streule AG, Appenzell<br \/>\n<\/strong><\/p>\n<\/div><div  class='avia-button-wrap av-3aommc-f0c76fd05b72f1acde39eb4ba19df8ad-wrap avia-button-right'><a href='https:\/\/polaris-stiftung.ch\/wp-content\/uploads\/Ausbildungsbetrieb_haushalt_streule.pdf'  class='avia-button av-3aommc-f0c76fd05b72f1acde39eb4ba19df8ad av-link-btn avia-icon_select-yes-left-icon avia-size-medium avia-position-right avia-color-theme-color'  target=\"_blank\"  rel=\"noopener noreferrer\"  aria-label=\"plus d&#039;infos\"><span class='avia_button_icon avia_button_icon_left avia-iconfont avia-font-entypo-fontello' data-av_icon='\ue832' data-av_iconfont='entypo-fontello' ><\/span><span class='avia_iconbox_title' >plus d'infos<\/span><\/a><\/div><\/div><\/div>\n\n<style type=\"text\/css\" data-created_by=\"avia_inline_auto\" id=\"style-css-av-lb9mp5-fd12b280f4da56590945e3fa37594e1f\">\n.flex_column.av-lb9mp5-fd12b280f4da56590945e3fa37594e1f{\nborder-radius:0px 0px 0px 0px;\npadding:0px 0px 0px 0px;\n}\n<\/style>\n<div  class='flex_column av-lb9mp5-fd12b280f4da56590945e3fa37594e1f av_one_full  avia-builder-el-22  el_after_av_one_full  avia-builder-el-last  first flex_column_div av-zero-column-padding  column-top-margin'     ><p>\n<style type=\"text\/css\" data-created_by=\"avia_inline_auto\" id=\"style-css-av-kte3k1sy-fc17e3a26ede98ab2669e6e7991c9a23\">\n#top .av-special-heading.av-kte3k1sy-fc17e3a26ede98ab2669e6e7991c9a23{\npadding-bottom:20px;\n}\nbody .av-special-heading.av-kte3k1sy-fc17e3a26ede98ab2669e6e7991c9a23 .av-special-heading-tag .heading-char{\nfont-size:25px;\n}\n.av-special-heading.av-kte3k1sy-fc17e3a26ede98ab2669e6e7991c9a23 .av-subheading{\nfont-size:15px;\n}\n<\/style>\n<div  class='av-special-heading av-kte3k1sy-fc17e3a26ede98ab2669e6e7991c9a23 av-special-heading-h3  avia-builder-el-23  el_before_av_codeblock  avia-builder-el-first'><h3 class='av-special-heading-tag'  >Vid\u00e9o de l'entreprise Streule<\/h3><div class=\"special-heading-border\"><div class=\"special-heading-inner-border\"><\/div><\/div><\/div><br \/>\n<\/p><\/div>","protected":false},"excerpt":{"rendered":"","protected":false},"author":1,"featured_media":0,"parent":14774,"menu_order":3,"comment_status":"closed","ping_status":"closed","template":"","meta":{"_seopress_robots_primary_cat":"","_seopress_titles_title":"","_seopress_titles_desc":"","_seopress_robots_index":"","footnotes":""},"folder":[],"class_list":["post-14793","page","type-page","status-publish","hentry"],"_links":{"self":[{"href":"https:\/\/polaris-stiftung.ch\/fr\/wp-json\/wp\/v2\/pages\/14793","targetHints":{"allow":["GET"]}}],"collection":[{"href":"https:\/\/polaris-stiftung.ch\/fr\/wp-json\/wp\/v2\/pages"}],"about":[{"href":"https:\/\/polaris-stiftung.ch\/fr\/wp-json\/wp\/v2\/types\/page"}],"author":[{"embeddable":true,"href":"https:\/\/polaris-stiftung.ch\/fr\/wp-json\/wp\/v2\/users\/1"}],"replies":[{"embeddable":true,"href":"https:\/\/polaris-stiftung.ch\/fr\/wp-json\/wp\/v2\/comments?post=14793"}],"version-history":[{"count":5,"href":"https:\/\/polaris-stiftung.ch\/fr\/wp-json\/wp\/v2\/pages\/14793\/revisions"}],"predecessor-version":[{"id":15150,"href":"https:\/\/polaris-stiftung.ch\/fr\/wp-json\/wp\/v2\/pages\/14793\/revisions\/15150"}],"up":[{"embeddable":true,"href":"https:\/\/polaris-stiftung.ch\/fr\/wp-json\/wp\/v2\/pages\/14774"}],"wp:attachment":[{"href":"https:\/\/polaris-stiftung.ch\/fr\/wp-json\/wp\/v2\/media?parent=14793"}],"wp:term":[{"taxonomy":"folder","embeddable":true,"href":"https:\/\/polaris-stiftung.ch\/fr\/wp-json\/wp\/v2\/folder?post=14793"}],"curies":[{"name":"wp","href":"https:\/\/api.w.org\/{rel}","templated":true}]}}