{"id":14791,"date":"2021-09-02T21:33:32","date_gmt":"2021-09-02T19:33:32","guid":{"rendered":"https:\/\/polaris.aretis-staging.ch\/?page_id=14791"},"modified":"2022-02-01T11:27:22","modified_gmt":"2022-02-01T10:27:22","slug":"gagnant-quincaillerie","status":"publish","type":"page","link":"https:\/\/polaris-stiftung.ch\/fr\/remise-des-prix\/remise-des-prix-2019\/gagnant-quincaillerie\/","title":{"rendered":"Gagnant quincaillerie 2019"},"content":{"rendered":"<div class='clear'><\/div><div id='sub_menu1'  class='av-submenu-container av-kt3ce23u-e246c2ef6bc0652b21bcce9a33907b44 main_color  avia-builder-el-0  el_before_av_one_full  avia-builder-el-first  av-sticky-submenu container_wrap fullsize' style='z-index:301' ><div class='container av-menu-mobile-disabled av-submenu-pos-center'><ul id=\"menu-preisverleihung\" class=\"av-subnav-menu\" role=\"menu\"><li role=\"menuitem\" id=\"menu-item-18649\" class=\"menu-item menu-item-type-post_type menu-item-object-page menu-item-top-level menu-item-top-level-1\"><a href=\"https:\/\/polaris-stiftung.ch\/fr\/17-remise-des-prix-2026\/\" tabindex=\"0\"><span class=\"avia-bullet\"><\/span><span class=\"avia-menu-text\">2026<\/span><span class=\"avia-menu-fx\"><span class=\"avia-arrow-wrap\"><span class=\"avia-arrow\"><\/span><\/span><\/span><\/a><\/li>\n<li role=\"menuitem\" id=\"menu-item-18176\" class=\"menu-item menu-item-type-post_type menu-item-object-page menu-item-top-level menu-item-top-level-2\"><a href=\"https:\/\/polaris-stiftung.ch\/fr\/remise-des-prix\/16-remise-des-prix-2025\/\" tabindex=\"0\"><span class=\"avia-bullet\"><\/span><span class=\"avia-menu-text\">2025<\/span><span class=\"avia-menu-fx\"><span class=\"avia-arrow-wrap\"><span class=\"avia-arrow\"><\/span><\/span><\/span><\/a><\/li>\n<li role=\"menuitem\" id=\"menu-item-17590\" class=\"menu-item menu-item-type-post_type menu-item-object-page menu-item-top-level menu-item-top-level-3\"><a href=\"https:\/\/polaris-stiftung.ch\/fr\/remise-des-prix\/13-preisverleihung-3\/\" tabindex=\"0\"><span class=\"avia-bullet\"><\/span><span class=\"avia-menu-text\">2024<\/span><span class=\"avia-menu-fx\"><span class=\"avia-arrow-wrap\"><span class=\"avia-arrow\"><\/span><\/span><\/span><\/a><\/li>\n<li role=\"menuitem\" id=\"menu-item-15806\" class=\"menu-item menu-item-type-post_type menu-item-object-page menu-item-top-level menu-item-top-level-4\"><a href=\"https:\/\/polaris-stiftung.ch\/fr\/remise-des-prix\/archives-des-prix\/\" tabindex=\"0\"><span class=\"avia-bullet\"><\/span><span class=\"avia-menu-text\">Archives<\/span><span class=\"avia-menu-fx\"><span class=\"avia-arrow-wrap\"><span class=\"avia-arrow\"><\/span><\/span><\/span><\/a><\/li>\n<\/ul><\/div><\/div><div class='sticky_placeholder'><\/div><div id='after_submenu_1'  class='main_color av_default_container_wrap container_wrap fullsize'  ><div class='container av-section-cont-open' ><div class='template-page content  av-content-full alpha units'><div class='post-entry post-entry-type-page post-entry-14791'><div class='entry-content-wrapper clearfix'>\n\n<style type=\"text\/css\" data-created_by=\"avia_inline_auto\" id=\"style-css-av-ue0bhf-7d9f8236c81fcf01de00c2058f551c48\">\n.flex_column.av-ue0bhf-7d9f8236c81fcf01de00c2058f551c48{\nborder-radius:0px 0px 0px 0px;\npadding:0px 0px 0px 0px;\n}\n<\/style>\n<div  class='flex_column av-ue0bhf-7d9f8236c81fcf01de00c2058f551c48 av_one_full  avia-builder-el-1  el_after_av_submenu  el_before_av_heading  avia-builder-el-first  first flex_column_div av-zero-column-padding'     ><p>\n<style type=\"text\/css\" data-created_by=\"avia_inline_auto\" id=\"style-css-av-ktdgha7d-969e36dd7fc52e931a8a002b562fd492\">\n#top .av-special-heading.av-ktdgha7d-969e36dd7fc52e931a8a002b562fd492{\npadding-bottom:30px;\n}\nbody .av-special-heading.av-ktdgha7d-969e36dd7fc52e931a8a002b562fd492 .av-special-heading-tag .heading-char{\nfont-size:25px;\n}\n.av-special-heading.av-ktdgha7d-969e36dd7fc52e931a8a002b562fd492 .av-subheading{\nfont-size:30px;\n}\n<\/style>\n<div  class='av-special-heading av-ktdgha7d-969e36dd7fc52e931a8a002b562fd492 av-special-heading-h1 blockquote modern-quote  avia-builder-el-2  el_before_av_hr  avia-builder-el-first  av-linked-heading'><h1 class='av-special-heading-tag'  >Prix d'encouragement 2018 Quincaillerie<\/h1><div class='av-subheading av-subheading_below'><p>Meilleure entreprise formatrice 2018 Quincaillerie<\/p>\n<\/div><div class=\"special-heading-border\"><div class=\"special-heading-inner-border\"><\/div><\/div><\/div><br \/>\n\n<style type=\"text\/css\" data-created_by=\"avia_inline_auto\" id=\"style-css-av-wmo4xo-6f2752474eafa9d1959403e3bc0ad7cd\">\n#top .hr.av-wmo4xo-6f2752474eafa9d1959403e3bc0ad7cd{\nmargin-top:5px;\nmargin-bottom:10px;\n}\n.hr.av-wmo4xo-6f2752474eafa9d1959403e3bc0ad7cd .hr-inner{\nwidth:150px;\nborder-color:#0088bc;\n}\n<\/style>\n<div  class='hr av-wmo4xo-6f2752474eafa9d1959403e3bc0ad7cd hr-custom  avia-builder-el-3  el_after_av_heading  avia-builder-el-last  trennlinie_punkt hr-left hr-icon-no'><span class='hr-inner inner-border-av-border-fat'><span class=\"hr-inner-style\"><\/span><\/span><\/div><\/p><\/div>\n\n<style type=\"text\/css\" data-created_by=\"avia_inline_auto\" id=\"style-css-av-av_heading-5687d27e7fc997b81dcb74d31b57035e\">\n#top .av-special-heading.av-av_heading-5687d27e7fc997b81dcb74d31b57035e{\npadding-bottom:0;\n}\nbody .av-special-heading.av-av_heading-5687d27e7fc997b81dcb74d31b57035e .av-special-heading-tag .heading-char{\nfont-size:25px;\n}\n.av-special-heading.av-av_heading-5687d27e7fc997b81dcb74d31b57035e .av-subheading{\nfont-size:15px;\n}\n<\/style>\n<div  class='av-special-heading av-av_heading-5687d27e7fc997b81dcb74d31b57035e av-special-heading-h3  avia-builder-el-4  el_after_av_one_full  el_before_av_two_fifth'><h3 class='av-special-heading-tag'  >Laudatio de la soci\u00e9t\u00e9 Hasler + Co AG, Winterthur<\/h3><div class=\"special-heading-border\"><div class=\"special-heading-inner-border\"><\/div><\/div><\/div>\n<div class='flex_column_table av-12eiz8l-6384209089cf3f37c3fe0a8f2ef194ce sc-av_two_fifth av-equal-height-column-flextable'>\n<style type=\"text\/css\" data-created_by=\"avia_inline_auto\" id=\"style-css-av-12eiz8l-6384209089cf3f37c3fe0a8f2ef194ce\">\n#top .flex_column_table.av-equal-height-column-flextable.av-12eiz8l-6384209089cf3f37c3fe0a8f2ef194ce{\nmargin-top:20px;\nmargin-bottom:0px;\n}\n.flex_column.av-12eiz8l-6384209089cf3f37c3fe0a8f2ef194ce{\nborder-radius:0px 0px 0px 0px;\npadding:0px 0px 0px 0px;\n}\n<\/style>\n<div  class='flex_column av-12eiz8l-6384209089cf3f37c3fe0a8f2ef194ce av_two_fifth  avia-builder-el-5  el_after_av_heading  el_before_av_three_fifth  first flex_column_table_cell av-equal-height-column av-align-top av-zero-column-padding'     ><style type=\"text\/css\" data-created_by=\"avia_inline_auto\" id=\"style-css-av-kt5ox7ms-8f042c73637d12660cfd62d85a38cc01\">\n.avia-image-container.av-kt5ox7ms-8f042c73637d12660cfd62d85a38cc01 img.avia_image{\nbox-shadow:none;\n}\n.avia-image-container.av-kt5ox7ms-8f042c73637d12660cfd62d85a38cc01 .av-image-caption-overlay-center{\ncolor:#ffffff;\n}\n<\/style>\n<div  class='avia-image-container av-kt5ox7ms-8f042c73637d12660cfd62d85a38cc01 av-styling- av-img-linked avia_animated_image av-animated-when-visible-95 pop-up avia-align-left  avia-builder-el-6  avia-builder-el-no-sibling'  ><div class=\"avia-image-container-inner\"><div class=\"avia-image-overlay-wrap\"><a href=\"https:\/\/polaris-stiftung.ch\/wp-content\/uploads\/hasler.jpg\" data-srcset=\"https:\/\/polaris-stiftung.ch\/wp-content\/uploads\/hasler.jpg 424w, https:\/\/polaris-stiftung.ch\/wp-content\/uploads\/hasler-300x200.jpg 300w\" data-sizes=\"(max-width: 424px) 100vw, 424px\" class='avia_image'  ><img decoding=\"async\" fetchpriority=\"high\" class='wp-image-15177 avia-img-lazy-loading-not-15177 avia_image' src=\"https:\/\/polaris-stiftung.ch\/wp-content\/uploads\/hasler.jpg\" alt='' title=''  height=\"282\" width=\"424\" srcset=\"https:\/\/polaris-stiftung.ch\/wp-content\/uploads\/hasler.jpg 424w, https:\/\/polaris-stiftung.ch\/wp-content\/uploads\/hasler-300x200.jpg 300w\" sizes=\"(max-width: 424px) 100vw, 424px\" \/><\/a><\/div><\/div><\/div><\/div>\n<div class='av-flex-placeholder'><\/div>\n<style type=\"text\/css\" data-created_by=\"avia_inline_auto\" id=\"style-css-av-jgrif9-62c79b81d53e50d19ee3995efef34d9b\">\n#top .flex_column_table.av-equal-height-column-flextable.av-jgrif9-62c79b81d53e50d19ee3995efef34d9b{\nmargin-top:20px;\nmargin-bottom:0px;\n}\n.flex_column.av-jgrif9-62c79b81d53e50d19ee3995efef34d9b{\nborder-radius:0px 0px 0px 0px;\npadding:0px 0px 0px 0px;\n}\n<\/style>\n<div  class='flex_column av-jgrif9-62c79b81d53e50d19ee3995efef34d9b av_three_fifth  avia-builder-el-7  el_after_av_two_fifth  el_before_av_one_full  flex_column_table_cell av-equal-height-column av-align-top av-zero-column-padding'     ><section  class='av_textblock_section av-kt5oy7f7-ffc5963e15face7074f6f58f65acc7ce'  ><div class='avia_textblock' ><p><span class='av_dropcap1 av-av_dropcap1-3cd9da5fea0ef5fb27aee617571c39a3'>A<\/span>our former, il faut assumer\" ! - C'est \u00e0 peu pr\u00e8s ainsi que l'on peut r\u00e9sumer en trois mots le r\u00f4le et la mission de l'entreprise Hasler + Co AG \u00e0 Winterthour en mati\u00e8re de formation professionnelle. Depuis 160 ans, elle accompagne les jeunes dans leur carri\u00e8re de professionnels de la quincaillerie. - La fondation de soutien polaris rend hommage \u00e0 cet engagement en lui d\u00e9cernant le prix de \"Meilleure entreprise formatrice en quincaillerie 2018\".<\/p>\n<\/div><\/section><\/div><\/div><!--close column table wrapper. Autoclose: 1 -->\n\n<style type=\"text\/css\" data-created_by=\"avia_inline_auto\" id=\"style-css-av-jgrif9-1173cdd6637c7db1a383b144fe1c9f19\">\n#top .flex_column.av-jgrif9-1173cdd6637c7db1a383b144fe1c9f19{\nmargin-top:50px;\nmargin-bottom:0px;\n}\n.flex_column.av-jgrif9-1173cdd6637c7db1a383b144fe1c9f19{\nborder-radius:0px 0px 0px 0px;\npadding:0px 0px 0px 0px;\n}\n.responsive #top #wrap_all .flex_column.av-jgrif9-1173cdd6637c7db1a383b144fe1c9f19{\nmargin-top:50px;\nmargin-bottom:0px;\n}\n<\/style>\n<div  class='flex_column av-jgrif9-1173cdd6637c7db1a383b144fe1c9f19 av_one_full  avia-builder-el-9  el_after_av_three_fifth  el_before_av_one_full  first flex_column_div av-zero-column-padding'     ><p>\n<style type=\"text\/css\" data-created_by=\"avia_inline_auto\" id=\"style-css-av-ktdgs6ei-54ded659508b7d1834ac90ca1f43b9e4\">\n#top .av-special-heading.av-ktdgs6ei-54ded659508b7d1834ac90ca1f43b9e4{\npadding-bottom:0;\n}\nbody .av-special-heading.av-ktdgs6ei-54ded659508b7d1834ac90ca1f43b9e4 .av-special-heading-tag .heading-char{\nfont-size:25px;\n}\n.av-special-heading.av-ktdgs6ei-54ded659508b7d1834ac90ca1f43b9e4 .av-subheading{\nfont-size:15px;\n}\n<\/style>\n<div  class='av-special-heading av-ktdgs6ei-54ded659508b7d1834ac90ca1f43b9e4 av-special-heading-h3  avia-builder-el-10  el_before_av_textblock  avia-builder-el-first'><h3 class='av-special-heading-tag'  >Une entreprise leader<\/h3><div class=\"special-heading-border\"><div class=\"special-heading-inner-border\"><\/div><\/div><\/div><br \/>\n<section  class='av_textblock_section av-kt5oy7f7-ffc5963e15face7074f6f58f65acc7ce'  ><div class='avia_textblock' ><p>Nous sommes en 1853. L'arri\u00e8re-arri\u00e8re-grand-p\u00e8re de la g\u00e9n\u00e9ration actuelle de la direction, Heinrich Arbenz Haggenmacher, pose la premi\u00e8re pierre d'un vaste d\u00e9veloppement avec des activit\u00e9s commerciales et \u00e0 l'\u00e9tranger courageuses pour l'\u00e9poque : la petite forge de cuivre de Winterthour, reprise par sa belle-m\u00e8re, devient au fil des g\u00e9n\u00e9rations l'une des entreprises leaders du commerce suisse de la quincaillerie.<\/p>\n<\/div><\/section><\/p><\/div>\n\n<style type=\"text\/css\" data-created_by=\"avia_inline_auto\" id=\"style-css-av-mcydah-a0fb0dbfbeb5b5d5bc3e5a6e78976c03\">\n#top .flex_column.av-mcydah-a0fb0dbfbeb5b5d5bc3e5a6e78976c03{\nmargin-top:50px;\nmargin-bottom:0px;\n}\n.flex_column.av-mcydah-a0fb0dbfbeb5b5d5bc3e5a6e78976c03{\nborder-radius:0px 0px 0px 0px;\npadding:0px 0px 0px 0px;\n}\n.responsive #top #wrap_all .flex_column.av-mcydah-a0fb0dbfbeb5b5d5bc3e5a6e78976c03{\nmargin-top:50px;\nmargin-bottom:0px;\n}\n<\/style>\n<div  class='flex_column av-mcydah-a0fb0dbfbeb5b5d5bc3e5a6e78976c03 av_one_full  avia-builder-el-12  el_after_av_one_full  el_before_av_one_full  first flex_column_div av-animated-generic pop-up av-zero-column-padding  column-top-margin'     ><style type=\"text\/css\" data-created_by=\"avia_inline_auto\" id=\"style-css-av-ktdfxvac-8a1a817cedc7b1025bdb4ba473d5439a\">\n.iconbox.av-ktdfxvac-8a1a817cedc7b1025bdb4ba473d5439a .iconbox_icon{\nbackground-color:#0087bc;\nborder:1px solid #0087bc;\ncolor:#ffffff;\n}\n.iconbox.av-ktdfxvac-8a1a817cedc7b1025bdb4ba473d5439a .iconbox_icon.avia-svg-icon svg:first-child{\nfill:#ffffff;\nstroke:#ffffff;\n}\n<\/style>\n<article  class='iconbox iconbox_top av-ktdfxvac-8a1a817cedc7b1025bdb4ba473d5439a  avia-builder-el-13  avia-builder-el-no-sibling  main_color' ><div class=\"iconbox_content\"><header class=\"entry-content-header\" aria-label=\"Ic\u00f4ne : Citation\"><div class='iconbox_icon heading-color avia-iconfont avia-font-entypo-fontello' data-av_icon='\ue83b' data-av_iconfont='entypo-fontello'  ><\/div><h3 class='iconbox_content_title' >Citation<\/h3><\/header><div class='iconbox_content_container' ><p>\"Nous voulons offrir \u00e0 nos jeunes de solides perspectives d'avenir et \u00e9veiller en eux un r\u00e9el plaisir \u00e0 exercer notre m\u00e9tier. Si nous y parvenons, ils resteront avec nous et l'engagement de tous sera r\u00e9compens\u00e9\".<\/p>\n<p class=\"normtext_block\"><strong>Cornelia Hasler<\/strong><\/p>\n<\/div><\/div><footer class=\"entry-footer\"><\/footer><\/article><\/div>\n\n<style type=\"text\/css\" data-created_by=\"avia_inline_auto\" id=\"style-css-av-jgrif9-d8543d66dbb00b983e0f65300b181927\">\n#top .flex_column.av-jgrif9-d8543d66dbb00b983e0f65300b181927{\nmargin-top:70px;\nmargin-bottom:0px;\n}\n.flex_column.av-jgrif9-d8543d66dbb00b983e0f65300b181927{\nborder-radius:0px 0px 0px 0px;\npadding:0px 0px 0px 0px;\n}\n.responsive #top #wrap_all .flex_column.av-jgrif9-d8543d66dbb00b983e0f65300b181927{\nmargin-top:70px;\nmargin-bottom:0px;\n}\n<\/style>\n<div  class='flex_column av-jgrif9-d8543d66dbb00b983e0f65300b181927 av_one_full  avia-builder-el-14  el_after_av_one_full  el_before_av_one_full  first flex_column_div av-zero-column-padding  column-top-margin'     ><p>\n<style type=\"text\/css\" data-created_by=\"avia_inline_auto\" id=\"style-css-av-kw9i93-675af826f008999d6f16cfb944e04020\">\n#top .av-special-heading.av-kw9i93-675af826f008999d6f16cfb944e04020{\npadding-bottom:0;\n}\nbody .av-special-heading.av-kw9i93-675af826f008999d6f16cfb944e04020 .av-special-heading-tag .heading-char{\nfont-size:25px;\n}\n.av-special-heading.av-kw9i93-675af826f008999d6f16cfb944e04020 .av-subheading{\nfont-size:15px;\n}\n<\/style>\n<div  class='av-special-heading av-kw9i93-675af826f008999d6f16cfb944e04020 av-special-heading-h3  avia-builder-el-15  el_before_av_textblock  avia-builder-el-first'><h3 class='av-special-heading-tag'  >Marqu\u00e9 personnellement par des g\u00e9n\u00e9rations<\/h3><div class=\"special-heading-border\"><div class=\"special-heading-inner-border\"><\/div><\/div><\/div><br \/>\n<section  class='av_textblock_section av-kt5oy7f7-ffc5963e15face7074f6f58f65acc7ce'  ><div class='avia_textblock' ><p>\"Ce qui est rest\u00e9, c'est l'esprit de famille, la responsabilit\u00e9 sociale et notre volont\u00e9 de r\u00e9pondre de mani\u00e8re optimale aux besoins des clients avec une culture d'entreprise toujours moderne\". C'est Cornelia Hasler, la s\u0153ur de l'actuel directeur Christof Hasler, qui le dit. Elle fait r\u00e9f\u00e9rence \u00e0 l'anciennet\u00e9 moyenne des collaborateurs, qui est d'environ 15 ans. Elle mentionne le \"Beizli\" interne \u00e0 l'entreprise, au milieu du magasin, qui est l\u00e0 aussi bien pour les collaborateurs que pour les clients. Elle explique \u00e9galement comment sont n\u00e9s les assortiments combin\u00e9s de quincaillerie et de produits m\u00e9nagers (parfois aussi d'armes) : D'une origine commune, souvent d'une forge qui fabriquait des clous, des casseroles et des couteaux. C'est ainsi qu'il faut comprendre l'histoire de Hasler + Co AG \u00e0 Winterthour : De la forge de cuivre \u00e0 l'entreprise de commerce et de services ultramoderne - marqu\u00e9e et fa\u00e7onn\u00e9e personnellement par des g\u00e9n\u00e9rations.<\/p>\n<\/div><\/section><\/p><\/div>\n\n<style type=\"text\/css\" data-created_by=\"avia_inline_auto\" id=\"style-css-av-mcydah-a0fb0dbfbeb5b5d5bc3e5a6e78976c03\">\n#top .flex_column.av-mcydah-a0fb0dbfbeb5b5d5bc3e5a6e78976c03{\nmargin-top:50px;\nmargin-bottom:0px;\n}\n.flex_column.av-mcydah-a0fb0dbfbeb5b5d5bc3e5a6e78976c03{\nborder-radius:0px 0px 0px 0px;\npadding:0px 0px 0px 0px;\n}\n.responsive #top #wrap_all .flex_column.av-mcydah-a0fb0dbfbeb5b5d5bc3e5a6e78976c03{\nmargin-top:50px;\nmargin-bottom:0px;\n}\n<\/style>\n<div  class='flex_column av-mcydah-a0fb0dbfbeb5b5d5bc3e5a6e78976c03 av_one_full  avia-builder-el-17  el_after_av_one_full  el_before_av_one_half  first flex_column_div av-animated-generic pop-up av-zero-column-padding  column-top-margin'     ><style type=\"text\/css\" data-created_by=\"avia_inline_auto\" id=\"style-css-av-ktdfxvac-8a1a817cedc7b1025bdb4ba473d5439a\">\n.iconbox.av-ktdfxvac-8a1a817cedc7b1025bdb4ba473d5439a .iconbox_icon{\nbackground-color:#0087bc;\nborder:1px solid #0087bc;\ncolor:#ffffff;\n}\n.iconbox.av-ktdfxvac-8a1a817cedc7b1025bdb4ba473d5439a .iconbox_icon.avia-svg-icon svg:first-child{\nfill:#ffffff;\nstroke:#ffffff;\n}\n<\/style>\n<article  class='iconbox iconbox_top av-ktdfxvac-8a1a817cedc7b1025bdb4ba473d5439a  avia-builder-el-18  avia-builder-el-no-sibling  main_color' ><div class=\"iconbox_content\"><header class=\"entry-content-header\" aria-label=\"Ic\u00f4ne : Citation\"><div class='iconbox_icon heading-color avia-iconfont avia-font-entypo-fontello' data-av_icon='\ue83b' data-av_iconfont='entypo-fontello'  ><\/div><h3 class='iconbox_content_title' >Citation<\/h3><\/header><div class='iconbox_content_container' ><p>\"Lorsque des clients nous font des compliments sur nos apprentis, cela nous remplit de fiert\u00e9. C'est la meilleure confirmation de notre engagement\".<\/p>\n<p class=\"normtext_block\"><strong> Hermann Kaufmann<\/strong><\/p>\n<\/div><\/div><footer class=\"entry-footer\"><\/footer><\/article><\/div>\n<div class='flex_column_table av-ktdflz6r-1d0aa52cad83d6ed2579fdd4c4cc7128 sc-av_one_half av-equal-height-column-flextable'>\n<style type=\"text\/css\" data-created_by=\"avia_inline_auto\" id=\"style-css-av-ktdflz6r-1d0aa52cad83d6ed2579fdd4c4cc7128\">\n#top .flex_column_table.av-equal-height-column-flextable.av-ktdflz6r-1d0aa52cad83d6ed2579fdd4c4cc7128{\nmargin-top:70px;\nmargin-bottom:0px;\n}\n.flex_column.av-ktdflz6r-1d0aa52cad83d6ed2579fdd4c4cc7128{\nborder-radius:0px 0px 0px 0px;\npadding:0px 0px 0px 0px;\n}\n<\/style>\n<div  class='flex_column av-ktdflz6r-1d0aa52cad83d6ed2579fdd4c4cc7128 av_one_half  avia-builder-el-19  el_after_av_one_full  el_before_av_one_half  first flex_column_table_cell av-equal-height-column av-align-top av-zero-column-padding  column-top-margin'     ><p>\n<style type=\"text\/css\" data-created_by=\"avia_inline_auto\" id=\"style-css-av-oz3013-d29d70cdccdc6652c277014db432e3f3\">\n#top .av-special-heading.av-oz3013-d29d70cdccdc6652c277014db432e3f3{\npadding-bottom:0;\n}\nbody .av-special-heading.av-oz3013-d29d70cdccdc6652c277014db432e3f3 .av-special-heading-tag .heading-char{\nfont-size:25px;\n}\n.av-special-heading.av-oz3013-d29d70cdccdc6652c277014db432e3f3 .av-subheading{\nfont-size:15px;\n}\n<\/style>\n<div  class='av-special-heading av-oz3013-d29d70cdccdc6652c277014db432e3f3 av-special-heading-h3  avia-builder-el-20  el_before_av_textblock  avia-builder-el-first'><h3 class='av-special-heading-tag'  >Croissance organique<\/h3><div class=\"special-heading-border\"><div class=\"special-heading-inner-border\"><\/div><\/div><\/div><br \/>\n<section  class='av_textblock_section av-kt5oy7f7-ffc5963e15face7074f6f58f65acc7ce'  ><div class='avia_textblock' ><p>Le pionnier familial Arbenz a rapidement c\u00e9d\u00e9 la forge \u00e0 un collaborateur. A partir de l\u00e0, on ne faisait plus que du commerce - avec quatre collaborateurs au d\u00e9part. Aujourd'hui, Hasler emploie 250 personnes sur 5 sites et forme actuellement 16 apprentis, dont 12 \u00e0 Winterthur. En raison de la croissance et des multiples changements dans l'environnement du march\u00e9 (en tant que grossiste : EDE-Einkaufsgenossenschaft\/Hasler-Handels AG), l'entreprise a chang\u00e9 de site \u00e0 Winterthur et dans les environs, jusqu'\u00e0 ce qu'elle puisse finalement s'installer confortablement dans la zone ext\u00e9rieure de Winterthur Gr\u00fcze. C'est l\u00e0 - non sans raison, dans la \"Rudolf Diesel-Strasse\" - que se trouve le si\u00e8ge principal avec un grand centre professionnel pour l'artisanat, le commerce et l'industrie. Ce magasin dispose d'un stock permanent de 40 000 articles sur une surface de 2 500 m2. Un nombre encore plus important est disponible sur commande. Et m\u00eame les plus petites vis sont disponibles \u00e0 la vente au d\u00e9tail. L'entrep\u00f4t central du groupe approvisionne les cinq sites, la direction et l'administration centrale y sont \u00e9galement domicili\u00e9es. Les clients sont, pour 80%, des artisans et des entreprises.<\/p>\n<\/div><\/section><\/p><\/div>\n<div class='av-flex-placeholder'><\/div>\n<style type=\"text\/css\" data-created_by=\"avia_inline_auto\" id=\"style-css-av-ktdflz6r-19616dc3cebb54111dca3c183b3c40c3\">\n#top .flex_column_table.av-equal-height-column-flextable.av-ktdflz6r-19616dc3cebb54111dca3c183b3c40c3{\nmargin-top:70px;\nmargin-bottom:0px;\n}\n.flex_column.av-ktdflz6r-19616dc3cebb54111dca3c183b3c40c3{\nborder-radius:0px 0px 0px 0px;\npadding:0px 0px 0px 0px;\n}\n<\/style>\n<div  class='flex_column av-ktdflz6r-19616dc3cebb54111dca3c183b3c40c3 av_one_half  avia-builder-el-22  el_after_av_one_half  el_before_av_one_full  flex_column_table_cell av-equal-height-column av-align-top av-zero-column-padding  column-top-margin'     ><p>\n<style type=\"text\/css\" data-created_by=\"avia_inline_auto\" id=\"style-css-av-ktdgwf43-c887c42cbac49c046b95bc683ab4929b\">\n#top .av-special-heading.av-ktdgwf43-c887c42cbac49c046b95bc683ab4929b{\npadding-bottom:0;\n}\nbody .av-special-heading.av-ktdgwf43-c887c42cbac49c046b95bc683ab4929b .av-special-heading-tag .heading-char{\nfont-size:25px;\n}\n.av-special-heading.av-ktdgwf43-c887c42cbac49c046b95bc683ab4929b .av-subheading{\nfont-size:15px;\n}\n<\/style>\n<div  class='av-special-heading av-ktdgwf43-c887c42cbac49c046b95bc683ab4929b av-special-heading-h3  avia-builder-el-23  el_before_av_textblock  avia-builder-el-first'><h3 class='av-special-heading-tag'  >Responsabilit\u00e9 <\/h3><div class=\"special-heading-border\"><div class=\"special-heading-inner-border\"><\/div><\/div><\/div><br \/>\n<section  class='av_textblock_section av-kt5oy7f7-ffc5963e15face7074f6f58f65acc7ce'  ><div class='avia_textblock' ><p>\"Le prix polaris est pour nous une confirmation et une r\u00e9compense de notre engagement dans la formation !\" Interrog\u00e9e sur ses motivations, Cornelia Hasler voit en premier lieu l'obligation envers la soci\u00e9t\u00e9. \"Vu la taille de notre entreprise, il est tout simplement indispensable que nous offrions des perspectives d'avenir aux jeunes et que nous fournissions en m\u00eame temps \u00e0 l'\u00e9conomie une main-d'\u0153uvre bien form\u00e9e. Car nous vivons tous de l'\u00e9conomie !\" Rien qu'au cours des 25 derni\u00e8res ann\u00e9es, 250 jeunes ont pu entrer dans la vie professionnelle chez Hasler. En raison du manque de personnel qualifi\u00e9, il s'agit aussi de couvrir ses propres besoins. \"Nous avons aujourd'hui 38 anciens apprentis chez nous. Cela repr\u00e9sente 15% de nos collaborateurs. Certains sont chefs d'\u00e9quipe ou de service, voire membres de la direction ! \"A Winterthur, former signifie aussi former la personnalit\u00e9. Dans les succursales de Del\u00e9mont et de Monthey, des s\u00e9jours linguistiques sont m\u00eame possibles. On essaie en outre de sensibiliser les prot\u00e9g\u00e9s \u00e0 l'utilisation des m\u00e9dias modernes et de leur transmettre des valeurs qui ne sont pas disponibles sur le net.<\/p>\n<\/div><\/section><\/p><\/div><\/div><!--close column table wrapper. Autoclose: 1 -->\n\n<style type=\"text\/css\" data-created_by=\"avia_inline_auto\" id=\"style-css-av-irn0p5-339c278b717c71001c3ceec5b28b9d2f\">\n.flex_column.av-irn0p5-339c278b717c71001c3ceec5b28b9d2f{\nborder-radius:0px 0px 0px 0px;\npadding:0px 0px 0px 0px;\n}\n<\/style>\n<div  class='flex_column av-irn0p5-339c278b717c71001c3ceec5b28b9d2f av_one_full  avia-builder-el-25  el_after_av_one_half  el_before_av_one_full  first flex_column_div av-animated-generic pop-up av-zero-column-padding  column-top-margin'     ><div  class='av_promobox av-3aommc-c8da0d5bf443265e46101525b4dfcf0d avia-button-yes  avia-builder-el-26  avia-builder-el-no-sibling'><div class='avia-promocontent'><\/p>\n<h4>Prix d'encouragement 2018 Quincaillerie<\/h4>\n<p>Meilleure entreprise formatrice 2018 Quincaillerie :<br \/>\n<strong>Hasler + Co. AG, Winterthur<br \/>\n<\/strong><\/p>\n<\/div><div  class='avia-button-wrap av-3aommc-4e9815a8349658f22bcb45b1a95e2746-wrap avia-button-right'><a href='https:\/\/polaris-stiftung.ch\/wp-content\/uploads\/Ausbildungsbetrieb_eisenwaren_hasler.pdf'  class='avia-button av-3aommc-4e9815a8349658f22bcb45b1a95e2746 av-link-btn avia-icon_select-yes-left-icon avia-size-medium avia-position-right avia-color-theme-color'  target=\"_blank\"  rel=\"noopener noreferrer\"  aria-label=\"plus d&#039;infos\"><span class='avia_button_icon avia_button_icon_left avia-iconfont avia-font-entypo-fontello' data-av_icon='\ue832' data-av_iconfont='entypo-fontello' ><\/span><span class='avia_iconbox_title' >plus d'infos<\/span><\/a><\/div><\/div><\/div>\n\n<style type=\"text\/css\" data-created_by=\"avia_inline_auto\" id=\"style-css-av-lb9mp5-fd12b280f4da56590945e3fa37594e1f\">\n.flex_column.av-lb9mp5-fd12b280f4da56590945e3fa37594e1f{\nborder-radius:0px 0px 0px 0px;\npadding:0px 0px 0px 0px;\n}\n<\/style>\n<div  class='flex_column av-lb9mp5-fd12b280f4da56590945e3fa37594e1f av_one_full  avia-builder-el-27  el_after_av_one_full  avia-builder-el-last  first flex_column_div av-zero-column-padding  column-top-margin'     ><p>\n<style type=\"text\/css\" data-created_by=\"avia_inline_auto\" id=\"style-css-av-imr9jb-dd74f02c639fb08258b994daad92a97e\">\n#top .av-special-heading.av-imr9jb-dd74f02c639fb08258b994daad92a97e{\npadding-bottom:20px;\n}\nbody .av-special-heading.av-imr9jb-dd74f02c639fb08258b994daad92a97e .av-special-heading-tag .heading-char{\nfont-size:25px;\n}\n.av-special-heading.av-imr9jb-dd74f02c639fb08258b994daad92a97e .av-subheading{\nfont-size:15px;\n}\n<\/style>\n<div  class='av-special-heading av-imr9jb-dd74f02c639fb08258b994daad92a97e av-special-heading-h3  avia-builder-el-28  el_before_av_codeblock  avia-builder-el-first'><h3 class='av-special-heading-tag'  >Vid\u00e9o de l'entreprise Hasler + Co. AG<\/h3><div class=\"special-heading-border\"><div class=\"special-heading-inner-border\"><\/div><\/div><\/div><br \/>\n<\/p><\/div>","protected":false},"excerpt":{"rendered":"","protected":false},"author":1,"featured_media":0,"parent":14774,"menu_order":4,"comment_status":"closed","ping_status":"closed","template":"","meta":{"_seopress_robots_primary_cat":"","_seopress_titles_title":"","_seopress_titles_desc":"","_seopress_robots_index":"","footnotes":""},"folder":[],"class_list":["post-14791","page","type-page","status-publish","hentry"],"_links":{"self":[{"href":"https:\/\/polaris-stiftung.ch\/fr\/wp-json\/wp\/v2\/pages\/14791","targetHints":{"allow":["GET"]}}],"collection":[{"href":"https:\/\/polaris-stiftung.ch\/fr\/wp-json\/wp\/v2\/pages"}],"about":[{"href":"https:\/\/polaris-stiftung.ch\/fr\/wp-json\/wp\/v2\/types\/page"}],"author":[{"embeddable":true,"href":"https:\/\/polaris-stiftung.ch\/fr\/wp-json\/wp\/v2\/users\/1"}],"replies":[{"embeddable":true,"href":"https:\/\/polaris-stiftung.ch\/fr\/wp-json\/wp\/v2\/comments?post=14791"}],"version-history":[{"count":5,"href":"https:\/\/polaris-stiftung.ch\/fr\/wp-json\/wp\/v2\/pages\/14791\/revisions"}],"predecessor-version":[{"id":15178,"href":"https:\/\/polaris-stiftung.ch\/fr\/wp-json\/wp\/v2\/pages\/14791\/revisions\/15178"}],"up":[{"embeddable":true,"href":"https:\/\/polaris-stiftung.ch\/fr\/wp-json\/wp\/v2\/pages\/14774"}],"wp:attachment":[{"href":"https:\/\/polaris-stiftung.ch\/fr\/wp-json\/wp\/v2\/media?parent=14791"}],"wp:term":[{"taxonomy":"folder","embeddable":true,"href":"https:\/\/polaris-stiftung.ch\/fr\/wp-json\/wp\/v2\/folder?post=14791"}],"curies":[{"name":"wp","href":"https:\/\/api.w.org\/{rel}","templated":true}]}}